{"id":283,"date":"2020-12-09T21:16:58","date_gmt":"2020-12-09T21:16:58","guid":{"rendered":"https:\/\/drets-sexuals-i-reproductius.lassociacio.org\/informe2020\/?page_id=283"},"modified":"2020-12-09T21:35:47","modified_gmt":"2020-12-09T21:35:47","slug":"fonamentalismes","status":"publish","type":"page","link":"https:\/\/drets-sexuals-i-reproductius.lassociacio.org\/informe2020\/fonamentalismes\/","title":{"rendered":"#8 Amenaces fonamentalistes als Drets Sexuals i Reproductius"},"content":{"rendered":"\t\t<div data-elementor-type=\"wp-page\" data-elementor-id=\"283\" class=\"elementor elementor-283\" data-elementor-settings=\"[]\">\n\t\t\t\t\t\t<div class=\"elementor-inner\">\n\t\t\t\t\t\t\t<div class=\"elementor-section-wrap\">\n\t\t\t\t\t\t\t<section class=\"elementor-section elementor-top-section elementor-element elementor-element-19e92064 elementor-section-full_width elementor-section-height-min-height elementor-section-items-stretch elementor-section-height-default\" data-id=\"19e92064\" data-element_type=\"section\">\n\t\t\t\t\t\t<div class=\"elementor-container elementor-column-gap-default\">\n\t\t\t\t\t\t\t<div class=\"elementor-row\">\n\t\t\t\t\t<div class=\"elementor-column elementor-col-50 elementor-top-column elementor-element elementor-element-2ee458d4\" data-id=\"2ee458d4\" data-element_type=\"column\">\n\t\t\t<div class=\"elementor-column-wrap elementor-element-populated\">\n\t\t\t\t\t\t\t<div class=\"elementor-widget-wrap\">\n\t\t\t\t\t\t<div class=\"elementor-element elementor-element-9bad041 elementor-widget elementor-widget-spacer\" data-id=\"9bad041\" data-element_type=\"widget\" data-widget_type=\"spacer.default\">\n\t\t\t\t<div class=\"elementor-widget-container\">\n\t\t\t\t\t<div class=\"elementor-spacer\">\n\t\t\t<div class=\"elementor-spacer-inner\"><\/div>\n\t\t<\/div>\n\t\t\t\t<\/div>\n\t\t\t\t<\/div>\n\t\t\t\t<div class=\"elementor-element elementor-element-8dafabd elementor-headline--style-highlight elementor-widget elementor-widget-animated-headline\" data-id=\"8dafabd\" data-element_type=\"widget\" data-settings=\"{&quot;highlighted_text&quot;:&quot;fonamentalistes&quot;,&quot;marker&quot;:&quot;underline&quot;,&quot;headline_style&quot;:&quot;highlight&quot;}\" data-widget_type=\"animated-headline.default\">\n\t\t\t\t<div class=\"elementor-widget-container\">\n\t\t\t\t\t<h3 class=\"elementor-headline\">\n\t\t\t\t\t\t\t<span class=\"elementor-headline-plain-text elementor-headline-text-wrapper\">#8 Amenaces<\/span>\n\t\t\t\t\t\t<span class=\"elementor-headline-dynamic-wrapper elementor-headline-text-wrapper\"><\/span>\n\t\t\t\t\t\t\t<span class=\"elementor-headline-plain-text elementor-headline-text-wrapper\">als Drets Sexuals i Reproductius<\/span>\n\t\t\t\t\t<\/h3>\n\t\t\t\t<\/div>\n\t\t\t\t<\/div>\n\t\t\t\t<div class=\"elementor-element elementor-element-7b0cf773 elementor-widget elementor-widget-text-editor\" data-id=\"7b0cf773\" data-element_type=\"widget\" data-widget_type=\"text-editor.default\">\n\t\t\t\t<div class=\"elementor-widget-container\">\n\t\t\t\t\t<div class=\"elementor-text-editor elementor-clearfix\"><p class=\"p1\">Un cop aixecat l\u2019estat d\u2019alarma, diferents centres m\u00e8dics acreditats per a la Interrupci\u00f3 Volunt\u00e0ria de l\u2019Embar\u00e0s (IVE) denuncien la pres\u00e8ncia de grups anti-drets que increpen a les dones davant les cl\u00edniques per evitar que avortin. Aquesta activitat, que les cl\u00edniques denominen \u201cde fustigament\u201d s\u2019incrementa amb campanyes com \u201c40 dies per la vida\u201d, una iniciativa nascuda als Estats Units que proposa concentracions de 9.00 h a 21.00 h per resar \u201cper la fi de l\u2019avortament\u201d.<\/p><p class=\"p1\">L\u2019assetjament a les cl\u00edniques \u00e9s una vulneraci\u00f3 clara dels Drets Humans de les dones, i compta amb la m\u00e0niga ampla de les institucions. El respecte absolut al marc de Drets Humans \u00e9s una obligaci\u00f3 per a les institucions, ja que s\u00f3n precisament aquestes les garants del compliment.<\/p><\/div>\n\t\t\t\t<\/div>\n\t\t\t\t<\/div>\n\t\t\t\t<div class=\"elementor-element elementor-element-7a3fe83 elementor-widget elementor-widget-spacer\" data-id=\"7a3fe83\" data-element_type=\"widget\" data-widget_type=\"spacer.default\">\n\t\t\t\t<div class=\"elementor-widget-container\">\n\t\t\t\t\t<div class=\"elementor-spacer\">\n\t\t\t<div class=\"elementor-spacer-inner\"><\/div>\n\t\t<\/div>\n\t\t\t\t<\/div>\n\t\t\t\t<\/div>\n\t\t\t\t\t\t<\/div>\n\t\t\t\t\t<\/div>\n\t\t<\/div>\n\t\t\t\t<div class=\"elementor-column elementor-col-50 elementor-top-column elementor-element elementor-element-224a21e\" data-id=\"224a21e\" data-element_type=\"column\" data-settings=\"{&quot;background_background&quot;:&quot;classic&quot;}\">\n\t\t\t<div class=\"elementor-column-wrap\">\n\t\t\t\t\t\t\t<div class=\"elementor-widget-wrap\">\n\t\t\t\t\t\t\t\t<\/div>\n\t\t\t\t\t<\/div>\n\t\t<\/div>\n\t\t\t\t\t\t\t\t<\/div>\n\t\t\t\t\t<\/div>\n\t\t<\/section>\n\t\t\t\t<section class=\"elementor-section elementor-top-section elementor-element elementor-element-2fe5afa1 elementor-section-boxed elementor-section-height-default elementor-section-height-default\" data-id=\"2fe5afa1\" data-element_type=\"section\">\n\t\t\t\t\t\t<div class=\"elementor-container elementor-column-gap-default\">\n\t\t\t\t\t\t\t<div class=\"elementor-row\">\n\t\t\t\t\t<div class=\"elementor-column elementor-col-100 elementor-top-column elementor-element elementor-element-9e87734\" data-id=\"9e87734\" data-element_type=\"column\">\n\t\t\t<div class=\"elementor-column-wrap elementor-element-populated\">\n\t\t\t\t\t\t\t<div class=\"elementor-widget-wrap\">\n\t\t\t\t\t\t<div class=\"elementor-element elementor-element-3333ac35 elementor-widget elementor-widget-heading\" data-id=\"3333ac35\" data-element_type=\"widget\" data-widget_type=\"heading.default\">\n\t\t\t\t<div class=\"elementor-widget-container\">\n\t\t\t<h2 class=\"elementor-heading-title elementor-size-default\">\u00abThe Show Must Go On\u00bb. Campa\u00f1as anti-g\u00e9nero en tiempos de pandemia<\/h2>\t\t<\/div>\n\t\t\t\t<\/div>\n\t\t\t\t<section class=\"elementor-section elementor-inner-section elementor-element elementor-element-9a48bf5 elementor-section-full_width elementor-section-height-default elementor-section-height-default\" data-id=\"9a48bf5\" data-element_type=\"section\">\n\t\t\t\t\t\t<div class=\"elementor-container elementor-column-gap-default\">\n\t\t\t\t\t\t\t<div class=\"elementor-row\">\n\t\t\t\t\t<div class=\"elementor-column elementor-col-100 elementor-inner-column elementor-element elementor-element-fa03764\" data-id=\"fa03764\" data-element_type=\"column\">\n\t\t\t<div class=\"elementor-column-wrap elementor-element-populated\">\n\t\t\t\t\t\t\t<div class=\"elementor-widget-wrap\">\n\t\t\t\t\t\t<div class=\"elementor-element elementor-element-a43b4f8 elementor-widget elementor-widget-text-editor\" data-id=\"a43b4f8\" data-element_type=\"widget\" data-widget_type=\"text-editor.default\">\n\t\t\t\t<div class=\"elementor-widget-container\">\n\t\t\t\t\t<div class=\"elementor-text-editor elementor-clearfix\"><p class=\"p1\"><span class=\"s1\"><strong>Espa\u00f1a, principios de marzo del 2020. Las feministas de todo el pa\u00eds se preparan para celebrar otro 8 de marzo<\/strong> multitudinario y esperan una huelga muy concurrida. Sus luchas se han convertido en un ejemplo internacional y tienen hasta representantes dentro del gobierno. El 7 de marzo, otra organizaci\u00f3n de mujeres, <em>Women of the World<\/em>, organiza una concentraci\u00f3n alternativa en Madrid bajo el lema \u201c<strong>Mujeres + Hombres, Sumando ganamos<\/strong>\u201d. La apoyan varias organizaciones ultraconservadoras. Al mismo tiempo, en varias partes del territorio, <strong>grupos como HazteO\u00edr y Vox se movilizan a favor del llamado \u201cpin parental\u201d<\/strong>. Marquesinas de autobuses llaman a denunciar el \u201c<strong>adoctrinamiento de g\u00e9nero<\/strong>\u201d en las calles de Madrid y un evento congrega a miles de personas en Murcia el 29 de febrero.<\/span><\/p><p class=\"p1\"><span class=\"s1\">Era el mundo de ayer, el de antes del 15 de marzo del 2020, cuando Espa\u00f1a entr\u00f3 en pandemia. <strong>Un mundo en el que feministas y anti-g\u00e9neros se disputaban, donde las izquierdas compet\u00edan entre ellas para ser mas feministas y las derechas no dudaban en entonar lemas de extrema derecha<\/strong>. De un d\u00eda al otro cambi\u00f3 el debate p\u00fablico. <span style=\"text-decoration: underline;\">Se suspendieron la CSW y las sesiones sobre Derechos Humanos en Naciones Unidas, se prohibieron las manifestaciones, las reuniones pol\u00edticas y los actos religiosos<\/span>. Se multiplicaron los webinarios y la vida floreci\u00f3 en la red. El mundo entr\u00f3 en un gran par\u00f3n\u2026 <\/span><\/p><p class=\"p1\"><span class=\"s1\">No obstante, si el mundo se ralentiz\u00f3, <strong>ser\u00eda un error asumir que se interrumpieron las campa\u00f1as anti-g\u00e9nero.<\/strong> Es verdad que se modificaron sus modalidades en alg\u00fan lugar y se cancelaron acciones espec\u00edficas. Pero, despu\u00e9s de un breve momento de vacilaci\u00f3n, este combate sigui\u00f3 su rumbo. Dos factores contribuyen a esta situaci\u00f3n sorprendente en comparaci\u00f3n con otros movimientos sociales. Por un lado,<strong> en muchos pa\u00edses, las campa\u00f1as anti-g\u00e9nero ya no se llevan a cabo solamente desde la calle, sino tambi\u00e9n desde dentro del propio Estado y se han convertido en pol\u00edticas p\u00fablicas nacionales, regionales y locales.<\/strong> Por otro lado, los actores anti-g\u00e9nero han demostrado sus <span style=\"text-decoration: underline;\">habilidades en el uso de Internet<\/span>, sea para relacionarse entre ellos, fomentar campa\u00f1as, recoger firmas o acosar a actores oponentes.<\/span><\/p><p class=\"p1\"><span class=\"s1\">Adem\u00e1s, <span style=\"text-decoration: underline;\">esta movilizaci\u00f3n encontr\u00f3 menos oposici\u00f3n, ya que los grupos progresistas estaban gestionando nuevas prioridades impuestas por el confinamiento<\/span>, como el aumento de la violencia de g\u00e9nero, el acceso a los derechos sexuales y reproductivos, o la conciliaci\u00f3n entre la vida familiar y el teletrabajo.<\/span><\/p><\/div>\n\t\t\t\t<\/div>\n\t\t\t\t<\/div>\n\t\t\t\t<div class=\"elementor-element elementor-element-bb2ed65 elementor-widget elementor-widget-spacer\" data-id=\"bb2ed65\" data-element_type=\"widget\" data-widget_type=\"spacer.default\">\n\t\t\t\t<div class=\"elementor-widget-container\">\n\t\t\t\t\t<div class=\"elementor-spacer\">\n\t\t\t<div class=\"elementor-spacer-inner\"><\/div>\n\t\t<\/div>\n\t\t\t\t<\/div>\n\t\t\t\t<\/div>\n\t\t\t\t<div class=\"elementor-element elementor-element-e048607 elementor-widget elementor-widget-spacer\" data-id=\"e048607\" data-element_type=\"widget\" data-widget_type=\"spacer.default\">\n\t\t\t\t<div class=\"elementor-widget-container\">\n\t\t\t\t\t<div class=\"elementor-spacer\">\n\t\t\t<div class=\"elementor-spacer-inner\"><\/div>\n\t\t<\/div>\n\t\t\t\t<\/div>\n\t\t\t\t<\/div>\n\t\t\t\t\t\t<\/div>\n\t\t\t\t\t<\/div>\n\t\t<\/div>\n\t\t\t\t\t\t\t\t<\/div>\n\t\t\t\t\t<\/div>\n\t\t<\/section>\n\t\t\t\t<div class=\"elementor-element elementor-element-bac929f elementor-aspect-ratio-169 elementor-widget elementor-widget-video\" data-id=\"bac929f\" data-element_type=\"widget\" data-settings=\"{&quot;aspect_ratio&quot;:&quot;169&quot;}\" data-widget_type=\"video.default\">\n\t\t\t\t<div class=\"elementor-widget-container\">\n\t\t\t\t\t<div class=\"elementor-wrapper elementor-fit-aspect-ratio elementor-open-inline\">\n\t\t\t<iframe class=\"elementor-video-iframe\" allowfullscreen title=\"Reproductor de v\u00eddeo youtube\" src=\"https:\/\/www.youtube.com\/embed\/k-EI3zuqZ2Y?feature=oembed&amp;autoplay=1&amp;playlist=k-EI3zuqZ2Y&amp;wmode=opaque&amp;loop=1&amp;controls=1&amp;mute=0&amp;rel=0&amp;modestbranding=0\"><\/iframe>\t\t<\/div>\n\t\t\t\t<\/div>\n\t\t\t\t<\/div>\n\t\t\t\t<section class=\"elementor-section elementor-inner-section elementor-element elementor-element-a37311e elementor-section-full_width elementor-section-height-default elementor-section-height-default\" data-id=\"a37311e\" data-element_type=\"section\">\n\t\t\t\t\t\t<div class=\"elementor-container elementor-column-gap-default\">\n\t\t\t\t\t\t\t<div class=\"elementor-row\">\n\t\t\t\t\t<div class=\"elementor-column elementor-col-100 elementor-inner-column elementor-element elementor-element-be1d64b\" data-id=\"be1d64b\" data-element_type=\"column\">\n\t\t\t<div class=\"elementor-column-wrap elementor-element-populated\">\n\t\t\t\t\t\t\t<div class=\"elementor-widget-wrap\">\n\t\t\t\t\t\t<div class=\"elementor-element elementor-element-0bb9927 elementor-widget elementor-widget-text-editor\" data-id=\"0bb9927\" data-element_type=\"widget\" data-widget_type=\"text-editor.default\">\n\t\t\t\t<div class=\"elementor-widget-container\">\n\t\t\t\t\t<div class=\"elementor-text-editor elementor-clearfix\"><p class=\"p1\"><span class=\"s1\">Desde marzo, las declaraciones de algunos dignitarios religiosos y pol\u00edticos fueron recibidas a gritos. Por ejemplo, en marzo, e<strong>l arzobispo cat\u00f3lico de la di\u00f3cesis polaca de Szczecin-Kamie\u0144 exhort\u00f3 a sus fieles a no temer el agua bendita en sus frentes<\/strong>. Seg\u00fan el purpurado, <a href=\"https:\/\/notesfrompoland.com\/2020\/03\/16\/archbishop-tells-faithful-not-to-fear-coronavirus-satan-is-powerless-in-the-face-of-holy-water\/\">Sat\u00e1n quedar\u00eda indefenso ante los poderes del l\u00edquido sagrado y, a diferencia de los poderosos, Dios no vacila frente al virus<\/a>. El <strong>arzobispo de Cz\u0119stochowa<\/strong> afirm\u00f3 por su lado que el coronavirus no ser\u00eda m\u00e1s que otro tipo de gripe, enfatizando que l<strong>a humanidad est\u00e1 enfrent\u00e1ndose a peligros m\u00e1s graves como la ideolog\u00eda de g\u00e9nero<\/strong>. Este noviembre, el presidente brasile\u00f1o <strong>Jair Bolsonaro<\/strong> <a href=\"https:\/\/elpais.com\/internacional\/2020-11-11\/jair-bolsonaro-tenemos-que-dejar-de-ser-un-pais-de-maricas.html\">declar\u00f3 que Brasil ten\u00eda que dejar de ser un \u201cpa\u00eds de maricas\u201d<\/a> cuando quiso denunciar la atenci\u00f3n pol\u00edtica y medi\u00e1tica a la crisis del coronavirus. Sin embargo, estas declaraciones atronadoras no deben esconder las <span style=\"text-decoration: underline;\">estrategias desplegadas por actores anti-g\u00e9nero para seguir con su activismo<\/span>. Estas van en tres direcciones, que parecen contradictorias a primera vista pero se pueden combinar en algunos casos y permiten a estos actores seguir con su labor en contextos distintos. <\/span><\/p>\n\n<ol>\n \t<li class=\"p1\"><span class=\"s1\">La primera estrategia consiste en subirse al carro de los <strong>esc\u00e9pticos y los negacionistas<\/strong>, como ya lo hicieron algunos actores anti-g\u00e9nero con la lucha contra el cambio clim\u00e1tico. Es por ejemplo el camino elegido por <strong>HazteO\u00edr o Vox<\/strong> en Espa\u00f1a o, al nivel internacional, por <strong>Trump y Bolsonaro<\/strong>. Demuestra el peso de las ideas populistas y de extrema derecha dentro del mundo anti-g\u00e9nero, un peso que explica las alianzas sorprendentes entre actores que ponen en duda la existencia del COVID-19 y otros que luchan por la defensa de la familia\u2026 Este emparejamiento permite a los \u00faltimos alcanzar al menos tres objetivos. Primero, cuando no est\u00e1n en el poder, <span style=\"text-decoration: underline;\">les ofrece un discurso convincente para atacar y destabilizar al gobierno<\/span>: las instituciones del Estado mienten para imponer nuevas formas de control a los ciudadanos y sus mentiras explican a su vez el elevado n\u00famero de fallecimientos. En Espa\u00f1a, una organizaci\u00f3n como HazteO\u00edr abandon\u00f3 de un d\u00eda al otro la lucha por el pin parental para abrir un nuevo cap\u00edtulo en la historia de sus luchas contra el gobierno social-comunista y encabezar protestas y caceroladas como las del barrio de Salamanca en Madrid. Este t\u00e1ctica permite tambi\u00e9n a actores anti-g\u00e9nero <span style=\"text-decoration: underline;\">demonizar a las empresas <i>Big Tech<\/i> porque restringen la libertad de expresi\u00f3n<\/span> y construyen un \u201cMinisterio de la Verdad\u201d, combatir el \u201cglobalismo\u201d y organizaciones multilaterales como la OMS o p<span style=\"text-decoration: underline;\">resentarse como defensores de la democracia verdadera frente a nuevas tentaciones totalitarias.<\/span> Secundo, este maniobra da una vida nueva a un discurso de <span style=\"text-decoration: underline;\">deslegitimaci\u00f3n de la ciencia frente al sentido com\u00fan.<\/span> La ciencia ya no se considera como una herramienta hacia m\u00e1s progreso humano, sino como una tecnolog\u00eda ideol\u00f3gica al servicio de poderes ocultos. Frente a ella, el sentido com\u00fan se convierte en la estrategia de resistencia del pueblo, una llamada tan <span style=\"text-decoration: underline;\">anti-intelectualista como anti-elitista<\/span> [1]. Tercero, la negaci\u00f3n del virus se <span style=\"text-decoration: underline;\">combina con la denuncia de restricciones vistas como excesivas a la libertad religiosa y las limitaciones a la celebraci\u00f3n de actos religiosos son otros \u00edndices de la persecuci\u00f3n a los cristianos en Europa.<\/span> Estas mismas tendencias laicistas explican porqu\u00e9 algunos gobiernos liberalizan el acceso al aborto u otorgan m\u00e1s derechos a las personas LGTBI.<\/span><\/li>\n<\/p>\n<\/p>\n \t<li class=\"p1\">Otro patr\u00f3n se impus\u00f3 en pa\u00edses como <strong>Hungr\u00eda y Polonia, donde los actores anti-g\u00e9nero, que desarrollan pol\u00edticas anti-g\u00e9nero desde el propio gobierno<\/strong>, no negaron la realidad de la pandemia y impusieron restricciones severas. Para estos gobiernos, la pandemia se convirti\u00f3 en una <strong>oportunidad \u00fanica para reforzar y acelerar su camino hacia el autoritarismo.<\/strong> Hungr\u00eda es quiz\u00e1s el caso mas emblem\u00e1tico. En mayo, Victor Orb\u00e1n aument\u00f3 su poder gracias a una ley \u00f3mnibus que disminuye el control parlamentario, reduce la financiaci\u00f3n p\u00fablica de los partidos pol\u00edticos y castiga la difusi\u00f3n de informaciones \u201cerr\u00f3neas\u201d sobre la covid-19. <span style=\"text-decoration: underline;\">La misma ley, que pretende facilitar la lucha contra la pandemia, limit\u00f3 tambi\u00e9n los derechos de las personas trans e intersex<\/span>, mientras el parlamento de Budapest rechaz\u00f3 la ratificaci\u00f3n de la Convenci\u00f3n de Estambul. En noviembre, en medio de una subida de los contagios por covid y unas horas despu\u00e9s de la reinstauraci\u00f3n del estado de emergencia (que impide las manifestaciones), <span style=\"text-decoration: underline;\">el gobierno h\u00fangaro propuso cambios constitucionales para garantizar la heterosexualidad de los padres y el derecho de cada ni\u00f1o de ser educar con respeto a su sexo de nacimiento y a los valores cristianos.<\/span> En Polonia, el gobierno no dud\u00f3 en acusar a las feministas y sus aliados de propagar el virus por las manifestaciones en contra del fallo del tribunal constitucional <span style=\"text-decoration: underline;\">restringiendo a\u00fan m\u00e1s el derecho al aborto.<\/span><\/li>\n<\/p><\/p>\n \t<li class=\"p1\">Finalmente, podemos identificar una tercera estrategia. A menudo, proviene de actores m\u00e1s fieles a la l\u00ednea oficial del Vaticano, como es el caso de <strong>algunas organizaciones familialistas<\/strong>. En varios pa\u00edses, estos actores salieron en defensa de las medidas adoptadas por sus gobiernos, porque estas medidas reconocen por fin el <span style=\"text-decoration: underline;\">valor social de la familia, convertida en baluarte contra el virus<\/span>. Por ello, exigen sacar todas las conclusiones de la pandemia y adoptar medidas m\u00e1s ambiciosas de apoyo a la familia. Seg\u00fan la l\u00edderesa de La Manif pour Tous en Francia, \u201c<a href=\"https:\/\/www.lefigaro.fr\/vox\/societe\/ludovine-de-la-rochere-le-confinement-nous-rappelle-que-la-famille-est-le-premiers-refuge-20200423\">lejos de ser el lugar de todos los peligros, dramas y violencias, la familia es habitualmente un refugio. Protege tanto como re\u00fane y tranquiliza a todos sus miembros<\/a>\u201d. Por ello, la Federaci\u00f3n de Asociaciones Familiares Cat\u00f3licas de Europa (FAFCE), que considera a las familias como el \u201ctesoro de Europa\u201d, pide a las autoridades europeas <a href=\"https:\/\/www.fafce.org\/news\/press-releases\/press-release-the-covid-19-crisis-unveiled-the-rock-of-peoples-lives-the-family\/\">invertir en la familia para construir el mundo post-pandemia y repensar al papel de la familia en las estructuras de solidaridad<\/a>.<\/li>\n<\/ol>\n<\/p>\n<p class=\"p1\"><span class=\"s1\">Hoy m\u00e1s que nunca, no se puede prever el futuro. Nadie sabe cu\u00e1ndo se acabar\u00e1 la pandemia, ni cuales ser\u00e1n sus consecuencias a medio o largo plazo. Pero, <strong>frente a tanta incertidumbre, ya se puede pronosticar que no se neutralizar\u00e1n las campa\u00f1as anti-g\u00e9nero<\/strong>. Al contrario, seguir\u00e1n bien vivas despu\u00e9s de la pandemia. Se puede incluso temer que salgan reforzadas por las pol\u00edticas adoptadas para combatir la propagaci\u00f3n del virus. En muchos pa\u00edses, se imaginan medidas de prevenci\u00f3n pensadas ante todo para la clase media, personas con parejas y familias nucleares tradicionales. Esperamos que el mundo de despu\u00e9s no conduzca, como en otros momentos de crisis, a una <strong>restauraci\u00f3n del orden heteronormativo, que solo reforzar\u00e1 las voces conservadoras m\u00e1s beligerantes. <\/strong><\/span><\/p><\/div>\n\t\t\t\t<\/div>\n\t\t\t\t<\/div>\n\t\t\t\t<div class=\"elementor-element elementor-element-863cdfb elementor-widget-divider--view-line elementor-widget elementor-widget-divider\" data-id=\"863cdfb\" data-element_type=\"widget\" data-widget_type=\"divider.default\">\n\t\t\t\t<div class=\"elementor-widget-container\">\n\t\t\t\t\t<div class=\"elementor-divider\">\n\t\t\t<span class=\"elementor-divider-separator\">\n\t\t\t\t\t\t<\/span>\n\t\t<\/div>\n\t\t\t\t<\/div>\n\t\t\t\t<\/div>\n\t\t\t\t<div class=\"elementor-element elementor-element-334edfc elementor-widget elementor-widget-text-editor\" data-id=\"334edfc\" data-element_type=\"widget\" data-widget_type=\"text-editor.default\">\n\t\t\t\t<div class=\"elementor-widget-container\">\n\t\t\t\t\t<div class=\"elementor-text-editor elementor-clearfix\"><p class=\"p1\"><span class=\"s1\">[1] Eric Fassin, \u201cSens commun\u201d, <i>La Revue nouvelle<\/i>, n\u00b0 5, 2020, p. 80-84. <\/span><\/p><\/div>\n\t\t\t\t<\/div>\n\t\t\t\t<\/div>\n\t\t\t\t<div class=\"elementor-element elementor-element-a5750ef elementor-widget elementor-widget-spacer\" data-id=\"a5750ef\" data-element_type=\"widget\" data-widget_type=\"spacer.default\">\n\t\t\t\t<div class=\"elementor-widget-container\">\n\t\t\t\t\t<div class=\"elementor-spacer\">\n\t\t\t<div class=\"elementor-spacer-inner\"><\/div>\n\t\t<\/div>\n\t\t\t\t<\/div>\n\t\t\t\t<\/div>\n\t\t\t\t<div class=\"elementor-element elementor-element-8124168 elementor-widget elementor-widget-text-editor\" data-id=\"8124168\" data-element_type=\"widget\" data-widget_type=\"text-editor.default\">\n\t\t\t\t<div class=\"elementor-widget-container\">\n\t\t\t\t\t<div class=\"elementor-text-editor elementor-clearfix\"><p class=\"p1\"><em><strong>David Paternotte. Universit\u00e9 libre de Bruxelles.<\/strong><\/em><\/p><\/div>\n\t\t\t\t<\/div>\n\t\t\t\t<\/div>\n\t\t\t\t<div class=\"elementor-element elementor-element-9814be6 elementor-widget elementor-widget-spacer\" data-id=\"9814be6\" data-element_type=\"widget\" data-widget_type=\"spacer.default\">\n\t\t\t\t<div class=\"elementor-widget-container\">\n\t\t\t\t\t<div class=\"elementor-spacer\">\n\t\t\t<div class=\"elementor-spacer-inner\"><\/div>\n\t\t<\/div>\n\t\t\t\t<\/div>\n\t\t\t\t<\/div>\n\t\t\t\t\t\t<\/div>\n\t\t\t\t\t<\/div>\n\t\t<\/div>\n\t\t\t\t\t\t\t\t<\/div>\n\t\t\t\t\t<\/div>\n\t\t<\/section>\n\t\t\t\t\t\t<\/div>\n\t\t\t\t\t<\/div>\n\t\t<\/div>\n\t\t\t\t\t\t\t\t<\/div>\n\t\t\t\t\t<\/div>\n\t\t<\/section>\n\t\t\t\t\t\t<\/div>\n\t\t\t\t\t\t<\/div>\n\t\t\t\t\t<\/div>\n\t\t","protected":false},"excerpt":{"rendered":"<p>#8 Amenaces als Drets Sexuals i Reproductius Un cop aixecat l\u2019estat d\u2019alarma, diferents centres m\u00e8dics acreditats per a la Interrupci\u00f3 Volunt\u00e0ria de l\u2019Embar\u00e0s (IVE) denuncien la pres\u00e8ncia de grups anti-drets que increpen a les dones davant les cl\u00edniques per evitar que avortin. Aquesta activitat, que les cl\u00edniques denominen \u201cde fustigament\u201d s\u2019incrementa amb campanyes com \u201c40 [&hellip;]<\/p>\n","protected":false},"author":2,"featured_media":0,"parent":0,"menu_order":0,"comment_status":"closed","ping_status":"closed","template":"elementor_header_footer","meta":[],"_links":{"self":[{"href":"https:\/\/drets-sexuals-i-reproductius.lassociacio.org\/informe2020\/wp-json\/wp\/v2\/pages\/283"}],"collection":[{"href":"https:\/\/drets-sexuals-i-reproductius.lassociacio.org\/informe2020\/wp-json\/wp\/v2\/pages"}],"about":[{"href":"https:\/\/drets-sexuals-i-reproductius.lassociacio.org\/informe2020\/wp-json\/wp\/v2\/types\/page"}],"author":[{"embeddable":true,"href":"https:\/\/drets-sexuals-i-reproductius.lassociacio.org\/informe2020\/wp-json\/wp\/v2\/users\/2"}],"replies":[{"embeddable":true,"href":"https:\/\/drets-sexuals-i-reproductius.lassociacio.org\/informe2020\/wp-json\/wp\/v2\/comments?post=283"}],"version-history":[{"count":4,"href":"https:\/\/drets-sexuals-i-reproductius.lassociacio.org\/informe2020\/wp-json\/wp\/v2\/pages\/283\/revisions"}],"predecessor-version":[{"id":289,"href":"https:\/\/drets-sexuals-i-reproductius.lassociacio.org\/informe2020\/wp-json\/wp\/v2\/pages\/283\/revisions\/289"}],"wp:attachment":[{"href":"https:\/\/drets-sexuals-i-reproductius.lassociacio.org\/informe2020\/wp-json\/wp\/v2\/media?parent=283"}],"curies":[{"name":"wp","href":"https:\/\/api.w.org\/{rel}","templated":true}]}}