{"id":275,"date":"2020-12-09T20:41:02","date_gmt":"2020-12-09T20:41:02","guid":{"rendered":"https:\/\/drets-sexuals-i-reproductius.lassociacio.org\/informe2020\/?page_id=275"},"modified":"2020-12-09T21:02:04","modified_gmt":"2020-12-09T21:02:04","slug":"dsirmigrades","status":"publish","type":"page","link":"https:\/\/drets-sexuals-i-reproductius.lassociacio.org\/informe2020\/dsirmigrades\/","title":{"rendered":"#1 Drets Sexuals i Reproductius per a dones i trans migrades"},"content":{"rendered":"\t\t<div data-elementor-type=\"wp-page\" data-elementor-id=\"275\" class=\"elementor elementor-275\" data-elementor-settings=\"[]\">\n\t\t\t\t\t\t<div class=\"elementor-inner\">\n\t\t\t\t\t\t\t<div class=\"elementor-section-wrap\">\n\t\t\t\t\t\t\t<section class=\"elementor-section elementor-top-section elementor-element elementor-element-19e92064 elementor-section-full_width elementor-section-height-min-height elementor-section-items-stretch elementor-section-height-default\" data-id=\"19e92064\" data-element_type=\"section\">\n\t\t\t\t\t\t<div class=\"elementor-container elementor-column-gap-default\">\n\t\t\t\t\t\t\t<div class=\"elementor-row\">\n\t\t\t\t\t<div class=\"elementor-column elementor-col-50 elementor-top-column elementor-element elementor-element-2ee458d4\" data-id=\"2ee458d4\" data-element_type=\"column\">\n\t\t\t<div class=\"elementor-column-wrap elementor-element-populated\">\n\t\t\t\t\t\t\t<div class=\"elementor-widget-wrap\">\n\t\t\t\t\t\t<div class=\"elementor-element elementor-element-9bad041 elementor-widget elementor-widget-spacer\" data-id=\"9bad041\" data-element_type=\"widget\" data-widget_type=\"spacer.default\">\n\t\t\t\t<div class=\"elementor-widget-container\">\n\t\t\t\t\t<div class=\"elementor-spacer\">\n\t\t\t<div class=\"elementor-spacer-inner\"><\/div>\n\t\t<\/div>\n\t\t\t\t<\/div>\n\t\t\t\t<\/div>\n\t\t\t\t<div class=\"elementor-element elementor-element-8dafabd elementor-headline--style-highlight elementor-widget elementor-widget-animated-headline\" data-id=\"8dafabd\" data-element_type=\"widget\" data-settings=\"{&quot;highlighted_text&quot;:&quot;Drets&quot;,&quot;headline_style&quot;:&quot;highlight&quot;,&quot;marker&quot;:&quot;circle&quot;}\" data-widget_type=\"animated-headline.default\">\n\t\t\t\t<div class=\"elementor-widget-container\">\n\t\t\t\t\t<h3 class=\"elementor-headline\">\n\t\t\t\t\t\t\t<span class=\"elementor-headline-plain-text elementor-headline-text-wrapper\">#1<\/span>\n\t\t\t\t\t\t<span class=\"elementor-headline-dynamic-wrapper elementor-headline-text-wrapper\"><\/span>\n\t\t\t\t\t\t\t<span class=\"elementor-headline-plain-text elementor-headline-text-wrapper\">Sexuals i Reproductius per a dones i trans migrades<\/span>\n\t\t\t\t\t<\/h3>\n\t\t\t\t<\/div>\n\t\t\t\t<\/div>\n\t\t\t\t<div class=\"elementor-element elementor-element-7b0cf773 elementor-widget elementor-widget-text-editor\" data-id=\"7b0cf773\" data-element_type=\"widget\" data-widget_type=\"text-editor.default\">\n\t\t\t\t<div class=\"elementor-widget-container\">\n\t\t\t\t\t<div class=\"elementor-text-editor elementor-clearfix\"><p class=\"p1\">Una noia de 16 anys, migrada de fa molt poc, visita el Centre Jove d\u2019Atenci\u00f3 a les Sexualitats (CJAS) per tramitar una Interrupci\u00f3 Volunt\u00e0ria de l\u2019Embar\u00e0s (IVE). Havia visitat pr\u00e8viament l\u2019Hospital General de l\u2019Hospitalet de Llobregat, el CAP de la Torrassa i el Centre d\u2019Atenci\u00f3 Prim\u00e0ria Sant Ildefons. Cap dels tres llocs no la va atendre per manca del CIP, tampoc no li van oferir informaci\u00f3 ni proposar cap alternativa.<\/p><p class=\"p1\">L\u2019empadronament \u00e9s per a moltes dones, que lloguen habitacions o treballen d\u2019internes, un obstacle administratiu insalvable. Per a les treballadores internes, a m\u00e9s, resulta molt dificult\u00f3s disposar del temps per accedir a l\u2019atenci\u00f3, ja que els<span class=\"Apple-converted-space\">\u00a0\u00a0<\/span>permisos de sortida s\u00f3n escassos.<\/p><\/div>\n\t\t\t\t<\/div>\n\t\t\t\t<\/div>\n\t\t\t\t<div class=\"elementor-element elementor-element-7a3fe83 elementor-widget elementor-widget-spacer\" data-id=\"7a3fe83\" data-element_type=\"widget\" data-widget_type=\"spacer.default\">\n\t\t\t\t<div class=\"elementor-widget-container\">\n\t\t\t\t\t<div class=\"elementor-spacer\">\n\t\t\t<div class=\"elementor-spacer-inner\"><\/div>\n\t\t<\/div>\n\t\t\t\t<\/div>\n\t\t\t\t<\/div>\n\t\t\t\t\t\t<\/div>\n\t\t\t\t\t<\/div>\n\t\t<\/div>\n\t\t\t\t<div class=\"elementor-column elementor-col-50 elementor-top-column elementor-element elementor-element-224a21e\" data-id=\"224a21e\" data-element_type=\"column\" data-settings=\"{&quot;background_background&quot;:&quot;classic&quot;}\">\n\t\t\t<div class=\"elementor-column-wrap elementor-element-populated\">\n\t\t\t\t\t\t\t<div class=\"elementor-widget-wrap\">\n\t\t\t\t\t\t<div class=\"elementor-element elementor-element-77b60268 elementor-widget elementor-widget-spacer\" data-id=\"77b60268\" data-element_type=\"widget\" data-widget_type=\"spacer.default\">\n\t\t\t\t<div class=\"elementor-widget-container\">\n\t\t\t\t\t<div class=\"elementor-spacer\">\n\t\t\t<div class=\"elementor-spacer-inner\"><\/div>\n\t\t<\/div>\n\t\t\t\t<\/div>\n\t\t\t\t<\/div>\n\t\t\t\t\t\t<\/div>\n\t\t\t\t\t<\/div>\n\t\t<\/div>\n\t\t\t\t\t\t\t\t<\/div>\n\t\t\t\t\t<\/div>\n\t\t<\/section>\n\t\t\t\t<section class=\"elementor-section elementor-top-section elementor-element elementor-element-2fe5afa1 elementor-section-boxed elementor-section-height-default elementor-section-height-default\" data-id=\"2fe5afa1\" data-element_type=\"section\">\n\t\t\t\t\t\t<div class=\"elementor-container elementor-column-gap-default\">\n\t\t\t\t\t\t\t<div class=\"elementor-row\">\n\t\t\t\t\t<div class=\"elementor-column elementor-col-100 elementor-top-column elementor-element elementor-element-9e87734\" data-id=\"9e87734\" data-element_type=\"column\">\n\t\t\t<div class=\"elementor-column-wrap elementor-element-populated\">\n\t\t\t\t\t\t\t<div class=\"elementor-widget-wrap\">\n\t\t\t\t\t\t<div class=\"elementor-element elementor-element-3333ac35 elementor-widget elementor-widget-heading\" data-id=\"3333ac35\" data-element_type=\"widget\" data-widget_type=\"heading.default\">\n\t\t\t\t<div class=\"elementor-widget-container\">\n\t\t\t<h2 class=\"elementor-heading-title elementor-size-default\">Derechos sexuales y reproductivos: algunos apuntes sobre la situaci\u00f3n de las mujeres y trans migrades en Catalu\u00f1a\n<\/h2>\t\t<\/div>\n\t\t\t\t<\/div>\n\t\t\t\t<section class=\"elementor-section elementor-inner-section elementor-element elementor-element-9a48bf5 elementor-section-full_width elementor-section-height-default elementor-section-height-default\" data-id=\"9a48bf5\" data-element_type=\"section\">\n\t\t\t\t\t\t<div class=\"elementor-container elementor-column-gap-default\">\n\t\t\t\t\t\t\t<div class=\"elementor-row\">\n\t\t\t\t\t<div class=\"elementor-column elementor-col-100 elementor-inner-column elementor-element elementor-element-fa03764\" data-id=\"fa03764\" data-element_type=\"column\">\n\t\t\t<div class=\"elementor-column-wrap elementor-element-populated\">\n\t\t\t\t\t\t\t<div class=\"elementor-widget-wrap\">\n\t\t\t\t\t\t<div class=\"elementor-element elementor-element-a43b4f8 elementor-widget elementor-widget-text-editor\" data-id=\"a43b4f8\" data-element_type=\"widget\" data-widget_type=\"text-editor.default\">\n\t\t\t\t<div class=\"elementor-widget-container\">\n\t\t\t\t\t<div class=\"elementor-text-editor elementor-clearfix\"><p class=\"p1\"><span class=\"s1\">En Catalu\u00f1a, se ha trabajado en un <strong>marco legal para garantizar los Derechos Sexuales y Reproductivos<\/strong> que incluye: La Ley de Igualdad efectiva entre mujeres y hombres (Generalitat de Catalunya, 2015) y el Plan Director de la Cooperaci\u00f3n catalana (Generalitat de Catalunya, 2015). Ambos instrumentos incluyen mecanismos de participaci\u00f3n de la sociedad civil, por ejemplo: Agendas de Derechos Sexuales y Reproductivos: de la agenda 2030 a la agenda catalana. Hace falta, sin embargo, <strong>que estas leyes se hagan efectivas para toda la poblaci\u00f3n.<\/strong><\/span><\/p><p class=\"p1\"><span class=\"s1\">La composici\u00f3n de la poblaci\u00f3n en Catalu\u00f1a es cada vez m\u00e1s diversa: actualmente el <span style=\"text-decoration: underline;\">15,11% de la poblaci\u00f3n de las cuatro provincias hemos nacido en el extranjero<\/span>. En la <span style=\"text-decoration: underline;\">ciudad de Barcelona, esta poblaci\u00f3n representa un 26,3%<\/span> de la poblaci\u00f3n residente (IDESCAT, 2019). Por lo general, las personas migradas vivimos situaciones de discriminaci\u00f3n, y no contamos con los mismos derechos pol\u00edticos que toda la poblaci\u00f3n, a pesar de vivir y trabajar aqu\u00ed. <strong>La ley de extranjer\u00eda excluye a un segmento de la poblaci\u00f3n migrada que carece de los permisos administrativos de estancia<\/strong> y estas personas no est\u00e1n en ninguna estad\u00edstica. Por otra parte, en la ciudad existe un rico tejido asociativo de mujeres y trans migrades, a las cuales nos interesa escuchar, para documentar su conocimiento y ejercicio de Derechos sexuales y reproductivos.<\/span><\/p><p class=\"p1\"><span class=\"s1\">Este texto relata los principales <strong>hallazgos de una aproximaci\u00f3n diagn\u00f3stica de acceso y ejercicio a los Derechos Sexuales y Reproductivos de mujeres y trans migrades<\/strong> realizado por nuestra entidad durante 2018 [1], para lo que se entrevistaron diez colectivos de o con participaci\u00f3n de personas migradas [2].<\/span><\/p><p class=\"p1\"><span class=\"s1\">Hablar los estos derechos con los colectivos de mujeres y trans migrades puede resultar dif\u00edcil, en tanto son <span style=\"text-decoration: underline;\">conceptos t\u00e9cnicos que no son de uso cotidiano en las organizaciones sino habituales solo dentro de los colectivos activistas feministas<\/span>. En muchos casos, debido a la resistencia para hablar sobre temas vinculados a la sexualidad, entendida como perteneciente al \u00e1mbito de lo privado, recurrimos a tem\u00e1ticas m\u00e1s generales como \u201c<span style=\"text-decoration: underline;\">mujeres y salud<\/span>\u201d, lo que permiti\u00f3 abordarlo con mayor facilidad y fluidez.<\/span><\/p><p class=\"p1\"><span class=\"s1\">La diversidad de colectivos entrevistados evidenci\u00f3 la existencia de un <strong>amplio espectro de conceptualizaciones de los Derechos Sexuales y Reproductivos<\/strong>. Varias entrevistadas estaban muy sensibilizadas con la tem\u00e1tica, lo trabajan en sus colectivos y generan sus propias posiciones pol\u00edticas al respecto. Otras, en cambio, fluctuaban entre no considerarlo en su asociaci\u00f3n, o no tener este tema tan presente ni abordado en su entorno. Otras lo relacionaban exclusivamente a los derechos reproductivos. La conceptualizaci\u00f3n relatada es m\u00faltiple y a veces incluso confusa, cuando las personas no est\u00e1n familiarizadas con ella o cuando se le atribuye un significado parcial, por ejemplo, <span style=\"text-decoration: underline;\">al relacionarlo exclusivamente con lo reproductivo o con lo sexual<\/span>. En este \u00faltimo caso, adem\u00e1s, pesa la connotaci\u00f3n de un tema \u00edntimo sobre el que muchas culturas no promueven debatir ni hablar p\u00fablicamente.<\/span><\/p><p class=\"p1\"><span class=\"s1\">Por una parte,<strong> se detecta en varios colectivos que las mujeres migradas desconocen estos derechos<\/strong> (a la salud sexual, a la reproducci\u00f3n segura, revisiones m\u00e9dicas controladas, planificaci\u00f3n familiar, acceso a IVE), <strong>y se reconoce la necesidad de cuidar de nuestra salud. <\/strong><\/span><\/p><p class=\"p1\"><span class=\"s1\">Colectivos feministas plantean la necesidad de aproximarse desde la <span style=\"text-decoration: underline;\">noci\u00f3n de autonom\u00eda, la libertad para tener un espacio de decisi\u00f3n y control de nuestros cuerpos<\/span>. Tambi\u00e9n se explicita la necesidad de luchar por estos derechos, ya que\u201d nosotras<i> entendemos que somos due\u00f1as de nuestras decisiones como mujeres\u2026y debemos decidir sobre nuestros cuerpos\u201d \u2026<\/i>En este mismo sentido se reivindica que el trabajo sexual es trabajo, y si es parte de la decisi\u00f3n de la mujer, no debe ser estigmatizado.<\/span><\/p><p class=\"p1\"><span class=\"s1\">Por otra parte, se destac\u00f3 c\u00f3mo la <span style=\"text-decoration: underline;\">diversidad sexual de integrantes de algunos de los colectivos, desaf\u00eda el pensamiento binario heteropatriarcal hombre-mujer y problematiza la definici\u00f3n misma de las sexualidades, invitando a pensar en una sexualidad amplia y diversa<\/span>, donde el cuerpo no es un santuario marcado por la religi\u00f3n.<\/span><\/p><p class=\"p1\"><span class=\"s1\">Surgieron reflexiones sobre la necesidad de <strong>reconocimiento de la decisi\u00f3n de las mujeres y sus deseos (o no)<\/strong> de maternidad, puesto que desde la atenci\u00f3n de salud se cuestionan las decisiones de tener muchos hijos de las mujeres de otros or\u00edgenes. <span style=\"text-decoration: underline;\">Ser mujer migrante conlleva muchas discriminaciones, y desde la mirada occidental<\/span> muchas veces se cree que se \u201c<i>debe realizar un control de la natalidad<\/i>\u201d por ejemplo de las mujeres africanas o asi\u00e1ticas. Es fundamental que el <strong>personal sociosanitario se forme en perspectiva de g\u00e9nero e interseccionalidad<\/strong>, para que sea capaz de realizar una atenci\u00f3n respetuosa sin estigmatizar la diferencia.<\/span><\/p><\/div>\n\t\t\t\t<\/div>\n\t\t\t\t<\/div>\n\t\t\t\t<div class=\"elementor-element elementor-element-bb2ed65 elementor-widget elementor-widget-spacer\" data-id=\"bb2ed65\" data-element_type=\"widget\" data-widget_type=\"spacer.default\">\n\t\t\t\t<div class=\"elementor-widget-container\">\n\t\t\t\t\t<div class=\"elementor-spacer\">\n\t\t\t<div class=\"elementor-spacer-inner\"><\/div>\n\t\t<\/div>\n\t\t\t\t<\/div>\n\t\t\t\t<\/div>\n\t\t\t\t<div class=\"elementor-element elementor-element-e048607 elementor-widget elementor-widget-spacer\" data-id=\"e048607\" data-element_type=\"widget\" data-widget_type=\"spacer.default\">\n\t\t\t\t<div class=\"elementor-widget-container\">\n\t\t\t\t\t<div class=\"elementor-spacer\">\n\t\t\t<div class=\"elementor-spacer-inner\"><\/div>\n\t\t<\/div>\n\t\t\t\t<\/div>\n\t\t\t\t<\/div>\n\t\t\t\t\t\t<\/div>\n\t\t\t\t\t<\/div>\n\t\t<\/div>\n\t\t\t\t\t\t\t\t<\/div>\n\t\t\t\t\t<\/div>\n\t\t<\/section>\n\t\t\t\t<div class=\"elementor-element elementor-element-bac929f elementor-aspect-ratio-169 elementor-widget elementor-widget-video\" data-id=\"bac929f\" data-element_type=\"widget\" data-settings=\"{&quot;aspect_ratio&quot;:&quot;169&quot;}\" data-widget_type=\"video.default\">\n\t\t\t\t<div class=\"elementor-widget-container\">\n\t\t\t\t\t<div class=\"elementor-wrapper elementor-fit-aspect-ratio elementor-open-inline\">\n\t\t\t<iframe class=\"elementor-video-iframe\" allowfullscreen title=\"Reproductor de v\u00eddeo youtube\" src=\"https:\/\/www.youtube.com\/embed\/pMDasvViklQ?feature=oembed&amp;autoplay=1&amp;playlist=pMDasvViklQ&amp;wmode=opaque&amp;loop=1&amp;controls=1&amp;mute=0&amp;rel=0&amp;modestbranding=0\"><\/iframe>\t\t<\/div>\n\t\t\t\t<\/div>\n\t\t\t\t<\/div>\n\t\t\t\t<section class=\"elementor-section elementor-inner-section elementor-element elementor-element-a37311e elementor-section-full_width elementor-section-height-default elementor-section-height-default\" data-id=\"a37311e\" data-element_type=\"section\">\n\t\t\t\t\t\t<div class=\"elementor-container elementor-column-gap-default\">\n\t\t\t\t\t\t\t<div class=\"elementor-row\">\n\t\t\t\t\t<div class=\"elementor-column elementor-col-100 elementor-inner-column elementor-element elementor-element-be1d64b\" data-id=\"be1d64b\" data-element_type=\"column\">\n\t\t\t<div class=\"elementor-column-wrap elementor-element-populated\">\n\t\t\t\t\t\t\t<div class=\"elementor-widget-wrap\">\n\t\t\t\t\t\t<div class=\"elementor-element elementor-element-0bb9927 elementor-widget elementor-widget-text-editor\" data-id=\"0bb9927\" data-element_type=\"widget\" data-widget_type=\"text-editor.default\">\n\t\t\t\t<div class=\"elementor-widget-container\">\n\t\t\t\t\t<div class=\"elementor-text-editor elementor-clearfix\"><p class=\"p1\"><span class=\"s1\"><b> Acceso en Catalu\u00f1a<\/b><\/span><\/p><p class=\"p1\"><span class=\"s1\">Fue valorado positivamente en general por todas las entrevistadas, aunque se evidencian matices como por ejemplo enfatizar en la <strong>difusi\u00f3n de la informaci\u00f3n para que todas las personas migradas sean conscientes de sus derechos<\/strong>, as\u00ed como cr\u00edticas a la situaci\u00f3n precaria de muchas que no disponen de tiempo para ir a la consulta m\u00e9dica y trabajan en cuidados, un sector econ\u00f3mico tradicionalmente femenino, precarizado y racializado, con intensas jornadas laborales. Otro aspecto es la <strong>falta de abordaje intercultural del sistema sanitario<\/strong>. En este sentido se valora muy necesaria la presencia de <strong>mediadoras interculturales en los servicios de atenci\u00f3n<\/strong>.<\/span><\/p><p class=\"p2\"><span class=\"s2\">Sin embargo, existe preocupaci\u00f3n por las migradas que no tienen informaci\u00f3n \u201c<\/span><span class=\"s1\"><i>cuando reci\u00e9n llegan a Espa\u00f1a y ante la falta de informaci\u00f3n y documentaci\u00f3n, se privan de acceder a la salud porque las mujeres creen que, al no tener permiso de residencia, no pueden ir al CAP de salud, ni tener otros derechos\u201d. <\/i><strong>Se detectan dificultades de acceso en las personas que carecen de empadronamiento, lo que impide acceder a la tarjeta sanitaria.<\/strong>\u00a0<\/span><\/p><\/div>\n\t\t\t\t<\/div>\n\t\t\t\t<\/div>\n\t\t\t\t<div class=\"elementor-element elementor-element-4ce7fde elementor-blockquote--skin-border elementor-blockquote--button-view-icon-text elementor-blockquote--button-skin-classic elementor-blockquote--button-color-official elementor-widget elementor-widget-blockquote\" data-id=\"4ce7fde\" data-element_type=\"widget\" data-widget_type=\"blockquote.default\">\n\t\t\t\t<div class=\"elementor-widget-container\">\n\t\t\t\t\t<blockquote class=\"elementor-blockquote\">\n\t\t\t<p class=\"elementor-blockquote__content\">\n\t\t\t\tEl empadronamiento es, para muchas mujeres que alquilan habitaciones, o trabajan de internas, o no tienen domicilio fijo, un obst\u00e1culo administrativo insalvable. Tambi\u00e9n aquellas que se desempe\u00f1an como internas, manifiestan la dificultad de tiempo para acceder a la atenci\u00f3n, puesto que los permisos de salida de las trabajadoras internas son escasos.\t\t\t<\/p>\n\t\t\t\t\t\t\t<footer>\n\t\t\t\t\t\t\t\t\t\t\t<cite class=\"elementor-blockquote__author\">Bea Cantero<\/cite>\n\t\t\t\t\t\t\t\t\t\t\t\t\t\t\t\t<a href=\"https:\/\/twitter.com\/intent\/tweet?text=El+empadronamiento+es%2C+para+muchas+mujeres+que+alquilan+habitaciones%2C+o+trabajan+de+internas%2C+o+no+tienen+domicilio+fijo%2C+un+obst%C3%A1culo+administrativo+insalvable.+Tambi%C3%A9n+aquellas+que+se+desempe%C3%B1an+como+internas%2C+manifiestan+la+dificultad+de+tiempo+para+acceder+a+la+atenci%C3%B3n%2C+puesto+que+los+permisos+de+salida+de+las+trabajadoras+internas+son+escasos.+%E2%80%94+Bea+Cantero&amp;url=https%3A%2F%2Fdrets-sexuals-i-reproductius.lassociacio.org%2Finforme2020%2Finforme2020%2Fwp-json%2Fwp%2Fv2%2Fpages%2F275\" class=\"elementor-blockquote__tweet-button\" target=\"_blank\">\n\t\t\t\t\t\t\t\t\t\t\t\t\t\t\t<i aria-hidden=\"true\" class=\"fab fa-twitter\"><\/i>\t\t\t\t\t\t\t\t\t\t\t\t\t\t\t\t\t\t\t\t\t\t\t\t\t\t\t\t\t\t<span class=\"elementor-blockquote__tweet-label\">Tweet<\/span>\n\t\t\t\t\t\t\t\t\t\t\t\t\t<\/a>\n\t\t\t\t\t\t\t\t\t<\/footer>\n\t\t\t\t\t<\/blockquote>\n\t\t\t\t<\/div>\n\t\t\t\t<\/div>\n\t\t\t\t<div class=\"elementor-element elementor-element-970e506 elementor-widget elementor-widget-text-editor\" data-id=\"970e506\" data-element_type=\"widget\" data-widget_type=\"text-editor.default\">\n\t\t\t\t<div class=\"elementor-widget-container\">\n\t\t\t\t\t<div class=\"elementor-text-editor elementor-clearfix\"><p>\u00a0<\/p><p class=\"p1\"><span class=\"s3\">Un aspecto que se valora especialmente positivo es la <strong>atenci\u00f3n al colectivo trans<\/strong> con la existencia de<\/span><span class=\"s1\"><i>\u00a0\u201cTransit, como servicio de acompa\u00f1amiento, en el que las personas trans pueden expresarse sin el riesgo de ser patologizadas y se les acompa\u00f1aba en el proceso\u201d<\/i><\/span><\/p><p class=\"p1\"><span class=\"s1\">Por otra parte, se cuestiona la <strong>relaci\u00f3n m\u00e9dico-paciente que en general es jer\u00e1rquica y unidireccional<\/strong>, en donde el\/la profesional de salud le dice a la persona lo que tiene que tomar y lo que tiene que hacer, lo que resta autonom\u00eda y capacidad en su toma de decisiones. Se identifica la existencia de <strong>barreras ling\u00fc\u00edsticas, culturales y desconocimiento de los derechos como paciente<\/strong>. Esto genera que hay servicios de salud que no son ocupados por las personas migradas de \u00c1frica, porque no hay informaci\u00f3n, o no hay inter\u00e9s por preguntar a las mujeres por su experiencia \u201c<i>Nosotras en nuestro pa\u00eds tenemos conocimientos, pero no me preguntan \u00bft\u00fa en tu pa\u00eds qu\u00e9 hac\u00edas<\/i>?<span class=\"Apple-converted-space\">\u00a0\u00a0<\/span><span style=\"text-decoration: underline;\">La falta de la perspectiva intercultural en el sistema sanitario, implica que no se reconozcan los saberes de las diferentes culturas y las particularidades de cada persona.<\/span><\/span><\/p><p>\u00a0<\/p><p class=\"p1\"><span class=\"s1\"><b>El debate contin\u00faa<\/b><\/span><\/p><p class=\"p1\"><span class=\"s1\">Para algunas compa\u00f1eras, hablar de Derechos Sexuales y Reproductivos se relaciona con algo normativo: derecho a tener buena atenci\u00f3n ginecol\u00f3gica, a ser tratadas con respeto por un ginec\u00f3logo, a no sentirnos abusadas en la atenci\u00f3n m\u00e9dica, a tener acceso por ejemplo quienes quieran ser madres y no puedan, tener atenci\u00f3n por parte del estado a poder serlo. Sin embargo, tambi\u00e9n es posible mirarlo desde una perspectiva m\u00e1s amplia, <strong>relacionada con la pr\u00e1ctica de la sexualidad, con el goce de esa sexualidad, con la posibilidad de acceder a una reproducci\u00f3n desde la libertad y no desde la imposici\u00f3n<\/strong> del deber ser y el mandato social de, por ejemplo, la maternidad.<\/span><\/p><p class=\"p4\"><span class=\"s1\">Adem\u00e1s de haberse institucionalizado, algunas de las participantes plantearon que los Derechos Sexuales y Reproductivos se han patologizado y medicalizado. Se han <span style=\"text-decoration: underline;\">concentrado en el \u00e1mbito sanitario en detrimento del empoderamiento y la autogesti\u00f3n<\/span>. En los a\u00f1os setenta las feministas realizaban talleres de Autoconciencia que se han perdido. Se plantea <span style=\"text-decoration: underline;\">recuperar espacios horizontales para compartir saberes y experiencias.<\/span> Se propone tambi\u00e9n el debate sobre los diversos derechos a lo largo de la vida, puesto que se tiende a focalizar en la etapa reproductiva de las mujeres, y se habla poco de la sexualidad de ni\u00f1@s, de la necesidad de una educaci\u00f3n afectiva-sexual, o de las mujeres adultas post menopausia. El derecho al placer no tiene edad, y es importante tenerlo presente.<\/span><\/p><p class=\"p4\"><span class=\"s1\">Como equipo investigador, este proyecto ha posibilitado indagar en nuestro entorno migrante sobre un tema del que se habla poco, y nos ha enriquecido porque hemos podido contrastar opiniones muy diversas, y reafirmar que temas como <strong>la educaci\u00f3n sexual y el placer son fundamentales para una propuesta feminista y liberadora.<\/strong> Las y los invitamos a ver el video que recoge los resultados de nuestra investigaci\u00f3n en <a href=\"https:\/\/www.youtube.com\/watch?v=pE7HZzYXGmU\">NOSOTRES NUESTROS DERECHOS<\/a>: voces sobre derechos sexuales y reproductivos de mujeres y trans migrades.<\/span><\/p><\/div>\n\t\t\t\t<\/div>\n\t\t\t\t<\/div>\n\t\t\t\t<div class=\"elementor-element elementor-element-a8f85ae elementor-widget-divider--view-line elementor-widget elementor-widget-divider\" data-id=\"a8f85ae\" data-element_type=\"widget\" data-widget_type=\"divider.default\">\n\t\t\t\t<div class=\"elementor-widget-container\">\n\t\t\t\t\t<div class=\"elementor-divider\">\n\t\t\t<span class=\"elementor-divider-separator\">\n\t\t\t\t\t\t<\/span>\n\t\t<\/div>\n\t\t\t\t<\/div>\n\t\t\t\t<\/div>\n\t\t\t\t<div class=\"elementor-element elementor-element-f308e87 elementor-widget elementor-widget-text-editor\" data-id=\"f308e87\" data-element_type=\"widget\" data-widget_type=\"text-editor.default\">\n\t\t\t\t<div class=\"elementor-widget-container\">\n\t\t\t\t\t<div class=\"elementor-text-editor elementor-clearfix\"><p class=\"p1\"><span class=\"s1\">[1] Equipo formado por Cecilia Gordano, Marcela Mezzatesta y Beatriz Cantero.<\/span><\/p><p class=\"p1\"><span class=\"s1\">[2] Agradecemos los valiosos aportes a las personas participantes de los siguientes colectivos: Asociaci\u00f3n Cultural Los R\u00edos en Catalunya, Asociaci\u00f3n de Mujeres Bolivianas en Catalunya, Asociaci\u00f3n de Mujeres Filipinas en Barcelona AMISTAD, Asociaci\u00f3n de Mujeres subsaharianas, Asociaci\u00f3n de Profesionales del Sexo APROSEX, Asociaci\u00f3n de Ucranianos Dzherelo, Asociaci\u00f3n intercultural Di\u00e0legs de Dona, Colectivo T.I.C.T.A.C. , Por el derecho a decidir tambi\u00e9n en Chile, Sindillar Sindihogar.<\/span><\/p><\/div>\n\t\t\t\t<\/div>\n\t\t\t\t<\/div>\n\t\t\t\t<div class=\"elementor-element elementor-element-a5750ef elementor-widget elementor-widget-spacer\" data-id=\"a5750ef\" data-element_type=\"widget\" data-widget_type=\"spacer.default\">\n\t\t\t\t<div class=\"elementor-widget-container\">\n\t\t\t\t\t<div class=\"elementor-spacer\">\n\t\t\t<div class=\"elementor-spacer-inner\"><\/div>\n\t\t<\/div>\n\t\t\t\t<\/div>\n\t\t\t\t<\/div>\n\t\t\t\t<div class=\"elementor-element elementor-element-8124168 elementor-widget elementor-widget-text-editor\" data-id=\"8124168\" data-element_type=\"widget\" data-widget_type=\"text-editor.default\">\n\t\t\t\t<div class=\"elementor-widget-container\">\n\t\t\t\t\t<div class=\"elementor-text-editor elementor-clearfix\"><p class=\"p1\"><em><strong>Bea Cantero. Mujeres Pa&#8217;lante.<\/strong><\/em><\/p><\/div>\n\t\t\t\t<\/div>\n\t\t\t\t<\/div>\n\t\t\t\t<div class=\"elementor-element elementor-element-9814be6 elementor-widget elementor-widget-spacer\" data-id=\"9814be6\" data-element_type=\"widget\" data-widget_type=\"spacer.default\">\n\t\t\t\t<div class=\"elementor-widget-container\">\n\t\t\t\t\t<div class=\"elementor-spacer\">\n\t\t\t<div class=\"elementor-spacer-inner\"><\/div>\n\t\t<\/div>\n\t\t\t\t<\/div>\n\t\t\t\t<\/div>\n\t\t\t\t\t\t<\/div>\n\t\t\t\t\t<\/div>\n\t\t<\/div>\n\t\t\t\t\t\t\t\t<\/div>\n\t\t\t\t\t<\/div>\n\t\t<\/section>\n\t\t\t\t\t\t<\/div>\n\t\t\t\t\t<\/div>\n\t\t<\/div>\n\t\t\t\t\t\t\t\t<\/div>\n\t\t\t\t\t<\/div>\n\t\t<\/section>\n\t\t\t\t\t\t<\/div>\n\t\t\t\t\t\t<\/div>\n\t\t\t\t\t<\/div>\n\t\t","protected":false},"excerpt":{"rendered":"<p>#1 Sexuals i Reproductius per a dones i trans migrades Una noia de 16 anys, migrada de fa molt poc, visita el Centre Jove d\u2019Atenci\u00f3 a les Sexualitats (CJAS) per tramitar una Interrupci\u00f3 Volunt\u00e0ria de l\u2019Embar\u00e0s (IVE). Havia visitat pr\u00e8viament l\u2019Hospital General de l\u2019Hospitalet de Llobregat, el CAP de la Torrassa i el Centre d\u2019Atenci\u00f3 [&hellip;]<\/p>\n","protected":false},"author":2,"featured_media":0,"parent":0,"menu_order":0,"comment_status":"closed","ping_status":"closed","template":"elementor_header_footer","meta":[],"_links":{"self":[{"href":"https:\/\/drets-sexuals-i-reproductius.lassociacio.org\/informe2020\/wp-json\/wp\/v2\/pages\/275"}],"collection":[{"href":"https:\/\/drets-sexuals-i-reproductius.lassociacio.org\/informe2020\/wp-json\/wp\/v2\/pages"}],"about":[{"href":"https:\/\/drets-sexuals-i-reproductius.lassociacio.org\/informe2020\/wp-json\/wp\/v2\/types\/page"}],"author":[{"embeddable":true,"href":"https:\/\/drets-sexuals-i-reproductius.lassociacio.org\/informe2020\/wp-json\/wp\/v2\/users\/2"}],"replies":[{"embeddable":true,"href":"https:\/\/drets-sexuals-i-reproductius.lassociacio.org\/informe2020\/wp-json\/wp\/v2\/comments?post=275"}],"version-history":[{"count":4,"href":"https:\/\/drets-sexuals-i-reproductius.lassociacio.org\/informe2020\/wp-json\/wp\/v2\/pages\/275\/revisions"}],"predecessor-version":[{"id":281,"href":"https:\/\/drets-sexuals-i-reproductius.lassociacio.org\/informe2020\/wp-json\/wp\/v2\/pages\/275\/revisions\/281"}],"wp:attachment":[{"href":"https:\/\/drets-sexuals-i-reproductius.lassociacio.org\/informe2020\/wp-json\/wp\/v2\/media?parent=275"}],"curies":[{"name":"wp","href":"https:\/\/api.w.org\/{rel}","templated":true}]}}