{"id":257,"date":"2020-12-09T19:33:00","date_gmt":"2020-12-09T19:33:00","guid":{"rendered":"https:\/\/drets-sexuals-i-reproductius.lassociacio.org\/informe2020\/?page_id=257"},"modified":"2020-12-09T22:01:54","modified_gmt":"2020-12-09T22:01:54","slug":"its","status":"publish","type":"page","link":"https:\/\/drets-sexuals-i-reproductius.lassociacio.org\/informe2020\/its\/","title":{"rendered":"#7 Atenci\u00f3 a les Infeccions de Transmissi\u00f3 Sexual (ITS)"},"content":{"rendered":"\t\t<div data-elementor-type=\"wp-page\" data-elementor-id=\"257\" class=\"elementor elementor-257\" data-elementor-settings=\"[]\">\n\t\t\t\t\t\t<div class=\"elementor-inner\">\n\t\t\t\t\t\t\t<div class=\"elementor-section-wrap\">\n\t\t\t\t\t\t\t<section class=\"elementor-section elementor-top-section elementor-element elementor-element-19e92064 elementor-section-full_width elementor-section-height-min-height elementor-section-items-stretch elementor-section-height-default\" data-id=\"19e92064\" data-element_type=\"section\">\n\t\t\t\t\t\t<div class=\"elementor-container elementor-column-gap-default\">\n\t\t\t\t\t\t\t<div class=\"elementor-row\">\n\t\t\t\t\t<div class=\"elementor-column elementor-col-50 elementor-top-column elementor-element elementor-element-2ee458d4\" data-id=\"2ee458d4\" data-element_type=\"column\">\n\t\t\t<div class=\"elementor-column-wrap elementor-element-populated\">\n\t\t\t\t\t\t\t<div class=\"elementor-widget-wrap\">\n\t\t\t\t\t\t<div class=\"elementor-element elementor-element-9bad041 elementor-widget elementor-widget-spacer\" data-id=\"9bad041\" data-element_type=\"widget\" data-widget_type=\"spacer.default\">\n\t\t\t\t<div class=\"elementor-widget-container\">\n\t\t\t\t\t<div class=\"elementor-spacer\">\n\t\t\t<div class=\"elementor-spacer-inner\"><\/div>\n\t\t<\/div>\n\t\t\t\t<\/div>\n\t\t\t\t<\/div>\n\t\t\t\t<div class=\"elementor-element elementor-element-8dafabd elementor-headline--style-highlight elementor-widget elementor-widget-animated-headline\" data-id=\"8dafabd\" data-element_type=\"widget\" data-settings=\"{&quot;highlighted_text&quot;:&quot;Atenci\\u00f3&quot;,&quot;headline_style&quot;:&quot;highlight&quot;,&quot;marker&quot;:&quot;circle&quot;}\" data-widget_type=\"animated-headline.default\">\n\t\t\t\t<div class=\"elementor-widget-container\">\n\t\t\t\t\t<h3 class=\"elementor-headline\">\n\t\t\t\t\t\t\t<span class=\"elementor-headline-plain-text elementor-headline-text-wrapper\">#7<\/span>\n\t\t\t\t\t\t<span class=\"elementor-headline-dynamic-wrapper elementor-headline-text-wrapper\"><\/span>\n\t\t\t\t\t\t\t<span class=\"elementor-headline-plain-text elementor-headline-text-wrapper\">a les Infeccions de Transmissi\u00f3 Sexual (ITS)<\/span>\n\t\t\t\t\t<\/h3>\n\t\t\t\t<\/div>\n\t\t\t\t<\/div>\n\t\t\t\t<div class=\"elementor-element elementor-element-7b0cf773 elementor-widget elementor-widget-text-editor\" data-id=\"7b0cf773\" data-element_type=\"widget\" data-widget_type=\"text-editor.default\">\n\t\t\t\t<div class=\"elementor-widget-container\">\n\t\t\t\t\t<div class=\"elementor-text-editor elementor-clearfix\"><p>Una dona de 30 anys explica que va tenir relacions sexuals sense protecci\u00f3 abans del confinament i que quan va voler-se fer les proves, es va trobar amb dificultats per accedir-hi. L\u2019Atenci\u00f3 telef\u00f2nica al CAP li va dificultar poder explicar amb confian\u00e7a els s\u00edmptomes i el proc\u00e9s va ser molt llarg. A m\u00e9s, comenta que en cada trucada la va atendre una metgessa diferent, i la que va sol\u00b7licitar les proves no va ser la mateixa que li va facilitar els resultats. Pensa que davant la situaci\u00f3 de col\u00b7lapse del sistema es va prioritzar l\u2019atenci\u00f3 d\u2019acord amb criteris \u201cm\u00e8dics\u201d que resulten androc\u00e8ntrics i on l\u2019atenci\u00f3 a la salut sexual de les dones joves \u00e9s menystinguda. Creu que aix\u00ed \u00e9s com es patologitza l\u2019atenci\u00f3, quan nom\u00e9s es dona resposta davant d\u2019una urg\u00e8ncia o malaltia.<\/p><\/div>\n\t\t\t\t<\/div>\n\t\t\t\t<\/div>\n\t\t\t\t<div class=\"elementor-element elementor-element-7a3fe83 elementor-widget elementor-widget-spacer\" data-id=\"7a3fe83\" data-element_type=\"widget\" data-widget_type=\"spacer.default\">\n\t\t\t\t<div class=\"elementor-widget-container\">\n\t\t\t\t\t<div class=\"elementor-spacer\">\n\t\t\t<div class=\"elementor-spacer-inner\"><\/div>\n\t\t<\/div>\n\t\t\t\t<\/div>\n\t\t\t\t<\/div>\n\t\t\t\t\t\t<\/div>\n\t\t\t\t\t<\/div>\n\t\t<\/div>\n\t\t\t\t<div class=\"elementor-column elementor-col-50 elementor-top-column elementor-element elementor-element-224a21e\" data-id=\"224a21e\" data-element_type=\"column\" data-settings=\"{&quot;background_background&quot;:&quot;classic&quot;}\">\n\t\t\t<div class=\"elementor-column-wrap elementor-element-populated\">\n\t\t\t\t\t\t\t<div class=\"elementor-widget-wrap\">\n\t\t\t\t\t\t<div class=\"elementor-element elementor-element-77b60268 elementor-widget elementor-widget-spacer\" data-id=\"77b60268\" data-element_type=\"widget\" data-widget_type=\"spacer.default\">\n\t\t\t\t<div class=\"elementor-widget-container\">\n\t\t\t\t\t<div class=\"elementor-spacer\">\n\t\t\t<div class=\"elementor-spacer-inner\"><\/div>\n\t\t<\/div>\n\t\t\t\t<\/div>\n\t\t\t\t<\/div>\n\t\t\t\t\t\t<\/div>\n\t\t\t\t\t<\/div>\n\t\t<\/div>\n\t\t\t\t\t\t\t\t<\/div>\n\t\t\t\t\t<\/div>\n\t\t<\/section>\n\t\t\t\t<section class=\"elementor-section elementor-top-section elementor-element elementor-element-2fe5afa1 elementor-section-boxed elementor-section-height-default elementor-section-height-default\" data-id=\"2fe5afa1\" data-element_type=\"section\">\n\t\t\t\t\t\t<div class=\"elementor-container elementor-column-gap-default\">\n\t\t\t\t\t\t\t<div class=\"elementor-row\">\n\t\t\t\t\t<div class=\"elementor-column elementor-col-100 elementor-top-column elementor-element elementor-element-9e87734\" data-id=\"9e87734\" data-element_type=\"column\">\n\t\t\t<div class=\"elementor-column-wrap elementor-element-populated\">\n\t\t\t\t\t\t\t<div class=\"elementor-widget-wrap\">\n\t\t\t\t\t\t<div class=\"elementor-element elementor-element-3333ac35 elementor-widget elementor-widget-heading\" data-id=\"3333ac35\" data-element_type=\"widget\" data-widget_type=\"heading.default\">\n\t\t\t\t<div class=\"elementor-widget-container\">\n\t\t\t<h2 class=\"elementor-heading-title elementor-size-default\">L'abordatge de les ITS en temps de COVID-19<\/h2>\t\t<\/div>\n\t\t\t\t<\/div>\n\t\t\t\t<section class=\"elementor-section elementor-inner-section elementor-element elementor-element-9a48bf5 elementor-section-full_width elementor-section-height-default elementor-section-height-default\" data-id=\"9a48bf5\" data-element_type=\"section\">\n\t\t\t\t\t\t<div class=\"elementor-container elementor-column-gap-default\">\n\t\t\t\t\t\t\t<div class=\"elementor-row\">\n\t\t\t\t\t<div class=\"elementor-column elementor-col-100 elementor-inner-column elementor-element elementor-element-fa03764\" data-id=\"fa03764\" data-element_type=\"column\">\n\t\t\t<div class=\"elementor-column-wrap elementor-element-populated\">\n\t\t\t\t\t\t\t<div class=\"elementor-widget-wrap\">\n\t\t\t\t\t\t<div class=\"elementor-element elementor-element-a43b4f8 elementor-widget elementor-widget-text-editor\" data-id=\"a43b4f8\" data-element_type=\"widget\" data-widget_type=\"text-editor.default\">\n\t\t\t\t<div class=\"elementor-widget-container\">\n\t\t\t\t\t<div class=\"elementor-text-editor elementor-clearfix\"><p class=\"p1\"><span class=\"s1\">A la segona meitat de l\u2019any 2019 el tema de les ITS tornava a ser moda a Catalunya i a l\u2019Estat espanyol. Les dades anaven confirmant la tend\u00e8ncia seguida any rere any, un notabil\u00edssim <strong>augment de les ITS, sobretot en poblaci\u00f3 jove. <\/strong><\/span><span class=\"s1\">A Catalunya, el 2018, <a href=\"https:\/\/canalsalut.gencat.cat\/web\/.content\/_A-Z\/S\/sida\/enllasos\/anual_ITS.pdf\">segons dades recollides al CEEISCAT<\/a>, es van notificar 13,733 casos de s\u00edfilis, gonoc\u00f2ccia, clam\u00eddia i limfogranuloma veneri a Catalunya, <strong>un augment del 9% respecte el nombre notificat al 2017<\/strong>. Durant els \u00faltims cinc anys (2014- 2018) el n\u00famero de casos d\u2019Infeccions de Transmissi\u00f3 Sexual havien augmentat de manera significativa, <span style=\"text-decoration: underline;\">per sobre del 20% interanual per la gonoc\u00f2ccia i la clam\u00eddia i entorn al 10% interanual per la s\u00edfilis<\/span>. Tamb\u00e9 s\u2019observava un augment de les taxes per herpes simple i Trichomonas vaginalis presentat valors el 2018 que s\u00f3n el doble dels del 2014. La taxa global de s\u00edfilis s\u2019havia incrementat, passant de 5 casos per 100.000 habitants en 2009 a 23,8 casos al 2018. <\/span><\/p><p class=\"p1\"><span class=\"s1\">El 2018, el <strong>46% del total de casos notificats tenien entre 25-39 anys i<span class=\"Apple-converted-space\">\u00a0 <\/span>el percentatge de menors de 25 anys era molt superior en dones que en homes, 23% i 6% respectivament<\/strong>. <\/span><span class=\"s1\">Dades com aquestes feien que les diferents administracions el situessin d\u2019una manera expl\u00edcita com un dels temes <span style=\"text-decoration: underline;\">prioritaris a abordar en l\u2019agenda de salut p\u00fablica<\/span> en els propers mesos. Aix\u00ed, des de l\u2019Estat espanyol es va encetar una <a href=\"https:\/\/www.mscbs.gob.es\/gabinete\/notasPrensa.do?id=4595\">campanya important<\/a> l\u2019any 2019 sobre el tema a partir de les dades epidemiol\u00f2giques de l\u2019any 2017 [1].<\/span><\/p><p class=\"p1\"><span class=\"s1\">A Barcelona, les dades presentades<span class=\"Apple-converted-space\">\u00a0 <\/span>per l\u2019Ag\u00e8ncia de Salut P\u00fablica de Barcelona, tamb\u00e9 apuntaven en aquesta l\u00ednia i es manifestava p\u00fablicament que \u201c<a href=\"https:\/\/catalunyadiari.com\/actualitat\/alarmant-noticia-malalties-sexuals-barcelona\"><strong>es refor\u00e7arien\u00a0 les mesures de prevenci\u00f3 i sensibilitzaci\u00f3 per a revertir la tend\u00e8ncia a l&#8217;augment de les Infeccions de Transmissi\u00f3 Sexual (ITS)<\/strong><\/a>\u201d. A la ciutat, el 2018 es van observar un augment del 22% casos de s\u00edfilis, 22% de gonoc\u00f2ccia i fins a un 44% de clam\u00eddia respecte el 2107. <\/span><span class=\"s1\">S\u2019admetia, aix\u00ed, la necessitat de m\u00e9s informaci\u00f3 a la ciutadania, de <strong>refor\u00e7ar la sensibilitzaci\u00f3 sobre l\u2019\u00fas del preservatiu \u2013dins del marc de la prevenci\u00f3 combinada\u2013 i en refor\u00e7ar la promoci\u00f3 de la salut sexual i reproductiva en els centres educatius de prim\u00e0ria i secund\u00e0ria.<\/strong><\/span><\/p><p class=\"p1\"><span class=\"s1\">Tamb\u00e9 era el moment clau de <span style=\"text-decoration: underline;\">desplegament de la PrEP \u2013profilaxi preexposici\u00f3 al VIH<\/span>\u2013despr\u00e9s d\u2019un llarg periple. <a href=\"https:\/\/www.mscbs.gob.es\/gabinete\/notasPrensa.do?id=4708\">El Ministeri de Sanitat aprovava a finals de setembre de 2019<\/a> el finan\u00e7ament p\u00fablic de la p\u00edndola preventiva del VIH al Sistema Nacional de Salut per prevenir la infecci\u00f3 en persones amb elevat risc d\u2019infecci\u00f3. <a href=\"https:\/\/salutpublica.gencat.cat\/ca\/detalls\/Article\/PrEP\">I el Departament de Salut, per la seva banda, anunciava a principis de novembre que el finan\u00e7ament aniria a c\u00e0rrec de la Generalitat de Catalunya<\/a> i que la <strong>PrEP es prescriuria a la unitats d\u2019ITS de Drassanes Express i al centre comunitari BCN Preppoint<\/strong>, aix\u00ed com a les 19 unitats funcionals de VIH\/sida que hi ha repartides per arreu de Catalunya.<\/span><\/p><p class=\"p2\"><span class=\"s1\">En aquest escena d\u2019una aposta p\u00fablica per refor\u00e7ar el treball respecte les ITS <span style=\"text-decoration: underline;\">cau la tempesta de la COVID-19<\/span>.<\/span><\/p><\/div>\n\t\t\t\t<\/div>\n\t\t\t\t<\/div>\n\t\t\t\t<div class=\"elementor-element elementor-element-24a7ce4 elementor-widget elementor-widget-spacer\" data-id=\"24a7ce4\" data-element_type=\"widget\" data-widget_type=\"spacer.default\">\n\t\t\t\t<div class=\"elementor-widget-container\">\n\t\t\t\t\t<div class=\"elementor-spacer\">\n\t\t\t<div class=\"elementor-spacer-inner\"><\/div>\n\t\t<\/div>\n\t\t\t\t<\/div>\n\t\t\t\t<\/div>\n\t\t\t\t<div class=\"elementor-element elementor-element-001b7a9 elementor-widget elementor-widget-spacer\" data-id=\"001b7a9\" data-element_type=\"widget\" data-widget_type=\"spacer.default\">\n\t\t\t\t<div class=\"elementor-widget-container\">\n\t\t\t\t\t<div class=\"elementor-spacer\">\n\t\t\t<div class=\"elementor-spacer-inner\"><\/div>\n\t\t<\/div>\n\t\t\t\t<\/div>\n\t\t\t\t<\/div>\n\t\t\t\t<div class=\"elementor-element elementor-element-bac929f elementor-aspect-ratio-169 elementor-widget elementor-widget-video\" data-id=\"bac929f\" data-element_type=\"widget\" data-settings=\"{&quot;aspect_ratio&quot;:&quot;169&quot;}\" data-widget_type=\"video.default\">\n\t\t\t\t<div class=\"elementor-widget-container\">\n\t\t\t\t\t<div class=\"elementor-wrapper elementor-fit-aspect-ratio elementor-open-inline\">\n\t\t\t<iframe class=\"elementor-video-iframe\" allowfullscreen title=\"Reproductor de v\u00eddeo youtube\" src=\"https:\/\/www.youtube.com\/embed\/GAwfgOwbUzg?feature=oembed&amp;autoplay=1&amp;playlist=GAwfgOwbUzg&amp;wmode=opaque&amp;loop=1&amp;controls=1&amp;mute=0&amp;rel=0&amp;modestbranding=0\"><\/iframe>\t\t<\/div>\n\t\t\t\t<\/div>\n\t\t\t\t<\/div>\n\t\t\t\t<div class=\"elementor-element elementor-element-ce57ff1 elementor-widget elementor-widget-spacer\" data-id=\"ce57ff1\" data-element_type=\"widget\" data-widget_type=\"spacer.default\">\n\t\t\t\t<div class=\"elementor-widget-container\">\n\t\t\t\t\t<div class=\"elementor-spacer\">\n\t\t\t<div class=\"elementor-spacer-inner\"><\/div>\n\t\t<\/div>\n\t\t\t\t<\/div>\n\t\t\t\t<\/div>\n\t\t\t\t<div class=\"elementor-element elementor-element-ae60406 elementor-widget elementor-widget-text-editor\" data-id=\"ae60406\" data-element_type=\"widget\" data-widget_type=\"text-editor.default\">\n\t\t\t\t<div class=\"elementor-widget-container\">\n\t\t\t\t\t<div class=\"elementor-text-editor elementor-clearfix\"><p>\u00a0<\/p><p class=\"p1\"><span class=\"s1\">A partir d\u2019aqu\u00ed, i principalment a partir febrer-mar\u00e7 del 2020, ens trobem en <strong>una situaci\u00f3 de sense precedents que impacta la salut p\u00fablica i l\u2019atenci\u00f3 assistencial, tensionant el sistema d\u2019una manera mai vista i obligant a nombrosos reajustos dels serveis<\/strong>. <\/span><span class=\"s1\">En el cas de les ITS, aquest escenari ha suposat una <span style=\"text-decoration: underline;\">disminuci\u00f3 important\u00edssima en la prestaci\u00f3 de serveis, principalment de detecci\u00f3<\/span>.<\/span><\/p><p class=\"p1\"><span class=\"s1\">Aix\u00ed, i a grans trets, s\u2019ha produ\u00eft un escenari que ha suposat que els ASSIR i el CAP hagin hagut de reajustar l\u2019activitat suspenent bona part de les atencions programades no urgents, entre les quals la majoria de cribratges no simptom\u00e0tics d\u2019ITS. <\/span><span class=\"s1\">Alhora, <strong>les unitats hospital\u00e0ries d\u2019ITS van reenfocar bona part de la seva activitat a la COVID i les entitats comunit\u00e0ries que fan deteccions tamb\u00e9 van veure disminu\u00efda la seva activitat<\/strong>, havent-la d\u2019aturar o de reduir. El que s\u00ed es va poder mantenir, amb alts i baixos, va ser l\u2019acc\u00e9s a l\u2019atenci\u00f3 simptom\u00e0tica des dels referents d\u2019ITS d\u2019atenci\u00f3 prim\u00e0ria i els ASSIR. <\/span><span class=\"s1\">I per acabar l\u2019enorme impacte que suposava el <strong>tancament de la Unitat d\u2019ITS Vall d\u2019Hebron-Drassanes, que el 2018 va fer m\u00e9s de 35.000 visites, i el centre Drassanes Express<\/strong> que<span class=\"Apple-converted-space\">\u00a0 <\/span>es va crear el novembre del 2016 per oferir un diagn\u00f2stic r\u00e0pid a persones asimptom\u00e0tiques.<\/span><\/p><\/div>\n\t\t\t\t<\/div>\n\t\t\t\t<\/div>\n\t\t\t\t<div class=\"elementor-element elementor-element-9ab0427 elementor-blockquote--skin-quotation elementor-blockquote--button-view-icon-text elementor-blockquote--button-skin-classic elementor-blockquote--button-color-official elementor-widget elementor-widget-blockquote\" data-id=\"9ab0427\" data-element_type=\"widget\" data-widget_type=\"blockquote.default\">\n\t\t\t\t<div class=\"elementor-widget-container\">\n\t\t\t\t\t<blockquote class=\"elementor-blockquote\">\n\t\t\t<p class=\"elementor-blockquote__content\">\n\t\t\t\tL\u2019endarreriment diagn\u00f2stic \u00e9s un dels factors que explica la dificultat per controlar aquestes infeccions. Disposar de diagn\u00f2stic r\u00e0pid en poblaci\u00f3 asimptom\u00e0tica o amb simptomatologia lleu permet detectar preco\u00e7ment, iniciant el tractament i reduint les complicacions, aix\u00ed com interrompre sense retards la cadena epidemiol\u00f2gica de transmissi\u00f3.\t\t\t<\/p>\n\t\t\t\t\t\t\t<footer>\n\t\t\t\t\t\t\t\t\t\t\t<cite class=\"elementor-blockquote__author\">Comit\u00e8 1r de Desembre<\/cite>\n\t\t\t\t\t\t\t\t\t\t\t\t\t\t\t\t<a href=\"https:\/\/twitter.com\/intent\/tweet?text=L%E2%80%99endarreriment+diagn%C3%B2stic+%C3%A9s+un+dels+factors+que+explica+la+dificultat+per+controlar+aquestes+infeccions.+Disposar+de+diagn%C3%B2stic+r%C3%A0pid+en+poblaci%C3%B3+asimptom%C3%A0tica+o+amb+simptomatologia+lleu+permet+detectar+preco%C3%A7ment%2C+iniciant+el+tractament+i+reduint+les+complicacions%2C+aix%C3%AD+com+interrompre+sense+retards+la+cadena+epidemiol%C3%B2gica+de+transmissi%C3%B3.+%E2%80%94+Comit%C3%A8+1r+de+Desembre&amp;url=https%3A%2F%2Fdrets-sexuals-i-reproductius.lassociacio.org%2Finforme2020%2Finforme2020%2Fwp-json%2Fwp%2Fv2%2Fpages%2F257\" class=\"elementor-blockquote__tweet-button\" target=\"_blank\">\n\t\t\t\t\t\t\t\t\t\t\t\t\t\t\t<i aria-hidden=\"true\" class=\"fab fa-twitter\"><\/i>\t\t\t\t\t\t\t\t\t\t\t\t\t\t\t\t\t\t\t\t\t\t\t\t\t\t\t\t\t\t<span class=\"elementor-blockquote__tweet-label\">Tweet<\/span>\n\t\t\t\t\t\t\t\t\t\t\t\t\t<\/a>\n\t\t\t\t\t\t\t\t\t<\/footer>\n\t\t\t\t\t<\/blockquote>\n\t\t\t\t<\/div>\n\t\t\t\t<\/div>\n\t\t\t\t<div class=\"elementor-element elementor-element-9ecdd09 elementor-widget elementor-widget-text-editor\" data-id=\"9ecdd09\" data-element_type=\"widget\" data-widget_type=\"text-editor.default\">\n\t\t\t\t<div class=\"elementor-widget-container\">\n\t\t\t\t\t<div class=\"elementor-text-editor elementor-clearfix\"><p class=\"p1\">I no oblidem que <strong>la realitat de l\u2019acc\u00e9s als serveis sanitaris ja \u00e9s desigual<\/strong> de partida a Catalunya -ja que a Barcelona es concentren la majoria de recursos. Per tant l\u2019acc\u00e9s a les proves d\u2019ITS a Catalunya s\u2019ha pogut vist encara m\u00e9s dificultada durant l\u2019\u00e8poca de la COVID. <span class=\"s1\">A aquestes dificultats \u201cobjectives\u201d de tancament o restricci\u00f3 dels serveis se sumaria la <span style=\"text-decoration: underline;\">percepci\u00f3 d\u2019inaccessibilitat per part de la ciutadania que ja anticipen les dificultats d\u2019accedir i per tant no intenten al considerar la seva visita com a no priorit\u00e0ria<\/span>. <\/span><\/p><p class=\"p1\"><span class=\"s1\">En relaci\u00f3 a la PrEP, l\u2019impacte de les restriccions tamb\u00e9 ha estat notable. <\/span><span class=\"s1\">D\u2019una banda <strong>s\u2019ha susp\u00e8s el programa de PrEP a l\u2019Unitat d\u2019ITS de Drassanes deixant a les persones usu\u00e0ries sense tractament preventiu i el centre comunitari. <\/strong>BCN.PrEP continua atenent a les persones usu\u00e0ries en seguiment, per\u00f2 atura les noves incorporacions programa. I pel que fa a les poques unitats funcionals de VIH\/sida del centres hospitalaris que havien comen\u00e7at a oferir programes de PrEP van aturar el servei i encara en alguns centres no s\u2019ha restablert a data d\u2019avui.<\/span><\/p><p class=\"p2\"><span class=\"s1\"><b>Impacte de la COVID<\/b><\/span><\/p><p class=\"p1\"><span class=\"s1\">Segons dades facilitades pel CEEISCAT en relaci\u00f3 a les ITS notificades a Catalunya del 1 de gener del 2018 al 31 d&#8217;octubre del 2020 a trav\u00e9s del Repositori Epidemiol\u00f2gic de Catalunya (REC), la comparaci\u00f3 en la notificaci\u00f3 de casos d\u2019ITS del per\u00edode que va de mar\u00e7 a octubre de 2020 respecte el mateix per\u00edode en 2019 mostra una <strong>disminuci\u00f3 del 70% en la notificaci\u00f3 de clam\u00eddia i gonorrea i una reducci\u00f3 d\u2019un 50% en s\u00edfilis i i linfogranuloma veneri (LGV)<\/strong>. <\/span><span class=\"s1\">Poden haver diverses raons que puguin ajudar a explicar aquesta disminuci\u00f3 per\u00f2 la que sembla m\u00e9s plausible \u00e9s per la reducci\u00f3 de proves realitzades.<\/span><\/p><table class=\"t1\" cellspacing=\"0\" cellpadding=\"0\"><tbody><tr><td class=\"td1\" valign=\"bottom\"><p class=\"p4\"><span class=\"s1\">\u00a0<\/span><\/p><\/td><td class=\"td2\" valign=\"bottom\"><p class=\"p4\"><span class=\"s1\">\u00a0<\/span><\/p><\/td><td class=\"td3\" valign=\"middle\"><p class=\"p5\"><span class=\"s1\">2018<\/span><\/p><\/td><td class=\"td4\" colspan=\"2\" valign=\"middle\"><p class=\"p5\"><span class=\"s1\">2019<\/span><\/p><\/td><td class=\"td4\" colspan=\"2\" valign=\"middle\"><p class=\"p5\"><span class=\"s1\">2020<\/span><\/p><\/td><\/tr><tr><td class=\"td5\" valign=\"bottom\"><p class=\"p4\"><span class=\"s1\">\u00a0<\/span><\/p><\/td><td class=\"td6\" valign=\"bottom\"><p class=\"p4\"><span class=\"s1\">\u00a0<\/span><\/p><\/td><td class=\"td7\" valign=\"bottom\"><p class=\"p4\"><span class=\"s1\">N<\/span><\/p><\/td><td class=\"td8\" valign=\"bottom\"><p class=\"p4\"><span class=\"s1\">N<\/span><\/p><\/td><td class=\"td9\" valign=\"bottom\"><p class=\"p4\"><span class=\"s1\">Canvi %<\/span><\/p><\/td><td class=\"td10\" valign=\"bottom\"><p class=\"p4\"><span class=\"s1\">N<\/span><\/p><\/td><td class=\"td11\" valign=\"bottom\"><p class=\"p4\"><span class=\"s1\">Canvi %<\/span><\/p><\/td><\/tr><tr><td class=\"td12\" rowspan=\"3\" valign=\"middle\"><p class=\"p5\"><span class=\"s1\">Total ITS<\/span><\/p><\/td><td class=\"td13\" valign=\"bottom\"><p class=\"p4\"><span class=\"s1\">fins el 13 de Mar\u00e7 <\/span><\/p><\/td><td class=\"td14\" valign=\"bottom\"><p class=\"p6\"><span class=\"s1\">2447<\/span><\/p><\/td><td class=\"td15\" valign=\"bottom\"><p class=\"p6\"><span class=\"s1\">3386<\/span><\/p><\/td><td class=\"td16\" valign=\"bottom\"><p class=\"p6\"><span class=\"s1\">38,37<\/span><\/p><\/td><td class=\"td17\" valign=\"bottom\"><p class=\"p6\"><span class=\"s1\">4197<\/span><\/p><\/td><td class=\"td18\" valign=\"bottom\"><p class=\"p6\"><span class=\"s1\">23,95<\/span><\/p><\/td><\/tr><tr><td class=\"td6\" valign=\"bottom\"><p class=\"p4\"><span class=\"s1\">a partir 13 de Mar\u00e7 &#8211; Octubre<\/span><\/p><\/td><td class=\"td7\" valign=\"bottom\"><p class=\"p6\"><span class=\"s1\">8837<\/span><\/p><\/td><td class=\"td8\" valign=\"bottom\"><p class=\"p6\"><span class=\"s1\">11292<\/span><\/p><\/td><td class=\"td9\" valign=\"bottom\"><p class=\"p6\"><span class=\"s1\">27,78<\/span><\/p><\/td><td class=\"td10\" valign=\"bottom\"><p class=\"p6\"><span class=\"s1\">3764<\/span><\/p><\/td><td class=\"td11\" valign=\"bottom\"><p class=\"p6\"><span class=\"s1\">-66,67<\/span><\/p><\/td><\/tr><tr><td class=\"td13\" valign=\"bottom\"><p class=\"p4\"><span class=\"s1\">Novembre &#8211; Desembre<\/span><\/p><\/td><td class=\"td14\" valign=\"bottom\"><p class=\"p6\"><span class=\"s1\">2429<\/span><\/p><\/td><td class=\"td15\" valign=\"bottom\"><p class=\"p6\"><span class=\"s1\">3339<\/span><\/p><\/td><td class=\"td16\" valign=\"bottom\"><p class=\"p6\"><span class=\"s1\">37,46<\/span><\/p><\/td><td class=\"td19\" valign=\"bottom\"><p class=\"p4\"><span class=\"s1\">\u00a0<\/span><\/p><\/td><td class=\"td20\" valign=\"bottom\"><p class=\"p4\"><span class=\"s1\">\u00a0<\/span><\/p><\/td><\/tr><tr><td class=\"td21\" rowspan=\"3\" valign=\"middle\"><p class=\"p5\"><span class=\"s1\">Clamidia<\/span><\/p><\/td><td class=\"td6\" valign=\"bottom\"><p class=\"p4\"><span class=\"s1\">fins el 13 de Mar\u00e7 <\/span><\/p><\/td><td class=\"td7\" valign=\"bottom\"><p class=\"p6\"><span class=\"s1\">1240<\/span><\/p><\/td><td class=\"td8\" valign=\"bottom\"><p class=\"p6\"><span class=\"s1\">1864<\/span><\/p><\/td><td class=\"td9\" valign=\"bottom\"><p class=\"p6\"><span class=\"s1\">50,32<\/span><\/p><\/td><td class=\"td10\" valign=\"bottom\"><p class=\"p6\"><span class=\"s1\">2286<\/span><\/p><\/td><td class=\"td11\" valign=\"bottom\"><p class=\"p6\"><span class=\"s1\">22,64<\/span><\/p><\/td><\/tr><tr><td class=\"td13\" valign=\"bottom\"><p class=\"p4\"><span class=\"s1\">a partir 13 de Mar\u00e7 &#8211; Octubre<\/span><\/p><\/td><td class=\"td14\" valign=\"bottom\"><p class=\"p6\"><span class=\"s1\">4659<\/span><\/p><\/td><td class=\"td15\" valign=\"bottom\"><p class=\"p6\"><span class=\"s1\">6187<\/span><\/p><\/td><td class=\"td16\" valign=\"bottom\"><p class=\"p6\"><span class=\"s1\">32,8<\/span><\/p><\/td><td class=\"td17\" valign=\"bottom\"><p class=\"p6\"><span class=\"s1\">1886<\/span><\/p><\/td><td class=\"td18\" valign=\"bottom\"><p class=\"p6\"><span class=\"s1\">-69,52<\/span><\/p><\/td><\/tr><tr><td class=\"td6\" valign=\"bottom\"><p class=\"p4\"><span class=\"s1\">Novembre &#8211; Desembre<\/span><\/p><\/td><td class=\"td7\" valign=\"bottom\"><p class=\"p6\"><span class=\"s1\">1333<\/span><\/p><\/td><td class=\"td8\" valign=\"bottom\"><p class=\"p6\"><span class=\"s1\">1780<\/span><\/p><\/td><td class=\"td9\" valign=\"bottom\"><p class=\"p6\"><span class=\"s1\">33,53<\/span><\/p><\/td><td class=\"td22\" valign=\"bottom\"><p class=\"p4\"><span class=\"s1\">\u00a0<\/span><\/p><\/td><td class=\"td23\" valign=\"bottom\"><p class=\"p4\"><span class=\"s1\">\u00a0<\/span><\/p><\/td><\/tr><tr><td class=\"td12\" rowspan=\"3\" valign=\"middle\"><p class=\"p5\"><span class=\"s1\">Gonococ<\/span><\/p><\/td><td class=\"td13\" valign=\"bottom\"><p class=\"p4\"><span class=\"s1\">fins el 13 de Mar\u00e7 <\/span><\/p><\/td><td class=\"td14\" valign=\"bottom\"><p class=\"p6\"><span class=\"s1\">672<\/span><\/p><\/td><td class=\"td15\" valign=\"bottom\"><p class=\"p6\"><span class=\"s1\">1068<\/span><\/p><\/td><td class=\"td16\" valign=\"bottom\"><p class=\"p6\"><span class=\"s1\">58,93<\/span><\/p><\/td><td class=\"td17\" valign=\"bottom\"><p class=\"p6\"><span class=\"s1\">1326<\/span><\/p><\/td><td class=\"td18\" valign=\"bottom\"><p class=\"p6\"><span class=\"s1\">24,16<\/span><\/p><\/td><\/tr><tr><td class=\"td6\" valign=\"bottom\"><p class=\"p4\"><span class=\"s1\">a partir 13 de Mar\u00e7 &#8211; Octubre<\/span><\/p><\/td><td class=\"td7\" valign=\"bottom\"><p class=\"p6\"><span class=\"s1\">2681<\/span><\/p><\/td><td class=\"td8\" valign=\"bottom\"><p class=\"p6\"><span class=\"s1\">3559<\/span><\/p><\/td><td class=\"td9\" valign=\"bottom\"><p class=\"p6\"><span class=\"s1\">32,75<\/span><\/p><\/td><td class=\"td10\" valign=\"bottom\"><p class=\"p6\"><span class=\"s1\">1110<\/span><\/p><\/td><td class=\"td11\" valign=\"bottom\"><p class=\"p6\"><span class=\"s1\">-68,81<\/span><\/p><\/td><\/tr><tr><td class=\"td13\" valign=\"bottom\"><p class=\"p4\"><span class=\"s1\">Novembre &#8211; Desembre<\/span><\/p><\/td><td class=\"td14\" valign=\"bottom\"><p class=\"p6\"><span class=\"s1\">734<\/span><\/p><\/td><td class=\"td15\" valign=\"bottom\"><p class=\"p6\"><span class=\"s1\">1160<\/span><\/p><\/td><td class=\"td16\" valign=\"bottom\"><p class=\"p6\"><span class=\"s1\">58,04<\/span><\/p><\/td><td class=\"td19\" valign=\"bottom\"><p class=\"p4\"><span class=\"s1\">\u00a0<\/span><\/p><\/td><td class=\"td20\" valign=\"bottom\"><p class=\"p4\"><span class=\"s1\">\u00a0<\/span><\/p><\/td><\/tr><tr><td class=\"td21\" rowspan=\"3\" valign=\"middle\"><p class=\"p5\"><span class=\"s1\">Sifilis<\/span><\/p><\/td><td class=\"td6\" valign=\"bottom\"><p class=\"p4\"><span class=\"s1\">fins el 13 de Mar\u00e7 <\/span><\/p><\/td><td class=\"td7\" valign=\"bottom\"><p class=\"p6\"><span class=\"s1\">488<\/span><\/p><\/td><td class=\"td8\" valign=\"bottom\"><p class=\"p6\"><span class=\"s1\">413<\/span><\/p><\/td><td class=\"td9\" valign=\"bottom\"><p class=\"p6\"><span class=\"s1\">-15,37<\/span><\/p><\/td><td class=\"td10\" valign=\"bottom\"><p class=\"p6\"><span class=\"s1\">505<\/span><\/p><\/td><td class=\"td11\" valign=\"bottom\"><p class=\"p6\"><span class=\"s1\">22,28<\/span><\/p><\/td><\/tr><tr><td class=\"td13\" valign=\"bottom\"><p class=\"p4\"><span class=\"s1\">a partir 13 de Mar\u00e7 &#8211; Octubre<\/span><\/p><\/td><td class=\"td14\" valign=\"bottom\"><p class=\"p6\"><span class=\"s1\">1367<\/span><\/p><\/td><td class=\"td15\" valign=\"bottom\"><p class=\"p6\"><span class=\"s1\">1397<\/span><\/p><\/td><td class=\"td16\" valign=\"bottom\"><p class=\"p6\"><span class=\"s1\">2,19<\/span><\/p><\/td><td class=\"td17\" valign=\"bottom\"><p class=\"p6\"><span class=\"s1\">682<\/span><\/p><\/td><td class=\"td18\" valign=\"bottom\"><p class=\"p6\"><span class=\"s1\">-51,18<\/span><\/p><\/td><\/tr><tr><td class=\"td6\" valign=\"bottom\"><p class=\"p4\"><span class=\"s1\">Novembre &#8211; Desembre<\/span><\/p><\/td><td class=\"td7\" valign=\"bottom\"><p class=\"p6\"><span class=\"s1\">318<\/span><\/p><\/td><td class=\"td8\" valign=\"bottom\"><p class=\"p6\"><span class=\"s1\">351<\/span><\/p><\/td><td class=\"td9\" valign=\"bottom\"><p class=\"p6\"><span class=\"s1\">10,38<\/span><\/p><\/td><td class=\"td22\" valign=\"bottom\"><p class=\"p4\"><span class=\"s1\">\u00a0<\/span><\/p><\/td><td class=\"td23\" valign=\"bottom\"><p class=\"p4\"><span class=\"s1\">\u00a0<\/span><\/p><\/td><\/tr><tr><td class=\"td12\" rowspan=\"3\" valign=\"middle\"><p class=\"p5\"><span class=\"s1\">LGV<\/span><\/p><\/td><td class=\"td13\" valign=\"bottom\"><p class=\"p4\"><span class=\"s1\">fins el 13 de Mar\u00e7 <\/span><\/p><\/td><td class=\"td14\" valign=\"bottom\"><p class=\"p6\"><span class=\"s1\">47<\/span><\/p><\/td><td class=\"td15\" valign=\"bottom\"><p class=\"p6\"><span class=\"s1\">41<\/span><\/p><\/td><td class=\"td16\" valign=\"bottom\"><p class=\"p6\"><span class=\"s1\">-12,77<\/span><\/p><\/td><td class=\"td17\" valign=\"bottom\"><p class=\"p6\"><span class=\"s1\">80<\/span><\/p><\/td><td class=\"td18\" valign=\"bottom\"><p class=\"p6\"><span class=\"s1\">95,12<\/span><\/p><\/td><\/tr><tr><td class=\"td6\" valign=\"bottom\"><p class=\"p4\"><span class=\"s1\">a partir 13 de Mar\u00e7 &#8211; Octubre<\/span><\/p><\/td><td class=\"td7\" valign=\"bottom\"><p class=\"p6\"><span class=\"s1\">130<\/span><\/p><\/td><td class=\"td8\" valign=\"bottom\"><p class=\"p6\"><span class=\"s1\">149<\/span><\/p><\/td><td class=\"td9\" valign=\"bottom\"><p class=\"p6\"><span class=\"s1\">14,62<\/span><\/p><\/td><td class=\"td10\" valign=\"bottom\"><p class=\"p6\"><span class=\"s1\">86<\/span><\/p><\/td><td class=\"td11\" valign=\"bottom\"><p class=\"p6\"><span class=\"s1\">-42,28<\/span><\/p><\/td><\/tr><tr><td class=\"td13\" valign=\"bottom\"><p class=\"p4\"><span class=\"s1\">Novembre &#8211; Desembre<\/span><\/p><\/td><td class=\"td14\" valign=\"bottom\"><p class=\"p6\"><span class=\"s1\">44<\/span><\/p><\/td><td class=\"td15\" valign=\"bottom\"><p class=\"p6\"><span class=\"s1\">48<\/span><\/p><\/td><td class=\"td16\" valign=\"bottom\"><p class=\"p6\"><span class=\"s1\">9,09<\/span><\/p><\/td><td class=\"td19\" valign=\"bottom\"><p class=\"p4\"><span class=\"s1\">\u00a0<\/span><\/p><\/td><td class=\"td20\" valign=\"bottom\"><p class=\"p4\"><span class=\"s1\">\u00a0<\/span><\/p><\/td><\/tr><\/tbody><\/table><p class=\"p8\"><span class=\"s1\">Pel que fa a la p\u00edndola preventiva, <strong>la gran majoria d\u2019unitats funcionals de VIH\/sida a Catalunya no han posat encara en marxa els programes de PrEP<\/strong> quan tot just ara fa un any que el Departament de Salut va anunciar que <a href=\"https:\/\/salutpublica.gencat.cat\/ca\/detalls\/Article\/PrEP\">ja estaven disponibles a tot Catalunya<\/a>. <\/span><span class=\"s1\">La manca d&#8217;un desplegament efectiu de la PrEP fa que els pocs centres que l\u2019ofereixen tinguin llistes d&#8217;espera que en alguns casos arriben als <span style=\"text-decoration: underline;\">1.000 usuaris que s\u00f3n persones en situaci\u00f3 de risc de VIH<\/span>.<\/span><\/p><p class=\"p2\"><span class=\"s1\"><b>Conclusions<\/b><\/span><\/p><p class=\"p1\"><span class=\"s1\">En relaci\u00f3 a les ITS ens trobem en un escenari en el que, d\u2019una banda, les ITS han anat augmentant de manera important en els darrers 10 anys i, de l\u2019altra, en que els serveis de detecci\u00f3 i prevenci\u00f3 via PrEP s\u2019han vist notablement afectats per la COVID i no poden cobrir les necessitats actuals de la poblaci\u00f3. <\/span><\/p><p class=\"p1\"><span class=\"s1\">Aix\u00ed, i <strong>si no es reverteix aviat aquesta situaci\u00f3, estarem tirant la pilota endavant i posposant un problema de salut p\u00fablica que probablement esclatar\u00e0 en un futur<\/strong>. Les ITS que es detectin d\u2019aqu\u00ed a un temps podran manifestar major simptomatologia i problemes afegits al no haver-se detectat preco\u00e7ment. D\u2019altra banda, <span style=\"text-decoration: underline;\">la interrupci\u00f3 dels programes de PrEP, la seva escassa implementaci\u00f3 a tot el territori catal\u00e0 i la manca de dotaci\u00f3 econ\u00f2mica per al seu desenvolupament efectiu far\u00e0 inviable l\u2019objectiu de reduir el nombre de nous diagn\u00f2stics de VIH \u2013m\u00e9s de 600\u2013 que es notifiquen cada any a Catalunya. <\/span><\/span><\/p><p class=\"p1\"><span class=\"s1\">Cal considerar, a m\u00e9s que ja es partia d\u2019un acc\u00e9s desigual a aquest serveis i hi havia <strong>poblaci\u00f3 m\u00e9s exclosa com persones sense targeta sanit\u00e0ria, poblaci\u00f3 migrada, dones o poblaci\u00f3 en risc o en situaci\u00f3 d\u2019exclusi\u00f3 social<\/strong>. La COVID no haur\u00e0 fet altra cosa que, de nou, <a href=\"https:\/\/www.mscbs.gob.es\/biblioPublic\/publicaciones\/recursos_propios\/resp\/revista_cdrom\/VOL94\/ORIGINALES\/RS94C_202009101.pdf\">agreujar aquestes desigualtats<\/a>, tamb\u00e9 en el cas de les ITS. <\/span><\/p><p class=\"p8\"><span class=\"s1\">Des del Comit\u00e8 1r de Desembre creiem que \u00e9s imprescindible <span style=\"text-decoration: underline;\">no descuidar l\u2019abordatge i la detecci\u00f3 preco\u00e7 d&#8217;ITS ni l&#8217;acc\u00e9s a la PrEP i denunciem que <\/span><\/span><span class=\"s2\"><span style=\"text-decoration: underline;\">aquesta dificultat per a accedir als serveis i centres d&#8217;atenci\u00f3 p\u00fablics i, per tant, de garantir la salut sexual i reproductiva de totes les persones<\/span>, implica una clara <strong>vulneraci\u00f3 de drets<\/strong> per la impossibilitat d\u2019acc\u00e9s a tractaments m\u00e8dics i de mesures de prevenci\u00f3 efectives. Una mesura d\u2019aquestes caracter\u00edstiques, d\u2019allunyar els serveis d\u2019atenci\u00f3 sanit\u00e0ria a la ciutadania, va contra les recomanacions internacionals, entre elles, les d\u2019ONUSIDA, <a href=\"https:\/\/comite1desembre.org\/news\/ca\/2020\/10\/27\/0002\/tancament-servei-drassanes\">sobre l\u2019abordatge de la salut sexual en temps de COVID-19<\/a>.<\/span><\/p><\/div>\n\t\t\t\t<\/div>\n\t\t\t\t<\/div>\n\t\t\t\t<div class=\"elementor-element elementor-element-bb2ed65 elementor-widget elementor-widget-spacer\" data-id=\"bb2ed65\" data-element_type=\"widget\" data-widget_type=\"spacer.default\">\n\t\t\t\t<div class=\"elementor-widget-container\">\n\t\t\t\t\t<div class=\"elementor-spacer\">\n\t\t\t<div class=\"elementor-spacer-inner\"><\/div>\n\t\t<\/div>\n\t\t\t\t<\/div>\n\t\t\t\t<\/div>\n\t\t\t\t<div class=\"elementor-element elementor-element-13c22c2 elementor-widget elementor-widget-text-editor\" data-id=\"13c22c2\" data-element_type=\"widget\" data-widget_type=\"text-editor.default\">\n\t\t\t\t<div class=\"elementor-widget-container\">\n\t\t\t\t\t<div class=\"elementor-text-editor elementor-clearfix\"><p class=\"p1\"><em><strong>Comit\u00e8 1r de Desembre &#8211; Plataforma Unit\u00e0ria d&#8217;ONG Sida de Catalunya.<\/strong><\/em><\/p><\/div>\n\t\t\t\t<\/div>\n\t\t\t\t<\/div>\n\t\t\t\t<div class=\"elementor-element elementor-element-e048607 elementor-widget elementor-widget-spacer\" data-id=\"e048607\" data-element_type=\"widget\" data-widget_type=\"spacer.default\">\n\t\t\t\t<div class=\"elementor-widget-container\">\n\t\t\t\t\t<div class=\"elementor-spacer\">\n\t\t\t<div class=\"elementor-spacer-inner\"><\/div>\n\t\t<\/div>\n\t\t\t\t<\/div>\n\t\t\t\t<\/div>\n\t\t\t\t\t\t<\/div>\n\t\t\t\t\t<\/div>\n\t\t<\/div>\n\t\t\t\t\t\t\t\t<\/div>\n\t\t\t\t\t<\/div>\n\t\t<\/section>\n\t\t\t\t\t\t<\/div>\n\t\t\t\t\t<\/div>\n\t\t<\/div>\n\t\t\t\t\t\t\t\t<\/div>\n\t\t\t\t\t<\/div>\n\t\t<\/section>\n\t\t\t\t\t\t<\/div>\n\t\t\t\t\t\t<\/div>\n\t\t\t\t\t<\/div>\n\t\t","protected":false},"excerpt":{"rendered":"<p>#7 a les Infeccions de Transmissi\u00f3 Sexual (ITS) Una dona de 30 anys explica que va tenir relacions sexuals sense protecci\u00f3 abans del confinament i que quan va voler-se fer les proves, es va trobar amb dificultats per accedir-hi. L\u2019Atenci\u00f3 telef\u00f2nica al CAP li va dificultar poder explicar amb confian\u00e7a els s\u00edmptomes i el proc\u00e9s [&hellip;]<\/p>\n","protected":false},"author":2,"featured_media":0,"parent":0,"menu_order":0,"comment_status":"closed","ping_status":"closed","template":"elementor_header_footer","meta":[],"_links":{"self":[{"href":"https:\/\/drets-sexuals-i-reproductius.lassociacio.org\/informe2020\/wp-json\/wp\/v2\/pages\/257"}],"collection":[{"href":"https:\/\/drets-sexuals-i-reproductius.lassociacio.org\/informe2020\/wp-json\/wp\/v2\/pages"}],"about":[{"href":"https:\/\/drets-sexuals-i-reproductius.lassociacio.org\/informe2020\/wp-json\/wp\/v2\/types\/page"}],"author":[{"embeddable":true,"href":"https:\/\/drets-sexuals-i-reproductius.lassociacio.org\/informe2020\/wp-json\/wp\/v2\/users\/2"}],"replies":[{"embeddable":true,"href":"https:\/\/drets-sexuals-i-reproductius.lassociacio.org\/informe2020\/wp-json\/wp\/v2\/comments?post=257"}],"version-history":[{"count":5,"href":"https:\/\/drets-sexuals-i-reproductius.lassociacio.org\/informe2020\/wp-json\/wp\/v2\/pages\/257\/revisions"}],"predecessor-version":[{"id":296,"href":"https:\/\/drets-sexuals-i-reproductius.lassociacio.org\/informe2020\/wp-json\/wp\/v2\/pages\/257\/revisions\/296"}],"wp:attachment":[{"href":"https:\/\/drets-sexuals-i-reproductius.lassociacio.org\/informe2020\/wp-json\/wp\/v2\/media?parent=257"}],"curies":[{"name":"wp","href":"https:\/\/api.w.org\/{rel}","templated":true}]}}