{"id":247,"date":"2020-12-09T14:01:10","date_gmt":"2020-12-09T14:01:10","guid":{"rendered":"https:\/\/drets-sexuals-i-reproductius.lassociacio.org\/informe2020\/?page_id=247"},"modified":"2020-12-09T21:51:00","modified_gmt":"2020-12-09T21:51:00","slug":"violenciaobstetrica","status":"publish","type":"page","link":"https:\/\/drets-sexuals-i-reproductius.lassociacio.org\/informe2020\/violenciaobstetrica\/","title":{"rendered":"#6 Viol\u00e8ncia obst\u00e8trica"},"content":{"rendered":"\t\t<div data-elementor-type=\"wp-page\" data-elementor-id=\"247\" class=\"elementor elementor-247\" data-elementor-settings=\"[]\">\n\t\t\t\t\t\t<div class=\"elementor-inner\">\n\t\t\t\t\t\t\t<div class=\"elementor-section-wrap\">\n\t\t\t\t\t\t\t<section class=\"elementor-section elementor-top-section elementor-element elementor-element-19e92064 elementor-section-full_width elementor-section-height-min-height elementor-section-items-stretch elementor-section-height-default\" data-id=\"19e92064\" data-element_type=\"section\">\n\t\t\t\t\t\t<div class=\"elementor-container elementor-column-gap-default\">\n\t\t\t\t\t\t\t<div class=\"elementor-row\">\n\t\t\t\t\t<div class=\"elementor-column elementor-col-50 elementor-top-column elementor-element elementor-element-2ee458d4\" data-id=\"2ee458d4\" data-element_type=\"column\">\n\t\t\t<div class=\"elementor-column-wrap elementor-element-populated\">\n\t\t\t\t\t\t\t<div class=\"elementor-widget-wrap\">\n\t\t\t\t\t\t<div class=\"elementor-element elementor-element-9bad041 elementor-widget elementor-widget-spacer\" data-id=\"9bad041\" data-element_type=\"widget\" data-widget_type=\"spacer.default\">\n\t\t\t\t<div class=\"elementor-widget-container\">\n\t\t\t\t\t<div class=\"elementor-spacer\">\n\t\t\t<div class=\"elementor-spacer-inner\"><\/div>\n\t\t<\/div>\n\t\t\t\t<\/div>\n\t\t\t\t<\/div>\n\t\t\t\t<div class=\"elementor-element elementor-element-8dafabd elementor-headline--style-highlight elementor-widget elementor-widget-animated-headline\" data-id=\"8dafabd\" data-element_type=\"widget\" data-settings=\"{&quot;highlighted_text&quot;:&quot;Viol\\u00e8ncia&quot;,&quot;marker&quot;:&quot;underline&quot;,&quot;headline_style&quot;:&quot;highlight&quot;}\" data-widget_type=\"animated-headline.default\">\n\t\t\t\t<div class=\"elementor-widget-container\">\n\t\t\t\t\t<h3 class=\"elementor-headline\">\n\t\t\t\t\t\t\t<span class=\"elementor-headline-plain-text elementor-headline-text-wrapper\">#6<\/span>\n\t\t\t\t\t\t<span class=\"elementor-headline-dynamic-wrapper elementor-headline-text-wrapper\"><\/span>\n\t\t\t\t\t\t\t<span class=\"elementor-headline-plain-text elementor-headline-text-wrapper\">obst\u00e8trica<\/span>\n\t\t\t\t\t<\/h3>\n\t\t\t\t<\/div>\n\t\t\t\t<\/div>\n\t\t\t\t<div class=\"elementor-element elementor-element-7b0cf773 elementor-widget elementor-widget-text-editor\" data-id=\"7b0cf773\" data-element_type=\"widget\" data-widget_type=\"text-editor.default\">\n\t\t\t\t<div class=\"elementor-widget-container\">\n\t\t\t\t\t<div class=\"elementor-text-editor elementor-clearfix\"><p class=\"p1\">Una dona ens explica que va rebre pressions per induir el part des de la setmana 40. El dia del part no es van tenir en compte les especificitats pactades. Volia un part sense epidural, per\u00f2 no li van facilitar eines per alleujar el dolor. Finalment va accedir a una analg\u00e8sia opi\u00e0cia d\u2019efecte limitat. Quan estava dilatada hi va haver un canvi en l\u2019equip de metges. Li van fer una litotomia col\u00b7locant-la a la for\u00e7a. Va demanar estar asseguda, per\u00f2 li van dir que \u201cno era ella qui havia d\u2019estar c\u00f2moda\u201d.<\/p><p class=\"p1\">Durant l\u2019expulsiu va rebre comentaris despectius sobre la seva setmana de gestaci\u00f3 i el pes de la criatura i crits dient que no sabia emp\u00e8nyer, que ho feia malament i la criatura patia. Va tenir un esquin\u00e7 de tercer nivell i la van cosir sense anest\u00e8sia local.<\/p><\/div>\n\t\t\t\t<\/div>\n\t\t\t\t<\/div>\n\t\t\t\t<div class=\"elementor-element elementor-element-7a3fe83 elementor-widget elementor-widget-spacer\" data-id=\"7a3fe83\" data-element_type=\"widget\" data-widget_type=\"spacer.default\">\n\t\t\t\t<div class=\"elementor-widget-container\">\n\t\t\t\t\t<div class=\"elementor-spacer\">\n\t\t\t<div class=\"elementor-spacer-inner\"><\/div>\n\t\t<\/div>\n\t\t\t\t<\/div>\n\t\t\t\t<\/div>\n\t\t\t\t\t\t<\/div>\n\t\t\t\t\t<\/div>\n\t\t<\/div>\n\t\t\t\t<div class=\"elementor-column elementor-col-50 elementor-top-column elementor-element elementor-element-224a21e\" data-id=\"224a21e\" data-element_type=\"column\" data-settings=\"{&quot;background_background&quot;:&quot;classic&quot;}\">\n\t\t\t<div class=\"elementor-column-wrap elementor-element-populated\">\n\t\t\t\t\t\t\t<div class=\"elementor-widget-wrap\">\n\t\t\t\t\t\t<div class=\"elementor-element elementor-element-77b60268 elementor-widget elementor-widget-spacer\" data-id=\"77b60268\" data-element_type=\"widget\" data-widget_type=\"spacer.default\">\n\t\t\t\t<div class=\"elementor-widget-container\">\n\t\t\t\t\t<div class=\"elementor-spacer\">\n\t\t\t<div class=\"elementor-spacer-inner\"><\/div>\n\t\t<\/div>\n\t\t\t\t<\/div>\n\t\t\t\t<\/div>\n\t\t\t\t\t\t<\/div>\n\t\t\t\t\t<\/div>\n\t\t<\/div>\n\t\t\t\t\t\t\t\t<\/div>\n\t\t\t\t\t<\/div>\n\t\t<\/section>\n\t\t\t\t<section class=\"elementor-section elementor-top-section elementor-element elementor-element-2fe5afa1 elementor-section-boxed elementor-section-height-default elementor-section-height-default\" data-id=\"2fe5afa1\" data-element_type=\"section\">\n\t\t\t\t\t\t<div class=\"elementor-container elementor-column-gap-default\">\n\t\t\t\t\t\t\t<div class=\"elementor-row\">\n\t\t\t\t\t<div class=\"elementor-column elementor-col-100 elementor-top-column elementor-element elementor-element-9e87734\" data-id=\"9e87734\" data-element_type=\"column\">\n\t\t\t<div class=\"elementor-column-wrap elementor-element-populated\">\n\t\t\t\t\t\t\t<div class=\"elementor-widget-wrap\">\n\t\t\t\t\t\t<div class=\"elementor-element elementor-element-3333ac35 elementor-widget elementor-widget-heading\" data-id=\"3333ac35\" data-element_type=\"widget\" data-widget_type=\"heading.default\">\n\t\t\t\t<div class=\"elementor-widget-container\">\n\t\t\t<h2 class=\"elementor-heading-title elementor-size-default\">Viol\u00e8ncia obst\u00e8trica,<br>m\u00e9s enll\u00e0 de la pr\u00e0ctica sanit\u00e0ria<\/h2>\t\t<\/div>\n\t\t\t\t<\/div>\n\t\t\t\t<section class=\"elementor-section elementor-inner-section elementor-element elementor-element-9a48bf5 elementor-section-full_width elementor-section-height-default elementor-section-height-default\" data-id=\"9a48bf5\" data-element_type=\"section\">\n\t\t\t\t\t\t<div class=\"elementor-container elementor-column-gap-default\">\n\t\t\t\t\t\t\t<div class=\"elementor-row\">\n\t\t\t\t\t<div class=\"elementor-column elementor-col-100 elementor-inner-column elementor-element elementor-element-fa03764\" data-id=\"fa03764\" data-element_type=\"column\">\n\t\t\t<div class=\"elementor-column-wrap elementor-element-populated\">\n\t\t\t\t\t\t\t<div class=\"elementor-widget-wrap\">\n\t\t\t\t\t\t<div class=\"elementor-element elementor-element-a43b4f8 elementor-widget elementor-widget-text-editor\" data-id=\"a43b4f8\" data-element_type=\"widget\" data-widget_type=\"text-editor.default\">\n\t\t\t\t<div class=\"elementor-widget-container\">\n\t\t\t\t\t<div class=\"elementor-text-editor elementor-clearfix\"><p class=\"p1\">Malgrat que en principi la medicina en particular i la ci\u00e8ncia en general s\u00f3n enteses com racionals, objectives i neutres, des de les teories i les investigacions feministes s&#8217;ha posat de manifest que <strong>el seu funcionament \u00e9s ben sovint patriarcal i androc\u00e8ntric <\/strong>[1]. Per exemple, en l&#8217;\u00e0mbit de la salut el referent sempre ha estat el cos mascul\u00ed i en nombrosos textos cient\u00edfics i m\u00e8dics es feia refer\u00e8ncia al cos femen\u00ed com una anomalia o com si aquest tingu\u00e9s caracter\u00edstiques inferiors o no hagu\u00e9s de ser tingut en compte.<\/p><p class=\"p3\"><span class=\"s1\"> Seguint amb l&#8217;anterior, <strong>en la medicina i en l&#8217;\u00e0mbit de la salut, les dones no nom\u00e9s hem tingut un paper secundari o d&#8217;alteritat, sin\u00f3 que tamb\u00e9 sovint hem patit i seguim patint processos de patologitzaci\u00f3 i apropiaci\u00f3 a diferents nivells<\/strong> i en diferents \u00e0mbits, en relaci\u00f3 amb els nostres cossos. <\/span>Una \u00e0rea especialment problem\u00e0tica en relaci\u00f3 amb aquesta patologitzaci\u00f3, apropiaci\u00f3 i objectivaci\u00f3 de les dones en quant a la salut i a la medicina \u00e9s <strong>la sexualitat i en particular la reproducci\u00f3<\/strong>, ja que tenen a veure amb la capacitat de les dones per quedar-se embarassades, gestar i parir nadons [2]. <span style=\"text-decoration: underline;\">Aquesta capacitat reproductiva en un context patriarcat es vincula directament amb ser destinat\u00e0ries de viol\u00e8ncies i opressions diverses.<\/span><\/p><p class=\"p1\"><span class=\"s1\"><b>Sobre la viol\u00e8ncia obst\u00e8trica<\/b><\/span><\/p><p class=\"p3\"><span class=\"s1\"> En els activismes feministes s&#8217;ha comen\u00e7at a parlar de viol\u00e8ncia obst\u00e8trica de manera relativament recent. En primer lloc \u00e9s just mencionar que <strong>el terme en s\u00ed, \u201cviol\u00e8ncia obst\u00e8trica\u201d, prov\u00e9 de les companyes d&#8217;Am\u00e8rica Llatina <\/strong>[3]. <\/span><\/p><p class=\"p3\"><span class=\"s1\"> Des que va apar\u00e8ixer el concepte com a tal i conforme les dones hem compartit experi\u00e8ncies, hem parlat entre nosaltres, hem fet activisme i tamb\u00e9 hi hem pensat i reflexionat, el propi terme ha anat variant en quant a contingut o en quant a com l&#8217;entenem. <\/span>En un primer moment (i val a dir que encara avui en dia), l&#8217;activisme per a la erradicaci\u00f3 de la viol\u00e8ncia obst\u00e8trica anava en gran part lligat a la medicina basada en evid\u00e8ncia. \u00c9s a dir, a la reivindicaci\u00f3 de que la atenci\u00f3 obst\u00e8trica que reben les dones, principalment durant l&#8217;embar\u00e0s i el part (tamb\u00e9 postpart) sigui conforme a la evid\u00e8ncia cient\u00edfica actual. Potser aix\u00f2 \u00e9s quelcom que ens sobta, per\u00f2 en particular <strong>Espanya \u00e9s un pa\u00eds especialment intervencionista a nivell obst\u00e8tric en el context europeu <\/strong>[4]. Aix\u00f2 t\u00e9 a veure amb el que ja he mencionat a la introducci\u00f3: amb una manera d&#8217;<span style=\"text-decoration: underline;\">entendre el cos de les dones i els processos reproductius com inherent i potencialment patol\u00f2gics<\/span>, que requereixen d&#8217;intervencions m\u00e8diques invasives per a \u201canar b\u00e9\u201d [5].<\/p><p class=\"p3\"><span class=\"s1\"> A Espanya aquest intervencionisme i patologitzaci\u00f3 m\u00e8dics d&#8217;embar\u00e0s i part es posen de manifest, per exemple, en l&#8217;elevat nombre de c<span style=\"text-decoration: underline;\">es\u00e0ries i induccions<\/span>,<span style=\"text-decoration: underline;\"> que dupliquen les recomanacions oficials d&#8217;organitzacions com la Organitzaci\u00f3 Mundial de la Salut<\/span> basades en evid\u00e8ncia [6]. T<\/span><span class=\"s1\">amb\u00e9 s\u00f3n molt habituals els parts instrumentats [7], aix\u00ed com la realitzaci\u00f3 de la <strong>maniobra de Kristeller, prohibida a un gran nombre de pa\u00efsos europeus<\/strong> degut a que no est\u00e0 recolzada per la evid\u00e8ncia i a la seva potencial iatrog\u00e8nia [8].<\/span><\/p><\/div>\n\t\t\t\t<\/div>\n\t\t\t\t<\/div>\n\t\t\t\t<div class=\"elementor-element elementor-element-bb2ed65 elementor-widget elementor-widget-spacer\" data-id=\"bb2ed65\" data-element_type=\"widget\" data-widget_type=\"spacer.default\">\n\t\t\t\t<div class=\"elementor-widget-container\">\n\t\t\t\t\t<div class=\"elementor-spacer\">\n\t\t\t<div class=\"elementor-spacer-inner\"><\/div>\n\t\t<\/div>\n\t\t\t\t<\/div>\n\t\t\t\t<\/div>\n\t\t\t\t<div class=\"elementor-element elementor-element-e048607 elementor-widget elementor-widget-spacer\" data-id=\"e048607\" data-element_type=\"widget\" data-widget_type=\"spacer.default\">\n\t\t\t\t<div class=\"elementor-widget-container\">\n\t\t\t\t\t<div class=\"elementor-spacer\">\n\t\t\t<div class=\"elementor-spacer-inner\"><\/div>\n\t\t<\/div>\n\t\t\t\t<\/div>\n\t\t\t\t<\/div>\n\t\t\t\t\t\t<\/div>\n\t\t\t\t\t<\/div>\n\t\t<\/div>\n\t\t\t\t\t\t\t\t<\/div>\n\t\t\t\t\t<\/div>\n\t\t<\/section>\n\t\t\t\t<div class=\"elementor-element elementor-element-bac929f elementor-aspect-ratio-169 elementor-widget elementor-widget-video\" data-id=\"bac929f\" data-element_type=\"widget\" data-settings=\"{&quot;aspect_ratio&quot;:&quot;169&quot;}\" data-widget_type=\"video.default\">\n\t\t\t\t<div class=\"elementor-widget-container\">\n\t\t\t\t\t<div class=\"elementor-wrapper elementor-fit-aspect-ratio elementor-open-inline\">\n\t\t\t<iframe class=\"elementor-video-iframe\" allowfullscreen title=\"Reproductor de v\u00eddeo youtube\" src=\"https:\/\/www.youtube.com\/embed\/L6QZFbqrImk?feature=oembed&amp;autoplay=1&amp;playlist=L6QZFbqrImk&amp;wmode=opaque&amp;loop=1&amp;controls=1&amp;mute=0&amp;rel=0&amp;modestbranding=0\"><\/iframe>\t\t<\/div>\n\t\t\t\t<\/div>\n\t\t\t\t<\/div>\n\t\t\t\t<section class=\"elementor-section elementor-inner-section elementor-element elementor-element-a37311e elementor-section-full_width elementor-section-height-default elementor-section-height-default\" data-id=\"a37311e\" data-element_type=\"section\">\n\t\t\t\t\t\t<div class=\"elementor-container elementor-column-gap-default\">\n\t\t\t\t\t\t\t<div class=\"elementor-row\">\n\t\t\t\t\t<div class=\"elementor-column elementor-col-100 elementor-inner-column elementor-element elementor-element-be1d64b\" data-id=\"be1d64b\" data-element_type=\"column\">\n\t\t\t<div class=\"elementor-column-wrap elementor-element-populated\">\n\t\t\t\t\t\t\t<div class=\"elementor-widget-wrap\">\n\t\t\t\t\t\t<div class=\"elementor-element elementor-element-c0196fb elementor-widget elementor-widget-text-editor\" data-id=\"c0196fb\" data-element_type=\"widget\" data-widget_type=\"text-editor.default\">\n\t\t\t\t<div class=\"elementor-widget-container\">\n\t\t\t\t\t<div class=\"elementor-text-editor elementor-clearfix\"><p class=\"p3\">Des d&#8217;organitzacions com <em>El parto es nuestro<\/em> i <em>Dona Llum Associaci\u00f3 Catalana per un Part Respectat<\/em> es van dur a terme estudis amb el t\u00edtol \u201c<strong>N\u00e9ixer en horari laboral<\/strong>\u201d que, basant-se amb dades oficials sobre naixements de l&#8217;Institut Nacional d&#8217;Estad\u00edstica, <strong>van posar de manifest que a nivell m\u00e8dic s&#8217;indueixen parts amb intencions de \u201ccomoditat log\u00edstica\u201d<\/strong>, \u00e9s a dir, que les i els beb\u00e8s neixin en horari laboral entre setmana [9] [10]. D&#8217;acord amb les gr\u00e0fiques dels estudis basades en les estad\u00edstiques, abans de la generalitzaci\u00f3 de les medicacions per a induir els parts, les i els beb\u00e8s a Espanya naixien per igual tots els dies de l&#8217;any. Posteriorment <strong>es veu una clara pauta en la qual les i els beb\u00e8s neixen de dilluns a divendres<\/strong> i en particular, no neixen en festius. \u00c9s \u00fatil comparar els estudis d&#8217;ambdues organitzacions, ja que es pot apreciar com a Madrid no neixen beb\u00e8s durant Sant Isidre per\u00f2 s\u00ed a Barcelona. A Catalunya no neixen pr\u00e0cticament beb\u00e8s durant la diada, per\u00f2 s\u00ed a Madrid. El dia de Sant Jordi, laborable, s\u00ed que hi ha naixements a Catalunya.<\/p><p class=\"p3\"><span class=\"s1\"> Aquests \u00faltims anys <strong>s&#8217;ha incorporat a l&#8217;activisme obst\u00e8tric la perspectiva dels Drets Humans i en particular dels drets de les dones<\/strong>, a la autonomia i al consentiment informat en embar\u00e0s, part i postpart. <\/span>Aquesta perspectiva ha tingut un impacte important en el debat sobre la viol\u00e8ncia obst\u00e8trica, ja que va m\u00e9s enll\u00e0 de pr\u00e0ctiques, intervencions i din\u00e0miques concretes, centrant la q\u00fcesti\u00f3 en la necessitat de <strong>recon\u00e8ixer les dones com a subjectes dels seus cossos, com a persones adultes amb la capacitat de prendre les seves pr\u00f2pies decisions en relaci\u00f3 als seus cossos i a com tenir cura del seu nad\u00f3.<\/strong><\/p><p class=\"p3\"><span class=\"s1\"> La legislaci\u00f3 sanit\u00e0ria vigent estableix que les persones usu\u00e0ries dels sistemes de salut tenen <span style=\"text-decoration: underline;\">dret a la autonomia i al consentiment informat<\/span> [11]. \u00c9s a dir, un cop informades de totes les seves alternatives a nivell m\u00e8dic (incloent-ne la de no fer res), a decidir la opci\u00f3 que m\u00e9s s&#8217;ajusti a les seves necessitats, expectatives i manera d&#8217;entendre la salut. <\/span>Sovint succeeix que les dones veuen obstaculitzats aquests drets en l&#8217;\u00e0mbit obst\u00e8tric, per diferents motius, malgrat tots ells tenen a veure amb el masclisme. Tradicionalment, <strong>a les dones no se&#8217;ns ha considerat adultes ni \u00e9ssers racionals, i aquesta ombra encara permea la societat.<\/strong> Alhora, <strong>de les mares s&#8217;espera obedi\u00e8ncia i abnegaci\u00f3<\/strong>, en particular envers figures d&#8217;autoritat com s\u00f3n les persones que treballen en l&#8217;\u00e0mbit m\u00e8dic. Les dones que desafien aquests mandats amb freq\u00fc\u00e8ncia s\u00f3n acusades d&#8217;<span style=\"text-decoration: underline;\">irracionals, de males mares que volen posar en perill al seu nad\u00f3<\/span>, de ser dif\u00edcils.<\/p><p class=\"p3\"><span class=\"s1\"> El malestar i activisme de les dones ha estat reconegut per diferents institucions. En particular, el passat any 2019 les organitzacions i activistes van viure com una fita important el fet que tant la <span style=\"text-decoration: underline;\">Assemblea General de les Nacions Unides<\/span> [12]com la <span style=\"text-decoration: underline;\">Assemblea Parlament\u00e0ria del Consell d&#8217;Europa<\/span> [13], emetessin resolucions en les quals reconeixien la<strong> viol\u00e8ncia obst\u00e8trica, explicitant-ne el component de viol\u00e8ncia de g\u00e8nere, aix\u00ed com establint la obligaci\u00f3 d&#8217;aproximar-se a la q\u00fcesti\u00f3 des de la perspectiva dels Drets Humans.<\/strong><\/span><\/p><p class=\"p3\"><span class=\"s1\"> Altres manifestacions interessants a aquestes resolucions consideraven als Estats i prove\u00efdors de salut p\u00fablics i privats directament responsables d&#8217;aquesta viol\u00e8ncia, aix\u00ed com explicitaven que les retallades pressupost\u00e0ries formen part d&#8217;aquesta viol\u00e8ncia en la seva vessant econ\u00f2mica. <\/span>Finalment tamb\u00e9 rebutjaven la <span style=\"text-decoration: underline;\">doctrina de la \u201cnecessitat m\u00e8dica\u201d<\/span> aix\u00ed com en denunciaven el seu ab\u00fas, d&#8217;acord amb la qual la majoria de vulneracions es produeixen sota l&#8217;argument de que es vol salvar la vida del nad\u00f3. Desgraciadament a Espanya hem viscut casos medi\u00e0tics exemples extrems d&#8217;aquesta viol\u00e8ncia, com \u00e9s el cas de les dones a qui se&#8217;ls ha <span style=\"text-decoration: underline;\">indu\u00eft el part o practicat una ces\u00e0ria per ordre judicial<\/span>, sense tan sols donar-los el dret d&#8217;audi\u00e8ncia, \u00e9s a dir, sense haver estat escoltades.<\/p><p class=\"p1\"><span class=\"s1\"><b>Conclusions<\/b><\/span><\/p><p class=\"p1\"><span class=\"s1\"> Tal i com he exposat, el propi concepte de viol\u00e8ncia obst\u00e8trica, com ens aproximem a ella i des d&#8217;on la treballem ha anat evolucionant al llarg dels anys conforme acumulem experi\u00e8ncies i expertesa. <\/span>Actualment escric aquest article en un context de pand\u00e8mia causada per Covid-19, en la que igual que succee\u00efx amb molts altres drets de les dones i col\u00b7lectius variats, <strong>estem experimentant un retroc\u00e9s<\/strong>.<\/p><p class=\"p1\"><span class=\"s1\"> Voldria tancar esmentant que <span style=\"text-decoration: underline;\">no podem de cap manera normalitzar que les dones rebin una atenci\u00f3 obst\u00e8trica sense acompanyant, sense informaci\u00f3, sense que se&#8217;ls demani el consentiment, sense poder escollir centre de refer\u00e8ncia<\/span>, entre d&#8217;altres.<\/span><\/p><\/div>\n\t\t\t\t<\/div>\n\t\t\t\t<\/div>\n\t\t\t\t<div class=\"elementor-element elementor-element-6fa7146 elementor-blockquote--skin-quotation elementor-blockquote--button-view-icon-text elementor-blockquote--button-skin-classic elementor-blockquote--button-color-official elementor-widget elementor-widget-blockquote\" data-id=\"6fa7146\" data-element_type=\"widget\" data-widget_type=\"blockquote.default\">\n\t\t\t\t<div class=\"elementor-widget-container\">\n\t\t\t\t\t<blockquote class=\"elementor-blockquote\">\n\t\t\t<p class=\"elementor-blockquote__content\">\n\t\t\t\tEls Drets Humans no s\u00f3n cap luxe, i per tant no depenen (o no haurien de dependre) de si ens trobem en un context amable, conflictiu o pand\u00e8mic. Constitueixen la base en la que es construeix una ciutadania sana, diversa, respectuosa i democr\u00e0tica. \n\t\t\t<\/p>\n\t\t\t\t\t\t\t<footer>\n\t\t\t\t\t\t\t\t\t\t\t<cite class=\"elementor-blockquote__author\">Marta Busquets<\/cite>\n\t\t\t\t\t\t\t\t\t\t\t\t\t\t\t\t<a href=\"https:\/\/twitter.com\/intent\/tweet?text=Els+Drets+Humans+no+s%C3%B3n+cap+luxe%2C+i+per+tant+no+depenen+%28o+no+haurien+de+dependre%29+de+si+ens+trobem+en+un+context+amable%2C+conflictiu+o+pand%C3%A8mic.+Constitueixen+la+base+en+la+que+es+construeix+una+ciutadania+sana%2C+diversa%2C+respectuosa+i+democr%C3%A0tica.+%0A+%E2%80%94+Marta+Busquets&amp;url=https%3A%2F%2Fdrets-sexuals-i-reproductius.lassociacio.org%2Finforme2020%2Finforme2020%2Fwp-json%2Fwp%2Fv2%2Fpages%2F247\" class=\"elementor-blockquote__tweet-button\" target=\"_blank\">\n\t\t\t\t\t\t\t\t\t\t\t\t\t\t\t<i aria-hidden=\"true\" class=\"fab fa-twitter\"><\/i>\t\t\t\t\t\t\t\t\t\t\t\t\t\t\t\t\t\t\t\t\t\t\t\t\t\t\t\t\t\t<span class=\"elementor-blockquote__tweet-label\">Tweet<\/span>\n\t\t\t\t\t\t\t\t\t\t\t\t\t<\/a>\n\t\t\t\t\t\t\t\t\t<\/footer>\n\t\t\t\t\t<\/blockquote>\n\t\t\t\t<\/div>\n\t\t\t\t<\/div>\n\t\t\t\t<div class=\"elementor-element elementor-element-a5750ef elementor-widget elementor-widget-spacer\" data-id=\"a5750ef\" data-element_type=\"widget\" data-widget_type=\"spacer.default\">\n\t\t\t\t<div class=\"elementor-widget-container\">\n\t\t\t\t\t<div class=\"elementor-spacer\">\n\t\t\t<div class=\"elementor-spacer-inner\"><\/div>\n\t\t<\/div>\n\t\t\t\t<\/div>\n\t\t\t\t<\/div>\n\t\t\t\t<div class=\"elementor-element elementor-element-2eb85d9 elementor-widget elementor-widget-text-editor\" data-id=\"2eb85d9\" data-element_type=\"widget\" data-widget_type=\"text-editor.default\">\n\t\t\t\t<div class=\"elementor-widget-container\">\n\t\t\t\t\t<div class=\"elementor-text-editor elementor-clearfix\"><p class=\"p1\"><span class=\"s1\">Especialment en contextos dif\u00edcils, com \u00e9s el cas de la pand\u00e8mia per Covid19, tots els operadors tant institucionals, com m\u00e8dics, com jur\u00eddics, c\u00edvics, etc\u00e9tera, haurien de tenir encara m\u00e9s cura de que les seves actuacions tendeixin no a la restricci\u00f3 sin\u00f3 a la <strong>preservaci\u00f3 dels drets<\/strong>. <\/span><\/p><\/div>\n\t\t\t\t<\/div>\n\t\t\t\t<\/div>\n\t\t\t\t<div class=\"elementor-element elementor-element-f541779 elementor-widget-divider--view-line elementor-widget elementor-widget-divider\" data-id=\"f541779\" data-element_type=\"widget\" data-widget_type=\"divider.default\">\n\t\t\t\t<div class=\"elementor-widget-container\">\n\t\t\t\t\t<div class=\"elementor-divider\">\n\t\t\t<span class=\"elementor-divider-separator\">\n\t\t\t\t\t\t<\/span>\n\t\t<\/div>\n\t\t\t\t<\/div>\n\t\t\t\t<\/div>\n\t\t\t\t<div class=\"elementor-element elementor-element-a1f6817 elementor-widget elementor-widget-text-editor\" data-id=\"a1f6817\" data-element_type=\"widget\" data-widget_type=\"text-editor.default\">\n\t\t\t\t<div class=\"elementor-widget-container\">\n\t\t\t\t\t<div class=\"elementor-text-editor elementor-clearfix\"><p class=\"p1\">[1] <span class=\"s1\">En relaci\u00f3 amb aquest tema, poden ser d&#8217;inter\u00e8s els treballs de Barbara Ehrenreich i Deirdre English (2010) \u201cPor tu propio bien: 150 a\u00f1os de consejos expertos a mujeres\u201d publicat per Capit\u00e1n Swing i el de Carme Valls (2016) \u201cMujeres, salud y poder\u201d publicat per Ediciones C\u00e1tedra.<\/span><\/p><p>[2] <span class=\"s1\">Tamb\u00e9 persones no bin\u00e0ries i homes trans amb capacitat gestant.<\/span><\/p><p>[3] <span class=\"s1\">Com a feministes sabem que posar nom a les experi\u00e8ncies i en particular a les viol\u00e8ncies i opressions t\u00e9 un efecte important tant a nivell conceptual com pr\u00e0ctic.<\/span><\/p><p>[4] <span class=\"s1\">Aquesta circumst\u00e0ncia la reconeixia de manera expl\u00edcita i expressa el propi Ministeri de Sanitat a la Estrat\u00e8gia de atenci\u00f3n al parto normal en el Sistena Nacional de Salud (2015). En concret a la p\u00e0gina 77 es diu que \u201c<i>Una gran variabilidad en la atenci\u00f3n al parto en toda Europa, lo que denota la existencia de dificultades para que la evidencia cient\u00edfica logre guiar las decisiones cl\u00ednicas. Que Espa\u00f1a es un pa\u00eds especialmente intervencionista; se encuentra entre los primeros en partos instrumentales, en inducciones, en episiotom\u00edas.\u201d<\/i><\/span><\/p><p>[5] <span class=\"s1\">Tamb\u00e9 existeix el debat de qu\u00e8 considerem resultats satisfactoris a nivell obst\u00e8tric.<\/span> <span class=\"s1\">Sovint existeix una concepci\u00f3 patriarcal d&#8217;acord amb la qual si \u201cel nad\u00f3 est\u00e0 b\u00e9\u201d, la experi\u00e8ncia de la mare i la seva integritat f\u00edsica i ps\u00edquica s\u00f3n necess\u00e0riament secund\u00e0ries, i aix\u00ed queden justificades nombroses viol\u00e8ncies cap a les mares, i es culpabilitza o es califica de males mares a aquelles que reivindiquen que no \u00e9s incompatible tenir cura del benestar i la salut de nadons amb tenir cura del benestar i la salut de les mares.<\/span><\/p><p>[6] <span class=\"s1\">Tant per iniciar el part com per a accelerar-lo un cop ha comen\u00e7at. En angl\u00e8s existeixen dos termes diferents per diferenciar l&#8217;anterior, <i>induction<\/i> (inducci\u00f3 d&#8217;inici) i <i>augmentation<\/i> (inducci\u00f3 intrapart), distinci\u00f3 ling\u00fc\u00edstica molt interessant a nivell d&#8217;indicadors que faciliten un posterior millor an\u00e0lisi de l&#8217;atenci\u00f3 obst\u00e8trica.<\/span><\/p><p>[7] <span class=\"s1\">F\u00f3rceps, ventoses, esp\u00e0tules.<\/span><\/p><p>[8] <span class=\"s1\">Maniobra per la qual professionals de la salut empenten la part superior de l&#8217;\u00fater amb bra\u00e7os o colzes durant l&#8217;expulsiu. \u00c9s perill\u00f3s per a mares i nadons i est\u00e0 desaconsellada per la evid\u00e8ncia.<\/span><\/p><p>[9] <span class=\"s1\">Dona Llum Associaci\u00f3 Catalana per un Part Respectat (2018) N\u00e9ixer en horari laboral. <a href=\"https:\/\/www.donallum.org\/blog\/informe-neixer-en-horari-laboral\/\">Disponible aqu<\/a><a href=\"https:\/\/www.donallum.org\/blog\/informe-neixer-en-horari-laboral\/\">\u00ed<\/a>.<\/span><\/p><p class=\"p1\"><span class=\"s1\">[10] El Parto es Nuestro (2016) Nacer en horario laboral. <a href=\"https:\/\/www.elpartoesnuestro.es\/informacion\/campanas\/informe-nacer-en-horario-laboral\">Disponible aqu\u00ed<\/a>.<\/span><\/p><p>[11] <span class=\"s1\">Tant internacional, com nacional, com auton\u00f2mica.<\/span><\/p><p>[12] <span class=\"s1\">Resoluci\u00f3 71\/170: Enfoc basat en els drets humans del maltracte i la viol\u00e8ncia contra la dona en els serveis de salut reproductiva, amb especial enfoc en l&#8217;atenci\u00f3 al part i la viol\u00e8ncia obst\u00e8trica.<\/span><\/p><p>[13] <span class=\"s1\">Obstetrical and gynaecological violence. <a href=\"https:\/\/www.google.com\/url?sa=t&amp;rct=j&amp;q=&amp;esrc=s&amp;source=web&amp;cd=5&amp;ved=2ahUKEwir3P6HrNXkAhV9AWMBHUsTD1UQFjAEegQIAxAC&amp;url=http%3A%2F%2Fwww.assembly.coe.int%2FLifeRay%2FEGA%2FPdf%2FTextesProvisoires%2F2019%2F20190912-ObstetricalViolence-EN.pdf&amp;usg=AOvVaw3UkuXATCpux_dajvCU3_64\">Disponible aqu\u00ed<\/a>.<\/span><\/p><\/div>\n\t\t\t\t<\/div>\n\t\t\t\t<\/div>\n\t\t\t\t<div class=\"elementor-element elementor-element-da09520 elementor-widget elementor-widget-text-editor\" data-id=\"da09520\" data-element_type=\"widget\" data-widget_type=\"text-editor.default\">\n\t\t\t\t<div class=\"elementor-widget-container\">\n\t\t\t\t\t<div class=\"elementor-text-editor elementor-clearfix\"><\/div>\n\t\t\t\t<\/div>\n\t\t\t\t<\/div>\n\t\t\t\t<div class=\"elementor-element elementor-element-8124168 elementor-widget elementor-widget-text-editor\" data-id=\"8124168\" data-element_type=\"widget\" data-widget_type=\"text-editor.default\">\n\t\t\t\t<div class=\"elementor-widget-container\">\n\t\t\t\t\t<div class=\"elementor-text-editor elementor-clearfix\"><p class=\"p1\"><em><strong>Marta Busquets. DONA LLUM.<\/strong><\/em><\/p><\/div>\n\t\t\t\t<\/div>\n\t\t\t\t<\/div>\n\t\t\t\t<div class=\"elementor-element elementor-element-9814be6 elementor-widget elementor-widget-spacer\" data-id=\"9814be6\" data-element_type=\"widget\" data-widget_type=\"spacer.default\">\n\t\t\t\t<div class=\"elementor-widget-container\">\n\t\t\t\t\t<div class=\"elementor-spacer\">\n\t\t\t<div class=\"elementor-spacer-inner\"><\/div>\n\t\t<\/div>\n\t\t\t\t<\/div>\n\t\t\t\t<\/div>\n\t\t\t\t\t\t<\/div>\n\t\t\t\t\t<\/div>\n\t\t<\/div>\n\t\t\t\t\t\t\t\t<\/div>\n\t\t\t\t\t<\/div>\n\t\t<\/section>\n\t\t\t\t\t\t<\/div>\n\t\t\t\t\t<\/div>\n\t\t<\/div>\n\t\t\t\t\t\t\t\t<\/div>\n\t\t\t\t\t<\/div>\n\t\t<\/section>\n\t\t\t\t\t\t<\/div>\n\t\t\t\t\t\t<\/div>\n\t\t\t\t\t<\/div>\n\t\t","protected":false},"excerpt":{"rendered":"<p>#6 obst\u00e8trica Una dona ens explica que va rebre pressions per induir el part des de la setmana 40. El dia del part no es van tenir en compte les especificitats pactades. Volia un part sense epidural, per\u00f2 no li van facilitar eines per alleujar el dolor. Finalment va accedir a una analg\u00e8sia opi\u00e0cia d\u2019efecte [&hellip;]<\/p>\n","protected":false},"author":2,"featured_media":0,"parent":0,"menu_order":0,"comment_status":"closed","ping_status":"closed","template":"elementor_header_footer","meta":[],"_links":{"self":[{"href":"https:\/\/drets-sexuals-i-reproductius.lassociacio.org\/informe2020\/wp-json\/wp\/v2\/pages\/247"}],"collection":[{"href":"https:\/\/drets-sexuals-i-reproductius.lassociacio.org\/informe2020\/wp-json\/wp\/v2\/pages"}],"about":[{"href":"https:\/\/drets-sexuals-i-reproductius.lassociacio.org\/informe2020\/wp-json\/wp\/v2\/types\/page"}],"author":[{"embeddable":true,"href":"https:\/\/drets-sexuals-i-reproductius.lassociacio.org\/informe2020\/wp-json\/wp\/v2\/users\/2"}],"replies":[{"embeddable":true,"href":"https:\/\/drets-sexuals-i-reproductius.lassociacio.org\/informe2020\/wp-json\/wp\/v2\/comments?post=247"}],"version-history":[{"count":7,"href":"https:\/\/drets-sexuals-i-reproductius.lassociacio.org\/informe2020\/wp-json\/wp\/v2\/pages\/247\/revisions"}],"predecessor-version":[{"id":293,"href":"https:\/\/drets-sexuals-i-reproductius.lassociacio.org\/informe2020\/wp-json\/wp\/v2\/pages\/247\/revisions\/293"}],"wp:attachment":[{"href":"https:\/\/drets-sexuals-i-reproductius.lassociacio.org\/informe2020\/wp-json\/wp\/v2\/media?parent=247"}],"curies":[{"name":"wp","href":"https:\/\/api.w.org\/{rel}","templated":true}]}}