{"id":234,"date":"2020-12-09T12:56:36","date_gmt":"2020-12-09T12:56:36","guid":{"rendered":"https:\/\/drets-sexuals-i-reproductius.lassociacio.org\/informe2020\/?page_id=234"},"modified":"2020-12-09T22:07:08","modified_gmt":"2020-12-09T22:07:08","slug":"reproduccioassistida","status":"publish","type":"page","link":"https:\/\/drets-sexuals-i-reproductius.lassociacio.org\/informe2020\/reproduccioassistida\/","title":{"rendered":"#5 Acc\u00e9s a la reproducci\u00f3 assistida"},"content":{"rendered":"\t\t<div data-elementor-type=\"wp-page\" data-elementor-id=\"234\" class=\"elementor elementor-234\" data-elementor-settings=\"[]\">\n\t\t\t\t\t\t<div class=\"elementor-inner\">\n\t\t\t\t\t\t\t<div class=\"elementor-section-wrap\">\n\t\t\t\t\t\t\t<section class=\"elementor-section elementor-top-section elementor-element elementor-element-19e92064 elementor-section-full_width elementor-section-height-min-height elementor-section-items-stretch elementor-section-height-default\" data-id=\"19e92064\" data-element_type=\"section\">\n\t\t\t\t\t\t<div class=\"elementor-container elementor-column-gap-default\">\n\t\t\t\t\t\t\t<div class=\"elementor-row\">\n\t\t\t\t\t<div class=\"elementor-column elementor-col-50 elementor-top-column elementor-element elementor-element-2ee458d4\" data-id=\"2ee458d4\" data-element_type=\"column\">\n\t\t\t<div class=\"elementor-column-wrap elementor-element-populated\">\n\t\t\t\t\t\t\t<div class=\"elementor-widget-wrap\">\n\t\t\t\t\t\t<div class=\"elementor-element elementor-element-9bad041 elementor-widget elementor-widget-spacer\" data-id=\"9bad041\" data-element_type=\"widget\" data-widget_type=\"spacer.default\">\n\t\t\t\t<div class=\"elementor-widget-container\">\n\t\t\t\t\t<div class=\"elementor-spacer\">\n\t\t\t<div class=\"elementor-spacer-inner\"><\/div>\n\t\t<\/div>\n\t\t\t\t<\/div>\n\t\t\t\t<\/div>\n\t\t\t\t<div class=\"elementor-element elementor-element-8dafabd elementor-headline--style-highlight elementor-widget elementor-widget-animated-headline\" data-id=\"8dafabd\" data-element_type=\"widget\" data-settings=\"{&quot;highlighted_text&quot;:&quot;Acc\\u00e9s&quot;,&quot;headline_style&quot;:&quot;highlight&quot;,&quot;marker&quot;:&quot;circle&quot;}\" data-widget_type=\"animated-headline.default\">\n\t\t\t\t<div class=\"elementor-widget-container\">\n\t\t\t\t\t<h3 class=\"elementor-headline\">\n\t\t\t\t\t\t\t<span class=\"elementor-headline-plain-text elementor-headline-text-wrapper\">#5<\/span>\n\t\t\t\t\t\t<span class=\"elementor-headline-dynamic-wrapper elementor-headline-text-wrapper\"><\/span>\n\t\t\t\t\t\t\t<span class=\"elementor-headline-plain-text elementor-headline-text-wrapper\">a la reproducci\u00f3 assistida<\/span>\n\t\t\t\t\t<\/h3>\n\t\t\t\t<\/div>\n\t\t\t\t<\/div>\n\t\t\t\t<div class=\"elementor-element elementor-element-7b0cf773 elementor-widget elementor-widget-text-editor\" data-id=\"7b0cf773\" data-element_type=\"widget\" data-widget_type=\"text-editor.default\">\n\t\t\t\t<div class=\"elementor-widget-container\">\n\t\t\t\t\t<div class=\"elementor-text-editor elementor-clearfix\"><p class=\"p1\">Un dona de 36 anys ens explica que des del novembre de 2018 est\u00e0 a la llista de la Generalitat de dones que esperen una inseminaci\u00f3 artificial o in vitro. Explica que de maig a novembre de 2018, com a m\u00ednim, no es va citar cap dona per poder fer aquesta intervenci\u00f3, que nom\u00e9s dura un parell de minuts. Explica que la llista d\u2019espera \u00e9s de 2000 dones. Critica que hagi de ser una cl\u00ednica privada com la Cl\u00ednica Puigvert, l\u2019encarregada de gestionar les inseminacions a Catalunya. Confessa que, al final, sembla que l\u2019\u00fanica opci\u00f3 possible siguin les cl\u00edniques privades, que demanes xifres astron\u00f2miques.<\/p><p class=\"p1\">Diferents dones han reportat aquesta mateixa situaci\u00f3, afegint complicacions provocades per la desigualtat territorial o la mirada heteronormativa.<\/p><\/div>\n\t\t\t\t<\/div>\n\t\t\t\t<\/div>\n\t\t\t\t<div class=\"elementor-element elementor-element-7a3fe83 elementor-widget elementor-widget-spacer\" data-id=\"7a3fe83\" data-element_type=\"widget\" data-widget_type=\"spacer.default\">\n\t\t\t\t<div class=\"elementor-widget-container\">\n\t\t\t\t\t<div class=\"elementor-spacer\">\n\t\t\t<div class=\"elementor-spacer-inner\"><\/div>\n\t\t<\/div>\n\t\t\t\t<\/div>\n\t\t\t\t<\/div>\n\t\t\t\t\t\t<\/div>\n\t\t\t\t\t<\/div>\n\t\t<\/div>\n\t\t\t\t<div class=\"elementor-column elementor-col-50 elementor-top-column elementor-element elementor-element-224a21e\" data-id=\"224a21e\" data-element_type=\"column\" data-settings=\"{&quot;background_background&quot;:&quot;classic&quot;}\">\n\t\t\t<div class=\"elementor-column-wrap elementor-element-populated\">\n\t\t\t\t\t\t\t<div class=\"elementor-widget-wrap\">\n\t\t\t\t\t\t<div class=\"elementor-element elementor-element-77b60268 elementor-widget elementor-widget-spacer\" data-id=\"77b60268\" data-element_type=\"widget\" data-widget_type=\"spacer.default\">\n\t\t\t\t<div class=\"elementor-widget-container\">\n\t\t\t\t\t<div class=\"elementor-spacer\">\n\t\t\t<div class=\"elementor-spacer-inner\"><\/div>\n\t\t<\/div>\n\t\t\t\t<\/div>\n\t\t\t\t<\/div>\n\t\t\t\t\t\t<\/div>\n\t\t\t\t\t<\/div>\n\t\t<\/div>\n\t\t\t\t\t\t\t\t<\/div>\n\t\t\t\t\t<\/div>\n\t\t<\/section>\n\t\t\t\t<section class=\"elementor-section elementor-top-section elementor-element elementor-element-2fe5afa1 elementor-section-boxed elementor-section-height-default elementor-section-height-default\" data-id=\"2fe5afa1\" data-element_type=\"section\">\n\t\t\t\t\t\t<div class=\"elementor-container elementor-column-gap-default\">\n\t\t\t\t\t\t\t<div class=\"elementor-row\">\n\t\t\t\t\t<div class=\"elementor-column elementor-col-100 elementor-top-column elementor-element elementor-element-9e87734\" data-id=\"9e87734\" data-element_type=\"column\">\n\t\t\t<div class=\"elementor-column-wrap elementor-element-populated\">\n\t\t\t\t\t\t\t<div class=\"elementor-widget-wrap\">\n\t\t\t\t\t\t<div class=\"elementor-element elementor-element-3333ac35 elementor-widget elementor-widget-heading\" data-id=\"3333ac35\" data-element_type=\"widget\" data-widget_type=\"heading.default\">\n\t\t\t\t<div class=\"elementor-widget-container\">\n\t\t\t<h2 class=\"elementor-heading-title elementor-size-default\">Dones sense parella masculina: acc\u00e9s i aplicaci\u00f3 de t\u00e8cniques de Reproducci\u00f3 Humana Assistida<\/h2>\t\t<\/div>\n\t\t\t\t<\/div>\n\t\t\t\t<section class=\"elementor-section elementor-inner-section elementor-element elementor-element-9a48bf5 elementor-section-full_width elementor-section-height-default elementor-section-height-default\" data-id=\"9a48bf5\" data-element_type=\"section\">\n\t\t\t\t\t\t<div class=\"elementor-container elementor-column-gap-default\">\n\t\t\t\t\t\t\t<div class=\"elementor-row\">\n\t\t\t\t\t<div class=\"elementor-column elementor-col-100 elementor-inner-column elementor-element elementor-element-fa03764\" data-id=\"fa03764\" data-element_type=\"column\">\n\t\t\t<div class=\"elementor-column-wrap elementor-element-populated\">\n\t\t\t\t\t\t\t<div class=\"elementor-widget-wrap\">\n\t\t\t\t\t\t<div class=\"elementor-element elementor-element-a43b4f8 elementor-widget elementor-widget-text-editor\" data-id=\"a43b4f8\" data-element_type=\"widget\" data-widget_type=\"text-editor.default\">\n\t\t\t\t<div class=\"elementor-widget-container\">\n\t\t\t\t\t<div class=\"elementor-text-editor elementor-clearfix\"><p class=\"p1\"><span class=\"s1\">La regulaci\u00f3 de la Reproducci\u00f3 Humana Assistida (RHA) a l\u2019Estat espanyol s\u2019inicia l\u2019any 1988, quan es promulga la primera llei espec\u00edfica sobre aquesta q\u00fcesti\u00f3. Des d\u2019aleshores, diverses lleis, decrets i protocols, tant d\u2019\u00e0mbit estatal com auton\u00f2mic, han anat modificant i concretant aquesta regulaci\u00f3, tant pel que fa les t\u00e8cniques emprades i els procediments aplicats, com pel que fa als sup\u00f2sits i requisits per l\u2019acc\u00e9s a les mateixes i a la seva inclusi\u00f3 dins dels sistemes de salut p\u00fablica.<\/span><\/p><p class=\"p1\"><span class=\"s1\"><strong>A Catalunya, l\u2019any 2016 s\u2019aprova l\u2019actual <i>Protocol de les t\u00e8cniques de reproducci\u00f3 humana assistida<\/i><\/strong>, arran d\u2019una important campanya ciutadana liderada per <span style=\"text-decoration: underline;\">entitats feministes i LGTBI<\/span>, especialment per la <span style=\"text-decoration: underline;\">Campanya Feminista pel Dret a la Reproducci\u00f3 Assistida<\/span>, aix\u00ed com del desplegament de la <i>Llei 11\/2014, de 10 d\u2019octubre, per a garantir els drets de lesbianes, gais, bisexuals, transg\u00e8neres i intersexuals i eradicar l\u2019homof\u00f2bia, la bif\u00f2bia i la transf\u00f2bia<\/i>; i de la posterior resoluci\u00f3 del Parlament de Catalunya instant a <strong>garantir l\u2019acc\u00e9s als tractaments de RHA a les dones amb una parella femenina o sense parella, a la sanitat p\u00fablica.<\/strong><\/span><\/p><p class=\"p1\"><span class=\"s1\">El nou Protocol, d\u2019una banda, garanteix l\u2019acc\u00e9s a les t\u00e8cniques de RHA de totes les dones, independentment de la seva orientaci\u00f3 sexual o situaci\u00f3 relacional i, d\u2019altra, estableix els requisits d\u2019acc\u00e9s a aquestes t\u00e8cniques, les compet\u00e8ncies dels diferents nivells assistencials (ASSIRs i centres hospitalaris), els circuits de derivaci\u00f3 i l\u2019abordatge m\u00e8dic i terap\u00e8utic en funci\u00f3 dels motius que duen les dones i les seves parelles, quan n\u2019hi ha, a fer-les servir. Aix\u00ed, el nou Protocol s\u2019adre\u00e7a tamb\u00e9 a <strong>garantir l\u2019acc\u00e9s a la informaci\u00f3, l\u2019equitat territorial, el tracte digne i el respecte a les diferents situacions personals i opcions sexuals i l\u2019adequaci\u00f3 de les t\u00e8cniques i terap\u00e8utiques a les situacions espec\u00edfiques de cada dona.<\/strong><\/span><\/p><p class=\"p1\"><span class=\"s1\">Quatre anys m\u00e9s tard, per\u00f2, el desplegament del mateix ha estat esc\u00e0s, sense que hi hagi hagut una inversi\u00f3 en recursos humans i materials que l\u2019hagin possibilitat i, en ocasions, havent-se pervertit alguns dels principis en qu\u00e8 es basava.<\/span><\/p><\/div>\n\t\t\t\t<\/div>\n\t\t\t\t<\/div>\n\t\t\t\t<div class=\"elementor-element elementor-element-0810ca4 elementor-blockquote--skin-quotation elementor-blockquote--button-view-icon-text elementor-blockquote--button-skin-classic elementor-blockquote--button-color-official elementor-widget elementor-widget-blockquote\" data-id=\"0810ca4\" data-element_type=\"widget\" data-widget_type=\"blockquote.default\">\n\t\t\t\t<div class=\"elementor-widget-container\">\n\t\t\t\t\t<blockquote class=\"elementor-blockquote\">\n\t\t\t<p class=\"elementor-blockquote__content\">\n\t\t\t\tAix\u00ed, en el moment actual, continuem assenyalant barreres, iniquitats i discriminacions que les dones sense parella masculina continuen trobant a l\u2019hora d\u2019accedir a les t\u00e8cniques de RHA a la sanitat p\u00fablica catalana.\t\t\t<\/p>\n\t\t\t\t\t\t\t<footer>\n\t\t\t\t\t\t\t\t\t\t\t<cite class=\"elementor-blockquote__author\">Campanya Feminista Dret Reproducci\u00f3 Assistida<\/cite>\n\t\t\t\t\t\t\t\t\t\t\t\t\t\t\t\t<a href=\"https:\/\/twitter.com\/intent\/tweet?text=Aix%C3%AD%2C+en+el+moment+actual%2C+continuem+assenyalant+barreres%2C+iniquitats+i+discriminacions+que+les+dones+sense+parella+masculina+continuen+trobant+a+l%E2%80%99hora+d%E2%80%99accedir+a+les+t%C3%A8cniques+de+RHA+a+la+sanitat+p%C3%BAblica+catalana.+%E2%80%94+Campanya+Feminista+Dret+Reproducci%C3%B3+Assistida&amp;url=https%3A%2F%2Fdrets-sexuals-i-reproductius.lassociacio.org%2Finforme2020%2Finforme2020%2Fwp-json%2Fwp%2Fv2%2Fpages%2F234&amp;via=DretsRA\" class=\"elementor-blockquote__tweet-button\" target=\"_blank\">\n\t\t\t\t\t\t\t\t\t\t\t\t\t\t\t<i aria-hidden=\"true\" class=\"fab fa-twitter\"><\/i>\t\t\t\t\t\t\t\t\t\t\t\t\t\t\t\t\t\t\t\t\t\t\t\t\t\t\t\t\t\t<span class=\"elementor-blockquote__tweet-label\">Tweet<\/span>\n\t\t\t\t\t\t\t\t\t\t\t\t\t<\/a>\n\t\t\t\t\t\t\t\t\t<\/footer>\n\t\t\t\t\t<\/blockquote>\n\t\t\t\t<\/div>\n\t\t\t\t<\/div>\n\t\t\t\t<div class=\"elementor-element elementor-element-bb2ed65 elementor-widget elementor-widget-spacer\" data-id=\"bb2ed65\" data-element_type=\"widget\" data-widget_type=\"spacer.default\">\n\t\t\t\t<div class=\"elementor-widget-container\">\n\t\t\t\t\t<div class=\"elementor-spacer\">\n\t\t\t<div class=\"elementor-spacer-inner\"><\/div>\n\t\t<\/div>\n\t\t\t\t<\/div>\n\t\t\t\t<\/div>\n\t\t\t\t<div class=\"elementor-element elementor-element-e048607 elementor-widget elementor-widget-spacer\" data-id=\"e048607\" data-element_type=\"widget\" data-widget_type=\"spacer.default\">\n\t\t\t\t<div class=\"elementor-widget-container\">\n\t\t\t\t\t<div class=\"elementor-spacer\">\n\t\t\t<div class=\"elementor-spacer-inner\"><\/div>\n\t\t<\/div>\n\t\t\t\t<\/div>\n\t\t\t\t<\/div>\n\t\t\t\t\t\t<\/div>\n\t\t\t\t\t<\/div>\n\t\t<\/div>\n\t\t\t\t\t\t\t\t<\/div>\n\t\t\t\t\t<\/div>\n\t\t<\/section>\n\t\t\t\t<div class=\"elementor-element elementor-element-bac929f elementor-aspect-ratio-169 elementor-widget elementor-widget-video\" data-id=\"bac929f\" data-element_type=\"widget\" data-settings=\"{&quot;aspect_ratio&quot;:&quot;169&quot;}\" data-widget_type=\"video.default\">\n\t\t\t\t<div class=\"elementor-widget-container\">\n\t\t\t\t\t<div class=\"elementor-wrapper elementor-fit-aspect-ratio elementor-open-inline\">\n\t\t\t<iframe class=\"elementor-video-iframe\" allowfullscreen title=\"Reproductor de v\u00eddeo youtube\" src=\"https:\/\/www.youtube.com\/embed\/8y1jrxqQ7bU?feature=oembed&amp;autoplay=1&amp;playlist=8y1jrxqQ7bU&amp;wmode=opaque&amp;loop=1&amp;controls=1&amp;mute=0&amp;rel=0&amp;modestbranding=0\"><\/iframe>\t\t<\/div>\n\t\t\t\t<\/div>\n\t\t\t\t<\/div>\n\t\t\t\t<section class=\"elementor-section elementor-inner-section elementor-element elementor-element-a37311e elementor-section-full_width elementor-section-height-default elementor-section-height-default\" data-id=\"a37311e\" data-element_type=\"section\">\n\t\t\t\t\t\t<div class=\"elementor-container elementor-column-gap-default\">\n\t\t\t\t\t\t\t<div class=\"elementor-row\">\n\t\t\t\t\t<div class=\"elementor-column elementor-col-100 elementor-inner-column elementor-element elementor-element-be1d64b\" data-id=\"be1d64b\" data-element_type=\"column\">\n\t\t\t<div class=\"elementor-column-wrap elementor-element-populated\">\n\t\t\t\t\t\t\t<div class=\"elementor-widget-wrap\">\n\t\t\t\t\t\t<div class=\"elementor-element elementor-element-323bac9 elementor-widget elementor-widget-toggle\" data-id=\"323bac9\" data-element_type=\"widget\" data-widget_type=\"toggle.default\">\n\t\t\t\t<div class=\"elementor-widget-container\">\n\t\t\t\t\t<div class=\"elementor-toggle\" role=\"tablist\">\n\t\t\t\t\t\t\t<div class=\"elementor-toggle-item\">\n\t\t\t\t\t<div id=\"elementor-tab-title-5261\" class=\"elementor-tab-title\" data-tab=\"1\" role=\"tab\" aria-controls=\"elementor-tab-content-5261\">\n\t\t\t\t\t\t\t\t\t\t\t\t<span class=\"elementor-toggle-icon elementor-toggle-icon-right\" aria-hidden=\"true\">\n\t\t\t\t\t\t\t\t\t\t\t\t\t\t\t<span class=\"elementor-toggle-icon-closed\"><svg xmlns=\"http:\/\/www.w3.org\/2000\/svg\" id=\"ac4f546a-99d7-45a0-aa8f-3ffb9c557b54\" data-name=\"Layer 1\" width=\"14\" height=\"14\" viewBox=\"0 0 14 14\"><polygon points=\"14 6.5 7.5 6.5 7.5 0 6.5 0 6.5 6.5 0 6.5 0 7.5 6.5 7.5 6.5 14 7.5 14 7.5 7.5 14 7.5 14 6.5\" style=\"fill-rule:evenodd\"><\/polygon><\/svg><\/span>\n\t\t\t\t\t\t\t\t<span class=\"elementor-toggle-icon-opened\"><svg xmlns=\"http:\/\/www.w3.org\/2000\/svg\" id=\"b00b8e31-4f6b-4749-b929-6cc2f1c0b29b\" data-name=\"Layer 1\" width=\"14\" height=\"1\" viewBox=\"0 0 14 1\"><rect id=\"bf52c898-73a2-44f5-8999-d8fe5b5272b9\" data-name=\"Rectangle\" width=\"14\" height=\"1\"><\/rect><\/svg><\/span>\n\t\t\t\t\t\t\t\t\t\t\t\t\t<\/span>\n\t\t\t\t\t\t\t\t\t\t\t\t<a href=\"\" class=\"elementor-toggle-title\">1. Manca d\u2019acc\u00e9s a la informaci\u00f3:<\/a>\n\t\t\t\t\t<\/div>\n\t\t\t\t\t<div id=\"elementor-tab-content-5261\" class=\"elementor-tab-content elementor-clearfix\" data-tab=\"1\" role=\"tabpanel\" aria-labelledby=\"elementor-tab-title-5261\"><p class=\"p1\"><span class=\"s1\">Si b\u00e9 l\u2019actual protocol contempla la necessitat de formar el personal sanitari i concretament el personal d\u2019ASSIRs i centres hospitalaris, la realitat \u00e9s que moltes usu\u00e0ries de la sanitat p\u00fablica manifesten continuar sotmeses a un elevat grau de desinformaci\u00f3, sense que als seus centres de salut de refer\u00e8ncia els s\u00e0piguen assessorar de forma clara i actualitzada sobre el circuit, els procediments i els seus drets. D\u2019aquesta manera, en nombroses ocasions, les dones sense parella masculina que arriben a accedir a aquesta informaci\u00f3 ho fan gr\u00e0cies al boca-orella, a grups feministes i LGTBI o a la recerca solit\u00e0ria a trav\u00e9s d\u2019internet.<\/span><\/p><p class=\"p1\"><span class=\"s1\">Aix\u00ed, no es t\u00e9 const\u00e0ncia que s\u2019hagi dut a terme cap acci\u00f3 sistem\u00e0tica per part del Departament de Salut per tal de facilitar l\u2019acc\u00e9s de professionals i usu\u00e0ries a aquesta informaci\u00f3; com tampoc que s\u2019hagi editat i divulgat material espec\u00edfic, m\u00e9s enll\u00e0 de la publicaci\u00f3 del Protocol mateix a la web del Departament.<\/span><\/p><p class=\"p1\"><span class=\"s1\">Cal afegir que no es tracta \u00fanicament de manca d\u2019informaci\u00f3 sin\u00f3 tamb\u00e9 d\u2019informaci\u00f3 incorrecta i no actualitzada, de manera que en diverses ocasions el missatge que reben les dones sense parella masculina \u00e9s que no tenen dret a accedir a les t\u00e8cniques RHA a trav\u00e9s de la sanitat p\u00fablica, i la desinformaci\u00f3 \u00e9s converteix, <i>de facto<\/i>, en una barrera i en un element de dissuasi\u00f3 en el proc\u00e9s reproductiu d\u2019aquestes dones.<\/span><\/p><p class=\"p1\"><span class=\"s1\">La barrera per accedir a aquestes t\u00e8cniques es veu agreujada en els casos de dones vingudes d\u2019altres indrets, que poden presentar un major grau de desconeixement del funcionament del sistema sanitari catal\u00e0 aix\u00ed com barreres idiom\u00e0tiques o manca d\u2019una xarxa informada que els pugui assessorar de forma adequada.<\/span><\/p><\/div>\n\t\t\t\t<\/div>\n\t\t\t\t\t\t\t<div class=\"elementor-toggle-item\">\n\t\t\t\t\t<div id=\"elementor-tab-title-5262\" class=\"elementor-tab-title\" data-tab=\"2\" role=\"tab\" aria-controls=\"elementor-tab-content-5262\">\n\t\t\t\t\t\t\t\t\t\t\t\t<span class=\"elementor-toggle-icon elementor-toggle-icon-right\" aria-hidden=\"true\">\n\t\t\t\t\t\t\t\t\t\t\t\t\t\t\t<span class=\"elementor-toggle-icon-closed\"><svg xmlns=\"http:\/\/www.w3.org\/2000\/svg\" id=\"ac4f546a-99d7-45a0-aa8f-3ffb9c557b54\" data-name=\"Layer 1\" width=\"14\" height=\"14\" viewBox=\"0 0 14 14\"><polygon points=\"14 6.5 7.5 6.5 7.5 0 6.5 0 6.5 6.5 0 6.5 0 7.5 6.5 7.5 6.5 14 7.5 14 7.5 7.5 14 7.5 14 6.5\" style=\"fill-rule:evenodd\"><\/polygon><\/svg><\/span>\n\t\t\t\t\t\t\t\t<span class=\"elementor-toggle-icon-opened\"><svg xmlns=\"http:\/\/www.w3.org\/2000\/svg\" id=\"b00b8e31-4f6b-4749-b929-6cc2f1c0b29b\" data-name=\"Layer 1\" width=\"14\" height=\"1\" viewBox=\"0 0 14 1\"><rect id=\"bf52c898-73a2-44f5-8999-d8fe5b5272b9\" data-name=\"Rectangle\" width=\"14\" height=\"1\"><\/rect><\/svg><\/span>\n\t\t\t\t\t\t\t\t\t\t\t\t\t<\/span>\n\t\t\t\t\t\t\t\t\t\t\t\t<a href=\"\" class=\"elementor-toggle-title\">2. Iniquitat territorial:<\/a>\n\t\t\t\t\t<\/div>\n\t\t\t\t\t<div id=\"elementor-tab-content-5262\" class=\"elementor-tab-content elementor-clearfix\" data-tab=\"2\" role=\"tabpanel\" aria-labelledby=\"elementor-tab-title-5262\"><p class=\"p1\"><span class=\"s1\">El present Protocol contempla una acreditaci\u00f3 progressiva dels serveis d\u2019ASSIR i dels centres hospitalaris territorials de refer\u00e8ncia per a l\u2019aplicaci\u00f3 de les t\u00e8cniques de RHA de baixa complexitat, evitant el despla\u00e7ament de les dones cap a les unitats espec\u00edfiques i permetent reduir les llistes d\u2019espera. Es fa refer\u00e8ncia, aix\u00ed, a una reordenaci\u00f3 de la cartera de serveis amb l\u2019objectiu d\u2019augmentar l\u2019equitat territorial.<\/span><\/p><p class=\"p1\"><span class=\"s1\">Aix\u00ed mateix es determina que els ASSIRs s\u00f3n els serveis que han de dur a terme les exploracions i les proves diagn\u00f2stiques que han d\u2019orientar el tipus de t\u00e8cnica de RHA m\u00e9s adient i el nivell assistencial on aquesta t\u00e8cnica es pot dur a terme.<\/span><\/p><p class=\"p1\"><span class=\"s1\">Tot i aix\u00f2, 4 anys m\u00e9s tard, la realitat que ens trobem \u00e9s que la iniquitat territorial no nom\u00e9s no ha desaparegut sin\u00f3 que, fins i tot, s\u2019ha aprofundit. Aix\u00ed, no s\u2019han acreditat ASSIRs i nous centres hospitalaris per a l\u2019aplicaci\u00f3 de certes t\u00e8cniques de RHA i, a m\u00e9s, l\u2019actual circuit centralitza totes les demandes de dones sense parella masculina a un \u00fanic centre sanitari, situat a la ciutat de Barcelona, obligant a les usu\u00e0ries a fer un despla\u00e7ament en tots els casos.<\/span><\/p><p class=\"p1\"><span class=\"s1\">D\u2019altra banda, s\u00f3n nombroses les queixes d\u2019usu\u00e0ries a les quals no se\u2019ls efectuen les proves pertinents als seus ASSIR de refer\u00e8ncia, essent derivades al centre espec\u00edfic sense una exploraci\u00f3 pr\u00e8via i amb la dilataci\u00f3 temporal del proc\u00e9s que aix\u00f2 implica.<\/span><\/p><p class=\"p1\"><span class=\"s1\">Finalment, cal dir, que resta pendent la creaci\u00f3 d\u2019un banc p\u00fablic de g\u00e0metes, creaci\u00f3 recollida en el Protocol actual i que, probablement, afavoriria, entre d\u2019altres, la disminuci\u00f3 de les llistes d\u2019espera.<\/span><\/p><p class=\"p1\"><span class=\"s1\">\u00c9s important assenyalar que les llistes d\u2019espera i la dilataci\u00f3 temporal fruit de derivacions mal fetes tenen un important impacte emocional i psicol\u00f2gic en les dones i les seves parelles, si n\u2019hi ha, i poden suposar una barrera en l\u2019acc\u00e9s a aquestes t\u00e8cniques, at\u00e8s que el l\u00edmit d\u2019edat per la inseminaci\u00f3 artificial \u00e9s de 38 anys i de 40 per fecundaci\u00f3 invitro en la sanitat p\u00fablica catalana. <\/span><\/p><\/div>\n\t\t\t\t<\/div>\n\t\t\t\t\t\t\t<div class=\"elementor-toggle-item\">\n\t\t\t\t\t<div id=\"elementor-tab-title-5263\" class=\"elementor-tab-title\" data-tab=\"3\" role=\"tab\" aria-controls=\"elementor-tab-content-5263\">\n\t\t\t\t\t\t\t\t\t\t\t\t<span class=\"elementor-toggle-icon elementor-toggle-icon-right\" aria-hidden=\"true\">\n\t\t\t\t\t\t\t\t\t\t\t\t\t\t\t<span class=\"elementor-toggle-icon-closed\"><svg xmlns=\"http:\/\/www.w3.org\/2000\/svg\" id=\"ac4f546a-99d7-45a0-aa8f-3ffb9c557b54\" data-name=\"Layer 1\" width=\"14\" height=\"14\" viewBox=\"0 0 14 14\"><polygon points=\"14 6.5 7.5 6.5 7.5 0 6.5 0 6.5 6.5 0 6.5 0 7.5 6.5 7.5 6.5 14 7.5 14 7.5 7.5 14 7.5 14 6.5\" style=\"fill-rule:evenodd\"><\/polygon><\/svg><\/span>\n\t\t\t\t\t\t\t\t<span class=\"elementor-toggle-icon-opened\"><svg xmlns=\"http:\/\/www.w3.org\/2000\/svg\" id=\"b00b8e31-4f6b-4749-b929-6cc2f1c0b29b\" data-name=\"Layer 1\" width=\"14\" height=\"1\" viewBox=\"0 0 14 1\"><rect id=\"bf52c898-73a2-44f5-8999-d8fe5b5272b9\" data-name=\"Rectangle\" width=\"14\" height=\"1\"><\/rect><\/svg><\/span>\n\t\t\t\t\t\t\t\t\t\t\t\t\t<\/span>\n\t\t\t\t\t\t\t\t\t\t\t\t<a href=\"\" class=\"elementor-toggle-title\">3. Tracte arbitrari:<\/a>\n\t\t\t\t\t<\/div>\n\t\t\t\t\t<div id=\"elementor-tab-content-5263\" class=\"elementor-tab-content elementor-clearfix\" data-tab=\"3\" role=\"tabpanel\" aria-labelledby=\"elementor-tab-title-5263\"><p class=\"p1\"><span class=\"s1\">Una de les queixes m\u00e9s reiterades \u00e9s el tracte arbitrari al qual s\u00f3n sotmeses les dones que acudeixen a t\u00e8cniques de RHA.<\/span><\/p><p class=\"p1\"><span class=\"s1\">Aix\u00ed, per exemple, si b\u00e9 el Protocol estableix per a dones sense causa coneguda d\u2019infertilitat 4 cicles d\u2019inseminaci\u00f3 sense estimulaci\u00f3 ov\u00e0rica, com a m\u00ednim; seguits de l\u2019aplicaci\u00f3 del protocol d\u2019esterilitat &#8211; quan es d\u00f3na frac\u00e0s reiterat de la t\u00e8cnica -, el qual pot incloure fins a 3 cicles d\u2019inseminaci\u00f3 amb estimulaci\u00f3 ov\u00e0rica seguits de fins a 3 intents de fecundaci\u00f3 in vitro (FIV ) \u2013 tant si es tracta de fecundacions amb \u00f2vuls propis com de donant \u2013, la realitat \u00e9s que en part dels casos coneguts no s\u2019ha aplicat el Protocol seguint aquestes passes, reduint el nombre d\u2019intents en els cicles d\u2019inseminaci\u00f3 o de FIV, , aix\u00ed com la FIV la t\u00e8cnica recomanada en primera inst\u00e0ncia en nombroses ocasions, sovint en base a l\u2019edat de la dona, a un factor que pot ser considerat condicionant per\u00f2 en cap cas, determinant.<\/span><\/p><p class=\"p1\"><span class=\"s1\">D\u2019altra banda, quan les dones accedeixen al recurs espec\u00edfic, reben informaci\u00f3 molt diferent en funci\u00f3 del o de la professional sanit\u00e0ria que els at\u00e9n, sense que el nombre d\u2019intents o els motius espec\u00edfics per descartar nous cicles d\u2019una determinada t\u00e8cnica quedin recollits en cap document estandarditzat que les dones puguin con\u00e8ixer a l\u2019inici del proc\u00e9s.<\/span><\/p><p class=\"p1\"><span class=\"s1\">El topall d\u2019edat \u00e9s tamb\u00e9 un factor de tracte arbitrari, en aquest cas potenciat per la discrep\u00e0ncia entre el topall recollit a la Llei 14\/2006 (40 anys) i el recollit en l\u2019actual Protocol (38 anys). De manera que trobem dones de 38 anys a les quals se\u2019ls denega directament la derivaci\u00f3 al servei especialitzat i d\u2019altres que s\u00f3n ateses en aquest servei amb 40 anys o fins i tot sobrepassat aquest l\u00edmit si han iniciat el tractament pr\u00e8viament a aquesta edat.<\/span><\/p><\/div>\n\t\t\t\t<\/div>\n\t\t\t\t\t\t\t<div class=\"elementor-toggle-item\">\n\t\t\t\t\t<div id=\"elementor-tab-title-5264\" class=\"elementor-tab-title\" data-tab=\"4\" role=\"tab\" aria-controls=\"elementor-tab-content-5264\">\n\t\t\t\t\t\t\t\t\t\t\t\t<span class=\"elementor-toggle-icon elementor-toggle-icon-right\" aria-hidden=\"true\">\n\t\t\t\t\t\t\t\t\t\t\t\t\t\t\t<span class=\"elementor-toggle-icon-closed\"><svg xmlns=\"http:\/\/www.w3.org\/2000\/svg\" id=\"ac4f546a-99d7-45a0-aa8f-3ffb9c557b54\" data-name=\"Layer 1\" width=\"14\" height=\"14\" viewBox=\"0 0 14 14\"><polygon points=\"14 6.5 7.5 6.5 7.5 0 6.5 0 6.5 6.5 0 6.5 0 7.5 6.5 7.5 6.5 14 7.5 14 7.5 7.5 14 7.5 14 6.5\" style=\"fill-rule:evenodd\"><\/polygon><\/svg><\/span>\n\t\t\t\t\t\t\t\t<span class=\"elementor-toggle-icon-opened\"><svg xmlns=\"http:\/\/www.w3.org\/2000\/svg\" id=\"b00b8e31-4f6b-4749-b929-6cc2f1c0b29b\" data-name=\"Layer 1\" width=\"14\" height=\"1\" viewBox=\"0 0 14 1\"><rect id=\"bf52c898-73a2-44f5-8999-d8fe5b5272b9\" data-name=\"Rectangle\" width=\"14\" height=\"1\"><\/rect><\/svg><\/span>\n\t\t\t\t\t\t\t\t\t\t\t\t\t<\/span>\n\t\t\t\t\t\t\t\t\t\t\t\t<a href=\"\" class=\"elementor-toggle-title\">4. Respecte a la dignitat i a la integritat f\u00edsica:<\/a>\n\t\t\t\t\t<\/div>\n\t\t\t\t\t<div id=\"elementor-tab-content-5264\" class=\"elementor-tab-content elementor-clearfix\" data-tab=\"4\" role=\"tabpanel\" aria-labelledby=\"elementor-tab-title-5264\"><p class=\"p1\"><span class=\"s1\">Moltes de les queixes al\u00b7ludeixen a un tracte basat en la premissa que la seva prefer\u00e8ncia sexual o el fet de ser dones sense parella \u00e9s una desviaci\u00f3 de la norma i, per tant, part de les preguntes realitzades durant la fase explorat\u00f2ria inclouen aspectes de la seva vida sexual pr\u00e8via adre\u00e7ades a con\u00e8ixer si hi ha hagut parella masculina i acte sexual amb penetraci\u00f3 en algun moment de la seva hist\u00f2ria vital. Es tracta de preguntes ofensives sense cap validesa m\u00e8dica, at\u00e8s que, com a m\u00e0xim, la informaci\u00f3 d\u2019inter\u00e8s requerida hauria de ser si hi ha hagut algun embar\u00e0s previ, si aquest ha estat viable i si hi ha hagut dificultats per aconseguir-lo.<\/span><\/p><p class=\"p1\"><span class=\"s1\">Quant a l\u2019atemptat a la integritat f\u00edsica, cal recordar que el Protocol estableix que el sup\u00f2sit de partida \u00e9s que les dones amb una parella femenina o sense parella no tenen problemes d\u2019esterilitat i, en conseq\u00fc\u00e8ncia, el model cl\u00ednic assistencial \u00e9s diferent, at\u00e8s que no cal realitzar algunes de les proves diagn\u00f2stiques ni aplicar certs tractaments. Per contra, continua sent una pr\u00e0ctica habitual la realitzaci\u00f3 de certes proves invasives aix\u00ed com l\u2019aplicaci\u00f3 de tractaments estandarditzats, com ara l\u2019estimulaci\u00f3 ov\u00e0rica sistem\u00e0tica.<\/span><\/p><p class=\"p1\"><span class=\"s1\">Tenint en compte el conjunt de q\u00fcestions assenyalades en el present article, queda clar que la implementaci\u00f3 de l\u2019actual Protocol de les t\u00e8cniques de RHA ha estat, fins al moment, deficient, no havent assolit l\u2019objectiu d\u2019acabar amb les discriminacions viscudes per part de les dones sense parella masculina i, fins i tot, agreujant algunes de les existents.<\/span><\/p><\/div>\n\t\t\t\t<\/div>\n\t\t\t\t\t<\/div>\n\t\t\t\t<\/div>\n\t\t\t\t<\/div>\n\t\t\t\t<div class=\"elementor-element elementor-element-17bbd17 elementor-blockquote--skin-quotation elementor-blockquote--button-view-icon-text elementor-blockquote--button-skin-classic elementor-blockquote--button-color-official elementor-widget elementor-widget-blockquote\" data-id=\"17bbd17\" data-element_type=\"widget\" data-widget_type=\"blockquote.default\">\n\t\t\t\t<div class=\"elementor-widget-container\">\n\t\t\t\t\t<blockquote class=\"elementor-blockquote\">\n\t\t\t<p class=\"elementor-blockquote__content\">\n\t\t\t\t\u00c9s per aquest motiu que es fa palesa la necessitat de continuar fent incid\u00e8ncia pol\u00edtica per part d\u2019entitats i col\u00b7lectius feministes, LGTBI i de defensa de drets sexuals i reproductius alhora que cal exigir a l\u2019Administraci\u00f3 p\u00fablica que actu\u00ef per tal de garantir el desplegament dels drets fonamentals als quals afecta l\u2019acc\u00e9s i l\u2019aplicaci\u00f3 de t\u00e8cniques RHA i eradicar les discriminacions persistents.\u00a0\t\t\t<\/p>\n\t\t\t\t\t\t\t<footer>\n\t\t\t\t\t\t\t\t\t\t\t<cite class=\"elementor-blockquote__author\">Campanya Feminista Dret Reproducci\u00f3 Assistida<\/cite>\n\t\t\t\t\t\t\t\t\t\t\t\t\t\t\t\t<a href=\"https:\/\/twitter.com\/intent\/tweet?text=%C3%89s+per+aquest+motiu+que+es+fa+palesa+la+necessitat+de+continuar+fent+incid%C3%A8ncia+pol%C3%ADtica+per+part+d%E2%80%99entitats+i+col%C2%B7lectius+feministes%2C+LGTBI+i+de+defensa+de+drets+sexuals+i+reproductius+alhora+que+cal+exigir+a+l%E2%80%99Administraci%C3%B3+p%C3%BAblica+que+actu%C3%AF+per+tal+de+garantir+el+desplegament+dels+drets+fonamentals+als+quals+afecta+l%E2%80%99acc%C3%A9s+i+l%E2%80%99aplicaci%C3%B3+de+t%C3%A8cniques+RHA+i+eradicar+les+discriminacions+persistents.%C2%A0+%E2%80%94+Campanya+Feminista+Dret+Reproducci%C3%B3+Assistida&amp;url=https%3A%2F%2Fdrets-sexuals-i-reproductius.lassociacio.org%2Finforme2020%2Finforme2020%2Fwp-json%2Fwp%2Fv2%2Fpages%2F234\" class=\"elementor-blockquote__tweet-button\" target=\"_blank\">\n\t\t\t\t\t\t\t\t\t\t\t\t\t\t\t<i aria-hidden=\"true\" class=\"fab fa-twitter\"><\/i>\t\t\t\t\t\t\t\t\t\t\t\t\t\t\t\t\t\t\t\t\t\t\t\t\t\t\t\t\t\t<span class=\"elementor-blockquote__tweet-label\">Tweet<\/span>\n\t\t\t\t\t\t\t\t\t\t\t\t\t<\/a>\n\t\t\t\t\t\t\t\t\t<\/footer>\n\t\t\t\t\t<\/blockquote>\n\t\t\t\t<\/div>\n\t\t\t\t<\/div>\n\t\t\t\t<div class=\"elementor-element elementor-element-4141fd4 elementor-widget elementor-widget-spacer\" data-id=\"4141fd4\" data-element_type=\"widget\" data-widget_type=\"spacer.default\">\n\t\t\t\t<div class=\"elementor-widget-container\">\n\t\t\t\t\t<div class=\"elementor-spacer\">\n\t\t\t<div class=\"elementor-spacer-inner\"><\/div>\n\t\t<\/div>\n\t\t\t\t<\/div>\n\t\t\t\t<\/div>\n\t\t\t\t<div class=\"elementor-element elementor-element-8124168 elementor-widget elementor-widget-text-editor\" data-id=\"8124168\" data-element_type=\"widget\" data-widget_type=\"text-editor.default\">\n\t\t\t\t<div class=\"elementor-widget-container\">\n\t\t\t\t\t<div class=\"elementor-text-editor elementor-clearfix\"><p><em><strong>Campanya Feminista pel Dret a la Reproducci\u00f3 Assistida.<\/strong><\/em><\/p><\/div>\n\t\t\t\t<\/div>\n\t\t\t\t<\/div>\n\t\t\t\t<div class=\"elementor-element elementor-element-a5750ef elementor-widget elementor-widget-spacer\" data-id=\"a5750ef\" data-element_type=\"widget\" data-widget_type=\"spacer.default\">\n\t\t\t\t<div class=\"elementor-widget-container\">\n\t\t\t\t\t<div class=\"elementor-spacer\">\n\t\t\t<div class=\"elementor-spacer-inner\"><\/div>\n\t\t<\/div>\n\t\t\t\t<\/div>\n\t\t\t\t<\/div>\n\t\t\t\t<div class=\"elementor-element elementor-element-9814be6 elementor-widget elementor-widget-spacer\" data-id=\"9814be6\" data-element_type=\"widget\" data-widget_type=\"spacer.default\">\n\t\t\t\t<div class=\"elementor-widget-container\">\n\t\t\t\t\t<div class=\"elementor-spacer\">\n\t\t\t<div class=\"elementor-spacer-inner\"><\/div>\n\t\t<\/div>\n\t\t\t\t<\/div>\n\t\t\t\t<\/div>\n\t\t\t\t\t\t<\/div>\n\t\t\t\t\t<\/div>\n\t\t<\/div>\n\t\t\t\t\t\t\t\t<\/div>\n\t\t\t\t\t<\/div>\n\t\t<\/section>\n\t\t\t\t\t\t<\/div>\n\t\t\t\t\t<\/div>\n\t\t<\/div>\n\t\t\t\t\t\t\t\t<\/div>\n\t\t\t\t\t<\/div>\n\t\t<\/section>\n\t\t\t\t\t\t<\/div>\n\t\t\t\t\t\t<\/div>\n\t\t\t\t\t<\/div>\n\t\t","protected":false},"excerpt":{"rendered":"<p>#5 a la reproducci\u00f3 assistida Un dona de 36 anys ens explica que des del novembre de 2018 est\u00e0 a la llista de la Generalitat de dones que esperen una inseminaci\u00f3 artificial o in vitro. Explica que de maig a novembre de 2018, com a m\u00ednim, no es va citar cap dona per poder fer [&hellip;]<\/p>\n","protected":false},"author":2,"featured_media":0,"parent":0,"menu_order":0,"comment_status":"closed","ping_status":"closed","template":"elementor_header_footer","meta":[],"_links":{"self":[{"href":"https:\/\/drets-sexuals-i-reproductius.lassociacio.org\/informe2020\/wp-json\/wp\/v2\/pages\/234"}],"collection":[{"href":"https:\/\/drets-sexuals-i-reproductius.lassociacio.org\/informe2020\/wp-json\/wp\/v2\/pages"}],"about":[{"href":"https:\/\/drets-sexuals-i-reproductius.lassociacio.org\/informe2020\/wp-json\/wp\/v2\/types\/page"}],"author":[{"embeddable":true,"href":"https:\/\/drets-sexuals-i-reproductius.lassociacio.org\/informe2020\/wp-json\/wp\/v2\/users\/2"}],"replies":[{"embeddable":true,"href":"https:\/\/drets-sexuals-i-reproductius.lassociacio.org\/informe2020\/wp-json\/wp\/v2\/comments?post=234"}],"version-history":[{"count":6,"href":"https:\/\/drets-sexuals-i-reproductius.lassociacio.org\/informe2020\/wp-json\/wp\/v2\/pages\/234\/revisions"}],"predecessor-version":[{"id":306,"href":"https:\/\/drets-sexuals-i-reproductius.lassociacio.org\/informe2020\/wp-json\/wp\/v2\/pages\/234\/revisions\/306"}],"wp:attachment":[{"href":"https:\/\/drets-sexuals-i-reproductius.lassociacio.org\/informe2020\/wp-json\/wp\/v2\/media?parent=234"}],"curies":[{"name":"wp","href":"https:\/\/api.w.org\/{rel}","templated":true}]}}