{"id":223,"date":"2020-12-07T10:30:31","date_gmt":"2020-12-07T10:30:31","guid":{"rendered":"https:\/\/drets-sexuals-i-reproductius.lassociacio.org\/informe2020\/?page_id=223"},"modified":"2020-12-09T19:50:58","modified_gmt":"2020-12-09T19:50:58","slug":"avortament","status":"publish","type":"page","link":"https:\/\/drets-sexuals-i-reproductius.lassociacio.org\/informe2020\/avortament\/","title":{"rendered":"#4 Dret a l&#8217;avortament"},"content":{"rendered":"\t\t<div data-elementor-type=\"wp-page\" data-elementor-id=\"223\" class=\"elementor elementor-223\" data-elementor-settings=\"[]\">\n\t\t\t\t\t\t<div class=\"elementor-inner\">\n\t\t\t\t\t\t\t<div class=\"elementor-section-wrap\">\n\t\t\t\t\t\t\t<section class=\"elementor-section elementor-top-section elementor-element elementor-element-19e92064 elementor-section-full_width elementor-section-height-min-height elementor-section-items-stretch elementor-section-height-default\" data-id=\"19e92064\" data-element_type=\"section\">\n\t\t\t\t\t\t<div class=\"elementor-container elementor-column-gap-default\">\n\t\t\t\t\t\t\t<div class=\"elementor-row\">\n\t\t\t\t\t<div class=\"elementor-column elementor-col-50 elementor-top-column elementor-element elementor-element-2ee458d4\" data-id=\"2ee458d4\" data-element_type=\"column\">\n\t\t\t<div class=\"elementor-column-wrap elementor-element-populated\">\n\t\t\t\t\t\t\t<div class=\"elementor-widget-wrap\">\n\t\t\t\t\t\t<div class=\"elementor-element elementor-element-9bad041 elementor-widget elementor-widget-spacer\" data-id=\"9bad041\" data-element_type=\"widget\" data-widget_type=\"spacer.default\">\n\t\t\t\t<div class=\"elementor-widget-container\">\n\t\t\t\t\t<div class=\"elementor-spacer\">\n\t\t\t<div class=\"elementor-spacer-inner\"><\/div>\n\t\t<\/div>\n\t\t\t\t<\/div>\n\t\t\t\t<\/div>\n\t\t\t\t<div class=\"elementor-element elementor-element-8dafabd elementor-headline--style-highlight elementor-widget elementor-widget-animated-headline\" data-id=\"8dafabd\" data-element_type=\"widget\" data-settings=\"{&quot;highlighted_text&quot;:&quot;Dret &quot;,&quot;headline_style&quot;:&quot;highlight&quot;,&quot;marker&quot;:&quot;circle&quot;}\" data-widget_type=\"animated-headline.default\">\n\t\t\t\t<div class=\"elementor-widget-container\">\n\t\t\t\t\t<h3 class=\"elementor-headline\">\n\t\t\t\t\t\t\t<span class=\"elementor-headline-plain-text elementor-headline-text-wrapper\">#4<\/span>\n\t\t\t\t\t\t<span class=\"elementor-headline-dynamic-wrapper elementor-headline-text-wrapper\"><\/span>\n\t\t\t\t\t\t\t<span class=\"elementor-headline-plain-text elementor-headline-text-wrapper\">a l'avortament<\/span>\n\t\t\t\t\t<\/h3>\n\t\t\t\t<\/div>\n\t\t\t\t<\/div>\n\t\t\t\t<div class=\"elementor-element elementor-element-7b0cf773 elementor-widget elementor-widget-text-editor\" data-id=\"7b0cf773\" data-element_type=\"widget\" data-widget_type=\"text-editor.default\">\n\t\t\t\t<div class=\"elementor-widget-container\">\n\t\t\t\t\t<div class=\"elementor-text-editor elementor-clearfix\"><p class=\"p1\">Donem per fet que a Catalunya avortar \u00e9s un dret garantit per\u00f2, qu\u00e8 en sabem de les barreres i obstacles?<\/p><p class=\"p1\">Una dona embarassada de 14 setmanes demana ajuda per avortar al CAP. Des del servei li diuen que a partir de les 14 setmanes de gestaci\u00f3 est\u00e0 prohibit i que haur\u00e0 de continuar l\u2019embar\u00e0s.<\/p><p class=\"p1\">Una dona de 38 anys truca al Centre Jove d\u2019Atenci\u00f3 a les Sexualitats (CJAS) i explica que al seu CAP, a Sarri\u00e0, li han dit que no la podien ajudar \u201cperqu\u00e8 no feien res amb relaci\u00f3 a l\u2019avortament\u201d. Al mateix CAP li han donat el tel\u00e8fon de contacte del CJAS. Des de L\u2019Associaci\u00f3 hem trucat per saber qu\u00e8 estava passant i ens expliquen que des que ha comen\u00e7at el confinament no s\u2019estan ocupant dels casos relacionats amb l\u2019avortament.<\/p><\/div>\n\t\t\t\t<\/div>\n\t\t\t\t<\/div>\n\t\t\t\t<div class=\"elementor-element elementor-element-7a3fe83 elementor-widget elementor-widget-spacer\" data-id=\"7a3fe83\" data-element_type=\"widget\" data-widget_type=\"spacer.default\">\n\t\t\t\t<div class=\"elementor-widget-container\">\n\t\t\t\t\t<div class=\"elementor-spacer\">\n\t\t\t<div class=\"elementor-spacer-inner\"><\/div>\n\t\t<\/div>\n\t\t\t\t<\/div>\n\t\t\t\t<\/div>\n\t\t\t\t\t\t<\/div>\n\t\t\t\t\t<\/div>\n\t\t<\/div>\n\t\t\t\t<div class=\"elementor-column elementor-col-50 elementor-top-column elementor-element elementor-element-224a21e\" data-id=\"224a21e\" data-element_type=\"column\" data-settings=\"{&quot;background_background&quot;:&quot;classic&quot;}\">\n\t\t\t<div class=\"elementor-column-wrap elementor-element-populated\">\n\t\t\t\t\t\t\t<div class=\"elementor-widget-wrap\">\n\t\t\t\t\t\t<div class=\"elementor-element elementor-element-77b60268 elementor-widget elementor-widget-spacer\" data-id=\"77b60268\" data-element_type=\"widget\" data-widget_type=\"spacer.default\">\n\t\t\t\t<div class=\"elementor-widget-container\">\n\t\t\t\t\t<div class=\"elementor-spacer\">\n\t\t\t<div class=\"elementor-spacer-inner\"><\/div>\n\t\t<\/div>\n\t\t\t\t<\/div>\n\t\t\t\t<\/div>\n\t\t\t\t\t\t<\/div>\n\t\t\t\t\t<\/div>\n\t\t<\/div>\n\t\t\t\t\t\t\t\t<\/div>\n\t\t\t\t\t<\/div>\n\t\t<\/section>\n\t\t\t\t<section class=\"elementor-section elementor-top-section elementor-element elementor-element-2fe5afa1 elementor-section-boxed elementor-section-height-default elementor-section-height-default\" data-id=\"2fe5afa1\" data-element_type=\"section\">\n\t\t\t\t\t\t<div class=\"elementor-container elementor-column-gap-default\">\n\t\t\t\t\t\t\t<div class=\"elementor-row\">\n\t\t\t\t\t<div class=\"elementor-column elementor-col-100 elementor-top-column elementor-element elementor-element-9e87734\" data-id=\"9e87734\" data-element_type=\"column\">\n\t\t\t<div class=\"elementor-column-wrap elementor-element-populated\">\n\t\t\t\t\t\t\t<div class=\"elementor-widget-wrap\">\n\t\t\t\t\t\t<div class=\"elementor-element elementor-element-3333ac35 elementor-widget elementor-widget-heading\" data-id=\"3333ac35\" data-element_type=\"widget\" data-widget_type=\"heading.default\">\n\t\t\t\t<div class=\"elementor-widget-container\">\n\t\t\t<h2 class=\"elementor-heading-title elementor-size-default\">L'avortament durant la pand\u00e8mia. S'han vulnerat els nostres drets?<\/h2>\t\t<\/div>\n\t\t\t\t<\/div>\n\t\t\t\t<section class=\"elementor-section elementor-inner-section elementor-element elementor-element-9a48bf5 elementor-section-full_width elementor-section-height-default elementor-section-height-default\" data-id=\"9a48bf5\" data-element_type=\"section\">\n\t\t\t\t\t\t<div class=\"elementor-container elementor-column-gap-default\">\n\t\t\t\t\t\t\t<div class=\"elementor-row\">\n\t\t\t\t\t<div class=\"elementor-column elementor-col-100 elementor-inner-column elementor-element elementor-element-fa03764\" data-id=\"fa03764\" data-element_type=\"column\">\n\t\t\t<div class=\"elementor-column-wrap elementor-element-populated\">\n\t\t\t\t\t\t\t<div class=\"elementor-widget-wrap\">\n\t\t\t\t\t\t<div class=\"elementor-element elementor-element-a43b4f8 elementor-widget elementor-widget-text-editor\" data-id=\"a43b4f8\" data-element_type=\"widget\" data-widget_type=\"text-editor.default\">\n\t\t\t\t<div class=\"elementor-widget-container\">\n\t\t\t\t\t<div class=\"elementor-text-editor elementor-clearfix\"><p class=\"p1\"><span class=\"s1\"><strong>La COVID-19 ha provocat un terrabastall als sistemes sanitaris d\u2019arreu del m\u00f3n.<\/strong> El Coronavirus, afecta principalment a nivell pneumol\u00f2gic, per\u00f2 ha acabat afectant fins i tot la forma en com ens relacionem o celebrem tradicions mil\u00b7len\u00e0ries. Ens ha sumit en un m\u00f3n on el que se&#8217;ns ha demanat ha estat aturar-nos i quedar-nos a casa, i ens ha portat a prendre grans decisions i la gran pregunta a respondre ha estat: <b>que \u00e9s imprescindible? <\/b>I tot all\u00f2 que no hem designat com a imprescindible, ho hem suprimit de les nostres vides, com abra\u00e7ar a les persones que estimem o tot tipus de cirurgies i tractaments m\u00e8dics posposables. <\/span><span class=\"s1\">Al m\u00f3n i als sistemes sanitaris els li ha tocat respondre:<span style=\"text-decoration: underline;\"> \u00e9s imprescindible la Interrupci\u00f3 Volunt\u00e0ria de l\u2019Embar\u00e0s?<\/span>, un dels drets m\u00e9s fonamentals de les dones i m\u00e9s discutits al llarg dels temps i arreu del planeta.<\/span><\/p><\/div>\n\t\t\t\t<\/div>\n\t\t\t\t<\/div>\n\t\t\t\t<div class=\"elementor-element elementor-element-088b13f elementor-blockquote--skin-quotation elementor-blockquote--button-view-icon-text elementor-blockquote--button-skin-classic elementor-blockquote--button-color-official elementor-widget elementor-widget-blockquote\" data-id=\"088b13f\" data-element_type=\"widget\" data-widget_type=\"blockquote.default\">\n\t\t\t\t<div class=\"elementor-widget-container\">\n\t\t\t\t\t<blockquote class=\"elementor-blockquote\">\n\t\t\t<p class=\"elementor-blockquote__content\">\n\t\t\t\tCom ens ensenya la hist\u00f2ria, quan hi ha una crisi, sovint, els drets de les dones queden en segon pla, pateixen retrocessos o s\u00f3n vulnerats. Cal doncs posar atenci\u00f3 durant les crisis per veure qu\u00e8 passa amb aquests drets.\t\t\t<\/p>\n\t\t\t\t\t\t\t<footer>\n\t\t\t\t\t\t\t\t\t\t\t<cite class=\"elementor-blockquote__author\">Georgina Picas<\/cite>\n\t\t\t\t\t\t\t\t\t\t\t\t\t\t\t\t<a href=\"https:\/\/twitter.com\/intent\/tweet?text=Com+ens+ensenya+la+hist%C3%B2ria%2C+quan+hi+ha+una+crisi%2C+sovint%2C+els+drets+de+les+dones+queden+en+segon+pla%2C+pateixen+retrocessos+o+s%C3%B3n+vulnerats.+Cal+doncs+posar+atenci%C3%B3+durant+les+crisis+per+veure+qu%C3%A8+passa+amb+aquests+drets.+%E2%80%94+Georgina+Picas&amp;url=https%3A%2F%2Fdrets-sexuals-i-reproductius.lassociacio.org%2Finforme2020%2Finforme2020%2Fwp-json%2Fwp%2Fv2%2Fpages%2F223\" class=\"elementor-blockquote__tweet-button\" target=\"_blank\">\n\t\t\t\t\t\t\t\t\t\t\t\t\t\t\t<i aria-hidden=\"true\" class=\"fab fa-twitter\"><\/i>\t\t\t\t\t\t\t\t\t\t\t\t\t\t\t\t\t\t\t\t\t\t\t\t\t\t\t\t\t\t<span class=\"elementor-blockquote__tweet-label\">Tweet<\/span>\n\t\t\t\t\t\t\t\t\t\t\t\t\t<\/a>\n\t\t\t\t\t\t\t\t\t<\/footer>\n\t\t\t\t\t<\/blockquote>\n\t\t\t\t<\/div>\n\t\t\t\t<\/div>\n\t\t\t\t<div class=\"elementor-element elementor-element-ae60406 elementor-widget elementor-widget-text-editor\" data-id=\"ae60406\" data-element_type=\"widget\" data-widget_type=\"text-editor.default\">\n\t\t\t\t<div class=\"elementor-widget-container\">\n\t\t\t\t\t<div class=\"elementor-text-editor elementor-clearfix\"><p class=\"p1\">\u00a0<\/p><p class=\"p3\"><span class=\"s1\">Ja a l\u2019inici de la pand\u00e8mia,<strong> la ONU va situar dins les seves prioritats, el Dret a la Salut Sexual i Reproductiva en el pla mundial i, en concret, l\u2019acc\u00e9s a l\u2019avortament<\/strong>, al mateix nivell que l\u2019atenci\u00f3 sanit\u00e0ria essencial o la seguretat aliment\u00e0ria. <\/span><strong><span class=\"s1\">Qu\u00e8 ha passat al m\u00f3n i a Catalunya?<\/span><\/strong><\/p><p class=\"p4\"><span class=\"s1\">Una de les anomenades gran pot\u00e8ncies mundials, <strong>els EUA ha aprofitat la pand\u00e8mia per atacar el dret a l\u2019avortament i negar-lo en molts dels seus estats.<\/strong> No estem parlant d\u2019un pa\u00eds on l\u2019avortament era il\u00b7legal previ a la COVID, era un dret garantit per a les dones i legal. Dotze estats republicans, com Texas o Alabama, han bloquejat el dret en plena pand\u00e8mia. <span style=\"text-decoration: underline;\">Texas va tancar les cl\u00edniques on es practicaven avortaments, per una ordre del governador, amb el pretext de que calia suspendre els procediments que no es consideressin medicament indispensables.<\/span> Com indiquen els estudis cient\u00edfics, bloquejar l\u2019acc\u00e9s al avortament no significa reduir els avortaments. Per molt que li neguis a una dona avortar, no ho deixar\u00e0 de fer, i en canvi, el que <strong>provoca \u00e9s que ho far\u00e0 en condicions clandestines, sense garanties sanit\u00e0ries.<\/strong> Aix\u00f2 \u00e9s el que ha passat en ple segle XXI: dones que han hagut de fer centenars i milers de kil\u00f2metres per canviar d\u2019estat per a realitzar-se una IVE (Texas t\u00e9 una superf\u00edcie de 695.000Km<\/span><span class=\"s2\">\u00b2!<\/span><span class=\"s1\">). Les<\/span> <span class=\"s1\">dones,<\/span> <span class=\"s1\">han<\/span> <span class=\"s1\">hagut<\/span> <span class=\"s1\">de<\/span> <span class=\"s1\">viatjar<\/span> <span class=\"s1\">arriscant<\/span> <span class=\"s1\">la<\/span> <span class=\"s1\">seva<\/span> <span class=\"s1\">pr\u00f2pia<\/span> <span class=\"s1\">salut<\/span> <span class=\"s1\">i<\/span> <span class=\"s1\">sense<\/span> <span class=\"s1\">tenir<\/span> <span class=\"s1\">en<\/span> <span class=\"s1\">compte <\/span><span class=\"s1\">les pautes de salut p\u00fablica (reduir la mobilitat), o encara pitjor, s\u2019han hagut d\u2019enfrontar a avortaments clandestins<i>. <\/i><strong>Aquests avortaments fora del sistemes sanitaris, el que acaba provocant \u00e9s un increment de les xifres de morbimortalitat femenina<\/strong> i no oblidem que darrera d\u2019aquestes xifres, estem parlant de dones que perden la seva salut i fins i tot de dones que<\/span> <span class=\"s1\">moren. <\/span><span class=\"s1\">Amb aquesta restricci\u00f3, <span style=\"text-decoration: underline;\">Texas va posar en evidencia que l\u2019avortament no era essencial, va incomplir les recomanacions de l\u2019ONU i els principals organismes de salut i va violar el Drets<\/span><\/span><span style=\"text-decoration: underline;\"> H<span class=\"s1\">umans.<\/span><\/span><\/p><p class=\"p1\"><span class=\"s1\">Un altre exemple de pa\u00efsos on de ben segur han augmentat els avortaments insegurs, s\u00f3n els pa\u00efsos on pr\u00e8viament a la pand\u00e8mia ja era il\u00b7legal <\/span><span class=\"s2\">avortar<\/span><span class=\"s1\">. <strong>A Andorra, el nostre pa\u00eds ve\u00ed, les dones no poden avortar sota cap sup\u00f2sit (ni el de violaci\u00f3).<\/strong> Les dones andorranes sempre han de creuar les seves fronteres per poder complir el seu dret fonamental. No tenim dades del nombre d\u2019avortaments clandestins, o de complicacions derivades d\u2019aquests, el que si coneixem, s\u00f3n experi\u00e8ncies personals intenses de dones que s\u2019han vist obligades a creuar la frontera en plena pand\u00e8mia, per venir a avortar a Catalunya. <strong>El tancament de fronteres ha tingut un impacte directe per a totes les dones, centenars o milers, que a diari han de creuar fronteres (entre elles la nostra) per a poder tenir una interrupci\u00f3 de l\u2019embar\u00e0s amb garanties sobre la seva salut.<\/strong><\/span><\/p><\/div>\n\t\t\t\t<\/div>\n\t\t\t\t<\/div>\n\t\t\t\t<div class=\"elementor-element elementor-element-bb2ed65 elementor-widget elementor-widget-spacer\" data-id=\"bb2ed65\" data-element_type=\"widget\" data-widget_type=\"spacer.default\">\n\t\t\t\t<div class=\"elementor-widget-container\">\n\t\t\t\t\t<div class=\"elementor-spacer\">\n\t\t\t<div class=\"elementor-spacer-inner\"><\/div>\n\t\t<\/div>\n\t\t\t\t<\/div>\n\t\t\t\t<\/div>\n\t\t\t\t<div class=\"elementor-element elementor-element-e048607 elementor-widget elementor-widget-spacer\" data-id=\"e048607\" data-element_type=\"widget\" data-widget_type=\"spacer.default\">\n\t\t\t\t<div class=\"elementor-widget-container\">\n\t\t\t\t\t<div class=\"elementor-spacer\">\n\t\t\t<div class=\"elementor-spacer-inner\"><\/div>\n\t\t<\/div>\n\t\t\t\t<\/div>\n\t\t\t\t<\/div>\n\t\t\t\t\t\t<\/div>\n\t\t\t\t\t<\/div>\n\t\t<\/div>\n\t\t\t\t\t\t\t\t<\/div>\n\t\t\t\t\t<\/div>\n\t\t<\/section>\n\t\t\t\t<div class=\"elementor-element elementor-element-bac929f elementor-aspect-ratio-169 elementor-widget elementor-widget-video\" data-id=\"bac929f\" data-element_type=\"widget\" data-settings=\"{&quot;aspect_ratio&quot;:&quot;169&quot;}\" data-widget_type=\"video.default\">\n\t\t\t\t<div class=\"elementor-widget-container\">\n\t\t\t\t\t<div class=\"elementor-wrapper elementor-fit-aspect-ratio elementor-open-inline\">\n\t\t\t<iframe class=\"elementor-video-iframe\" allowfullscreen title=\"Reproductor de v\u00eddeo youtube\" src=\"https:\/\/www.youtube.com\/embed\/GXl9UrSvrHY?feature=oembed&amp;autoplay=1&amp;playlist=GXl9UrSvrHY&amp;wmode=opaque&amp;loop=1&amp;controls=1&amp;mute=0&amp;rel=0&amp;modestbranding=0\"><\/iframe>\t\t<\/div>\n\t\t\t\t<\/div>\n\t\t\t\t<\/div>\n\t\t\t\t<section class=\"elementor-section elementor-inner-section elementor-element elementor-element-a37311e elementor-section-full_width elementor-section-height-default elementor-section-height-default\" data-id=\"a37311e\" data-element_type=\"section\">\n\t\t\t\t\t\t<div class=\"elementor-container elementor-column-gap-default\">\n\t\t\t\t\t\t\t<div class=\"elementor-row\">\n\t\t\t\t\t<div class=\"elementor-column elementor-col-100 elementor-inner-column elementor-element elementor-element-be1d64b\" data-id=\"be1d64b\" data-element_type=\"column\">\n\t\t\t<div class=\"elementor-column-wrap elementor-element-populated\">\n\t\t\t\t\t\t\t<div class=\"elementor-widget-wrap\">\n\t\t\t\t\t\t<div class=\"elementor-element elementor-element-0bb9927 elementor-widget elementor-widget-text-editor\" data-id=\"0bb9927\" data-element_type=\"widget\" data-widget_type=\"text-editor.default\">\n\t\t\t\t<div class=\"elementor-widget-container\">\n\t\t\t\t\t<div class=\"elementor-text-editor elementor-clearfix\"><p class=\"p1\"><span class=\"s1\">Si ens situem a <b>Catalunya<\/b>, l<span style=\"text-decoration: underline;\">a resposta va ser contundent, l\u2019IVE era essencial i es va fer una resoluci\u00f3 des del departament de Salut per a garantir el seu acc\u00e9s, obrint la via telem\u00e0tica.<\/span> Catalunya ha estat pionera en l\u2019atenci\u00f3 telem\u00e0tica a la IVE, es a dir, les dones no han hagut de despla\u00e7ar-se un m\u00ednim de dos cop a l\u2019ASSIR per a fer una IVE. La primera visita podia ser de forma telem\u00e0tica. Aquest format \u00e0mpliament usat en d\u2019altres pa\u00efsos \u00e9s segur segons la bibliografia, sempre tenint en compte que un professional doni la informaci\u00f3 adequada i la dona disposi d\u2019un centre m\u00e8dic si ho requereix. Gal\u00edcia es va unir a Catalunya, per\u00f2 cap altre comunitat aut\u00f2noma ho ha<\/span> <span class=\"s1\">fet.<\/span><\/p><\/div>\n\t\t\t\t<\/div>\n\t\t\t\t<\/div>\n\t\t\t\t<div class=\"elementor-element elementor-element-17bbd17 elementor-blockquote--skin-quotation elementor-blockquote--button-view-icon-text elementor-blockquote--button-skin-classic elementor-blockquote--button-color-official elementor-widget elementor-widget-blockquote\" data-id=\"17bbd17\" data-element_type=\"widget\" data-widget_type=\"blockquote.default\">\n\t\t\t\t<div class=\"elementor-widget-container\">\n\t\t\t\t\t<blockquote class=\"elementor-blockquote\">\n\t\t\t<p class=\"elementor-blockquote__content\">\n\t\t\t\tLa pand\u00e8mia ha posat de manifest (de manera m\u00e9s accentuada) la desigualtat territorial pel que respecta a l\u2019accessibilitat a la IVE. En tota la prov\u00edncia de Lleida, no es realitzen IVE instrumentals. \t\t\t<\/p>\n\t\t\t\t\t\t\t<footer>\n\t\t\t\t\t\t\t\t\t\t\t<cite class=\"elementor-blockquote__author\">Georgina Picas<\/cite>\n\t\t\t\t\t\t\t\t\t\t\t\t\t\t\t\t<a href=\"https:\/\/twitter.com\/intent\/tweet?text=La+pand%C3%A8mia+ha+posat+de+manifest+%28de+manera+m%C3%A9s+accentuada%29+la+desigualtat+territorial+pel+que+respecta+a+l%E2%80%99accessibilitat+a+la+IVE.+En+tota+la+prov%C3%ADncia+de+Lleida%2C+no+es+realitzen+IVE+instrumentals.++%E2%80%94+Georgina+Picas&amp;url=https%3A%2F%2Fdrets-sexuals-i-reproductius.lassociacio.org%2Finforme2020%2Finforme2020%2Fwp-json%2Fwp%2Fv2%2Fpages%2F223\" class=\"elementor-blockquote__tweet-button\" target=\"_blank\">\n\t\t\t\t\t\t\t\t\t\t\t\t\t\t\t<i aria-hidden=\"true\" class=\"fab fa-twitter\"><\/i>\t\t\t\t\t\t\t\t\t\t\t\t\t\t\t\t\t\t\t\t\t\t\t\t\t\t\t\t\t\t<span class=\"elementor-blockquote__tweet-label\">Tweet<\/span>\n\t\t\t\t\t\t\t\t\t\t\t\t\t<\/a>\n\t\t\t\t\t\t\t\t\t<\/footer>\n\t\t\t\t\t<\/blockquote>\n\t\t\t\t<\/div>\n\t\t\t\t<\/div>\n\t\t\t\t<div class=\"elementor-element elementor-element-c0196fb elementor-widget elementor-widget-text-editor\" data-id=\"c0196fb\" data-element_type=\"widget\" data-widget_type=\"text-editor.default\">\n\t\t\t\t<div class=\"elementor-widget-container\">\n\t\t\t\t\t<div class=\"elementor-text-editor elementor-clearfix\"><p>\u00a0<\/p><p class=\"p1\"><span class=\"s1\">\u00c9s a dir, <strong>si una dona de la Seu d\u2019Urgell <\/strong><\/span><strong><span class=\"s3\">desitja<\/span><\/strong><span class=\"s1\"><strong> necessita una IVE instrumental, s\u2019ha de despla\u00e7ar m\u00e9s de 180 km per anar a Barcelona a realitzar-la.<\/strong> Les lleidatanes estan condemnades a fer centenars <\/span><span class=\"s4\">de <\/span><span class=\"s1\">kil\u00f2metres per a poder-ho fer i durant la pand\u00e8mia, a m\u00e9s a m\u00e9s, van haver de desafiar les normes de salut p\u00fablica comunit\u00e0ria i posar per davant la necessitat extrema. Aix\u00f2, en <\/span> <span class=\"s1\">plena <\/span> <span class=\"s1\">pand\u00e8mia, <\/span> <span class=\"s1\">suposava <\/span> <span class=\"s1\">una <\/span> <span class=\"s1\">doble <\/span> <span class=\"s1\">exposici\u00f3 <\/span> <span class=\"s1\">al <\/span> <span class=\"s1\">virus. <\/span> <span class=\"s1\">I <\/span> <span class=\"s1\">si, <\/span> <span class=\"s1\">a <\/span> <span class=\"s1\">m\u00e9s <\/span> <span class=\"s1\">a <\/span> <span class=\"s1\">m\u00e9s, <\/span><span class=\"s1\"><span style=\"text-decoration: underline;\">imaginem que era una noia molt jove, o una dona amb problemes econ\u00f2mics i en risc d\u2019exclusi\u00f3 social sense cotxe ni forma de despla\u00e7ar-se?<\/span> La conclusi\u00f3 es clara, <strong>cal resoldre la desigualtat territorial.<\/strong><\/span><\/p><p class=\"p4\"><span class=\"s1\">Actualment, ens trobem en un moment on continuem tenint reptes importants pel que fa a la garantia de la IVE a Catalunya. Qu\u00e8 passa amb les dones <b>COVID positiu<\/b>? Als circuits normals per a realitzar una IVE no les estan atenent amb normalitat, <\/span><span class=\"s3\">sembla<\/span> <span class=\"s3\">que<\/span><span class=\"s1\"> fins a <\/span><span class=\"s3\">no<\/span><span class=\"s1\"> assegurar la no transmissi\u00f3 del<\/span> <span class=\"s1\">virus.<\/span><\/p><p class=\"p6\"><span class=\"s1\">A nivell de salut p\u00fablica es molt encertat deixar a la gent que t\u00e9 el virus a casa, i per tant demorar les intervencions. Quan parlem per\u00f2 de dones embarassades que no ho desitgen, la realitat es complica i ens trobem davant de situacions realment complexes. <span style=\"text-decoration: underline;\">Aquesta setmana hem tingut el cas d\u2019una noia de 21 anys. Fa m\u00e9s de 15 dies que espera poder fer la IVE, no t\u00e9 simptomatologia de COVID-19 i encara no hem trobat on fer la intervenci\u00f3.<\/span> La noia, mentre espera, presenta v\u00f2mits i n\u00e0usees tot el dia. Viu amb una fam\u00edlia que no sabem si la recolzen en aquesta situaci\u00f3 o la fan sentir culpable. El que si \u00e9s cert, \u00e9s que ella avui ja m\u2019ha preguntat com de gran era el que tenia dins l\u2019\u00fater. No perqu\u00e8 s\u2019estigui replantejant no avortar, no pot fer una altre cosa, per\u00f2 s\u00ed que \u00e9s cert que augmenten els sentiments de culpa i estigma que poden comportar aquest procediment, i aix\u00f2 tamb\u00e9 te un impacte per la salut.<\/span><\/p><p class=\"p6\"><span class=\"s1\"><strong>Cal prendre decisions valentes, i des dels organismes assegurar que els casos que no puguin esperar, no es demorin, be perqu\u00e8 les setmanes de gestaci\u00f3 no ho permetin o be perqu\u00e8 la dona ho necessiti per la seva salut.<\/strong> <strong>Cal poder assegurar aquest dret tamb\u00e9 en dones COVID positives.<\/strong><\/span><\/p><p class=\"p7\"><span class=\"s1\">En plena pand\u00e8mia, vam veure intervencions postergades m\u00e9s d\u2019un mes. Entenem que encara no coneix\u00edem prou el virus, com protegir-nos, o quan era altament infectiu. Poc a poc anem coneixent-lo m\u00e9s. No \u00e9s admissible que deixem una persona que no vol estar embarassada, durant un mes, sentint com la gestaci\u00f3 creix dins seu, sense donar-li<\/span> <span class=\"s1\">resposta.<\/span><\/p><p class=\"p7\"><span class=\"s1\">Aix\u00ed que davant de tot l\u2019 exposat, crec que no podem afirmar que a Catalunya l\u2019acc\u00e9s a la IVE \u00e9s i ha estat garantida per a totes. Cal ser valentes i la resposta de Catalunya ha de ser CLARA, creiem que realment <strong>la IVE \u00e9s ESSENCIAL i NO es pot<\/strong><\/span><strong> <span class=\"s1\">demorar.<\/span><\/strong><\/p><\/div>\n\t\t\t\t<\/div>\n\t\t\t\t<\/div>\n\t\t\t\t<div class=\"elementor-element elementor-element-a5750ef elementor-widget elementor-widget-spacer\" data-id=\"a5750ef\" data-element_type=\"widget\" data-widget_type=\"spacer.default\">\n\t\t\t\t<div class=\"elementor-widget-container\">\n\t\t\t\t\t<div class=\"elementor-spacer\">\n\t\t\t<div class=\"elementor-spacer-inner\"><\/div>\n\t\t<\/div>\n\t\t\t\t<\/div>\n\t\t\t\t<\/div>\n\t\t\t\t<div class=\"elementor-element elementor-element-8124168 elementor-widget elementor-widget-text-editor\" data-id=\"8124168\" data-element_type=\"widget\" data-widget_type=\"text-editor.default\">\n\t\t\t\t<div class=\"elementor-widget-container\">\n\t\t\t\t\t<div class=\"elementor-text-editor elementor-clearfix\"><p class=\"p1\"><em><strong>Georgina Picas. Coordinadora de l&#8217;Atenci\u00f3 a la Salut Sexual i Reproductiva Litoral.<\/strong><\/em><\/p><\/div>\n\t\t\t\t<\/div>\n\t\t\t\t<\/div>\n\t\t\t\t<div class=\"elementor-element elementor-element-9814be6 elementor-widget elementor-widget-spacer\" data-id=\"9814be6\" data-element_type=\"widget\" data-widget_type=\"spacer.default\">\n\t\t\t\t<div class=\"elementor-widget-container\">\n\t\t\t\t\t<div class=\"elementor-spacer\">\n\t\t\t<div class=\"elementor-spacer-inner\"><\/div>\n\t\t<\/div>\n\t\t\t\t<\/div>\n\t\t\t\t<\/div>\n\t\t\t\t\t\t<\/div>\n\t\t\t\t\t<\/div>\n\t\t<\/div>\n\t\t\t\t\t\t\t\t<\/div>\n\t\t\t\t\t<\/div>\n\t\t<\/section>\n\t\t\t\t\t\t<\/div>\n\t\t\t\t\t<\/div>\n\t\t<\/div>\n\t\t\t\t\t\t\t\t<\/div>\n\t\t\t\t\t<\/div>\n\t\t<\/section>\n\t\t\t\t\t\t<\/div>\n\t\t\t\t\t\t<\/div>\n\t\t\t\t\t<\/div>\n\t\t","protected":false},"excerpt":{"rendered":"<p>#4 a l&#8217;avortament Donem per fet que a Catalunya avortar \u00e9s un dret garantit per\u00f2, qu\u00e8 en sabem de les barreres i obstacles? Una dona embarassada de 14 setmanes demana ajuda per avortar al CAP. Des del servei li diuen que a partir de les 14 setmanes de gestaci\u00f3 est\u00e0 prohibit i que haur\u00e0 de [&hellip;]<\/p>\n","protected":false},"author":2,"featured_media":0,"parent":0,"menu_order":0,"comment_status":"closed","ping_status":"closed","template":"elementor_header_footer","meta":[],"_links":{"self":[{"href":"https:\/\/drets-sexuals-i-reproductius.lassociacio.org\/informe2020\/wp-json\/wp\/v2\/pages\/223"}],"collection":[{"href":"https:\/\/drets-sexuals-i-reproductius.lassociacio.org\/informe2020\/wp-json\/wp\/v2\/pages"}],"about":[{"href":"https:\/\/drets-sexuals-i-reproductius.lassociacio.org\/informe2020\/wp-json\/wp\/v2\/types\/page"}],"author":[{"embeddable":true,"href":"https:\/\/drets-sexuals-i-reproductius.lassociacio.org\/informe2020\/wp-json\/wp\/v2\/users\/2"}],"replies":[{"embeddable":true,"href":"https:\/\/drets-sexuals-i-reproductius.lassociacio.org\/informe2020\/wp-json\/wp\/v2\/comments?post=223"}],"version-history":[{"count":5,"href":"https:\/\/drets-sexuals-i-reproductius.lassociacio.org\/informe2020\/wp-json\/wp\/v2\/pages\/223\/revisions"}],"predecessor-version":[{"id":271,"href":"https:\/\/drets-sexuals-i-reproductius.lassociacio.org\/informe2020\/wp-json\/wp\/v2\/pages\/223\/revisions\/271"}],"wp:attachment":[{"href":"https:\/\/drets-sexuals-i-reproductius.lassociacio.org\/informe2020\/wp-json\/wp\/v2\/media?parent=223"}],"curies":[{"name":"wp","href":"https:\/\/api.w.org\/{rel}","templated":true}]}}