{"id":208,"date":"2020-12-06T20:01:24","date_gmt":"2020-12-06T20:01:24","guid":{"rendered":"https:\/\/drets-sexuals-i-reproductius.lassociacio.org\/informe2020\/?page_id=208"},"modified":"2020-12-09T21:55:26","modified_gmt":"2020-12-09T21:55:26","slug":"anticoncepcio","status":"publish","type":"page","link":"https:\/\/drets-sexuals-i-reproductius.lassociacio.org\/informe2020\/anticoncepcio\/","title":{"rendered":"#3 Acc\u00e9s a l&#8217;anticoncepci\u00f3"},"content":{"rendered":"\t\t<div data-elementor-type=\"wp-page\" data-elementor-id=\"208\" class=\"elementor elementor-208\" data-elementor-settings=\"[]\">\n\t\t\t\t\t\t<div class=\"elementor-inner\">\n\t\t\t\t\t\t\t<div class=\"elementor-section-wrap\">\n\t\t\t\t\t\t\t<section class=\"elementor-section elementor-top-section elementor-element elementor-element-19e92064 elementor-section-full_width elementor-section-height-min-height elementor-section-items-stretch elementor-section-height-default\" data-id=\"19e92064\" data-element_type=\"section\">\n\t\t\t\t\t\t<div class=\"elementor-container elementor-column-gap-default\">\n\t\t\t\t\t\t\t<div class=\"elementor-row\">\n\t\t\t\t\t<div class=\"elementor-column elementor-col-50 elementor-top-column elementor-element elementor-element-2ee458d4\" data-id=\"2ee458d4\" data-element_type=\"column\">\n\t\t\t<div class=\"elementor-column-wrap elementor-element-populated\">\n\t\t\t\t\t\t\t<div class=\"elementor-widget-wrap\">\n\t\t\t\t\t\t<div class=\"elementor-element elementor-element-9bad041 elementor-widget elementor-widget-spacer\" data-id=\"9bad041\" data-element_type=\"widget\" data-widget_type=\"spacer.default\">\n\t\t\t\t<div class=\"elementor-widget-container\">\n\t\t\t\t\t<div class=\"elementor-spacer\">\n\t\t\t<div class=\"elementor-spacer-inner\"><\/div>\n\t\t<\/div>\n\t\t\t\t<\/div>\n\t\t\t\t<\/div>\n\t\t\t\t<div class=\"elementor-element elementor-element-8dafabd elementor-headline--style-highlight elementor-widget elementor-widget-animated-headline\" data-id=\"8dafabd\" data-element_type=\"widget\" data-settings=\"{&quot;highlighted_text&quot;:&quot;Acc\\u00e9s &quot;,&quot;headline_style&quot;:&quot;highlight&quot;,&quot;marker&quot;:&quot;circle&quot;}\" data-widget_type=\"animated-headline.default\">\n\t\t\t\t<div class=\"elementor-widget-container\">\n\t\t\t\t\t<h3 class=\"elementor-headline\">\n\t\t\t\t\t\t\t<span class=\"elementor-headline-plain-text elementor-headline-text-wrapper\">#3<\/span>\n\t\t\t\t\t\t<span class=\"elementor-headline-dynamic-wrapper elementor-headline-text-wrapper\"><\/span>\n\t\t\t\t\t\t\t<span class=\"elementor-headline-plain-text elementor-headline-text-wrapper\">a l'anticoncepci\u00f3<\/span>\n\t\t\t\t\t<\/h3>\n\t\t\t\t<\/div>\n\t\t\t\t<\/div>\n\t\t\t\t<div class=\"elementor-element elementor-element-7b0cf773 elementor-widget elementor-widget-text-editor\" data-id=\"7b0cf773\" data-element_type=\"widget\" data-widget_type=\"text-editor.default\">\n\t\t\t\t<div class=\"elementor-widget-container\">\n\t\t\t\t\t<div class=\"elementor-text-editor elementor-clearfix\"><p>Una usu\u00e0ria del Centre Jove d\u2019Atenci\u00f3 a les Sexualitats (CJAS), i major d\u2019edat, ens explica que va anar a la Farm\u00e0cia Sardenya, Barcelona, a buscar una pastilla de l\u2019endem\u00e0.<\/p><p>Des de la farm\u00e0cia van assegurar-li que necessitava una recepta m\u00e8dica per poder disposar de l\u2019anticoncepci\u00f3 d\u2019urg\u00e8ncia. No va poder prendre\u2019s la pastilla fins que va arribar al CJAS.<\/p><p>Aquest \u00e9s un dels casos m\u00e9s freq\u00fcents de den\u00fancia a L\u2019Observatori. Massa sovint la informaci\u00f3 sobre l\u2019anticoncepci\u00f3 d\u2019urg\u00e8ncia \u00e9s falsa; no hi ha problemes per demanar-la sense recepta o per repetir la presa. A m\u00e9s, sovint es tracta amb paternalisme o s\u2019esbronca a les dones joves que la demanen, en un moment en qu\u00e8 estan fent un exercici d\u2019empoderament i autocura.<\/p><\/div>\n\t\t\t\t<\/div>\n\t\t\t\t<\/div>\n\t\t\t\t<div class=\"elementor-element elementor-element-7a3fe83 elementor-widget elementor-widget-spacer\" data-id=\"7a3fe83\" data-element_type=\"widget\" data-widget_type=\"spacer.default\">\n\t\t\t\t<div class=\"elementor-widget-container\">\n\t\t\t\t\t<div class=\"elementor-spacer\">\n\t\t\t<div class=\"elementor-spacer-inner\"><\/div>\n\t\t<\/div>\n\t\t\t\t<\/div>\n\t\t\t\t<\/div>\n\t\t\t\t\t\t<\/div>\n\t\t\t\t\t<\/div>\n\t\t<\/div>\n\t\t\t\t<div class=\"elementor-column elementor-col-50 elementor-top-column elementor-element elementor-element-224a21e\" data-id=\"224a21e\" data-element_type=\"column\" data-settings=\"{&quot;background_background&quot;:&quot;classic&quot;}\">\n\t\t\t<div class=\"elementor-column-wrap elementor-element-populated\">\n\t\t\t\t\t\t\t<div class=\"elementor-widget-wrap\">\n\t\t\t\t\t\t<div class=\"elementor-element elementor-element-77b60268 elementor-widget elementor-widget-spacer\" data-id=\"77b60268\" data-element_type=\"widget\" data-widget_type=\"spacer.default\">\n\t\t\t\t<div class=\"elementor-widget-container\">\n\t\t\t\t\t<div class=\"elementor-spacer\">\n\t\t\t<div class=\"elementor-spacer-inner\"><\/div>\n\t\t<\/div>\n\t\t\t\t<\/div>\n\t\t\t\t<\/div>\n\t\t\t\t\t\t<\/div>\n\t\t\t\t\t<\/div>\n\t\t<\/div>\n\t\t\t\t\t\t\t\t<\/div>\n\t\t\t\t\t<\/div>\n\t\t<\/section>\n\t\t\t\t<section class=\"elementor-section elementor-top-section elementor-element elementor-element-2fe5afa1 elementor-section-boxed elementor-section-height-default elementor-section-height-default\" data-id=\"2fe5afa1\" data-element_type=\"section\">\n\t\t\t\t\t\t<div class=\"elementor-container elementor-column-gap-default\">\n\t\t\t\t\t\t\t<div class=\"elementor-row\">\n\t\t\t\t\t<div class=\"elementor-column elementor-col-100 elementor-top-column elementor-element elementor-element-9e87734\" data-id=\"9e87734\" data-element_type=\"column\">\n\t\t\t<div class=\"elementor-column-wrap elementor-element-populated\">\n\t\t\t\t\t\t\t<div class=\"elementor-widget-wrap\">\n\t\t\t\t\t\t<div class=\"elementor-element elementor-element-3333ac35 elementor-widget elementor-widget-heading\" data-id=\"3333ac35\" data-element_type=\"widget\" data-widget_type=\"heading.default\">\n\t\t\t\t<div class=\"elementor-widget-container\">\n\t\t\t<h2 class=\"elementor-heading-title elementor-size-default\">Accessibilitat a l'anticoncepci\u00f3<\/h2>\t\t<\/div>\n\t\t\t\t<\/div>\n\t\t\t\t<section class=\"elementor-section elementor-inner-section elementor-element elementor-element-9a48bf5 elementor-section-full_width elementor-section-height-default elementor-section-height-default\" data-id=\"9a48bf5\" data-element_type=\"section\">\n\t\t\t\t\t\t<div class=\"elementor-container elementor-column-gap-default\">\n\t\t\t\t\t\t\t<div class=\"elementor-row\">\n\t\t\t\t\t<div class=\"elementor-column elementor-col-100 elementor-inner-column elementor-element elementor-element-fa03764\" data-id=\"fa03764\" data-element_type=\"column\">\n\t\t\t<div class=\"elementor-column-wrap elementor-element-populated\">\n\t\t\t\t\t\t\t<div class=\"elementor-widget-wrap\">\n\t\t\t\t\t\t<div class=\"elementor-element elementor-element-a43b4f8 elementor-widget elementor-widget-text-editor\" data-id=\"a43b4f8\" data-element_type=\"widget\" data-widget_type=\"text-editor.default\">\n\t\t\t\t<div class=\"elementor-widget-container\">\n\t\t\t\t\t<div class=\"elementor-text-editor elementor-clearfix\"><p class=\"p1\"><strong><span class=\"s1\">L\u2019acc\u00e9s a l\u2019anticoncepci\u00f3 \u00e9s un factor que impacta en els Drets Sexuals i Reproductius i en l\u2019estat de salut i de benestar de la ciutadania. Tota persona t\u00e9 dret a rebre informaci\u00f3 vera\u00e7, cient\u00edfica i comprensible que permeti una presa de decisions aut\u00f2noma i informada vers la seva sexualitat, inclosa la reproducci\u00f3. <\/span><\/strong><\/p><p class=\"p1\"><span class=\"s1\">La poblaci\u00f3 i, en concret, les dones han de disposar de tota la informaci\u00f3 necess\u00e0ria per poder decidir sobre <span style=\"text-decoration: underline;\">el m\u00e8tode que millor respon a les seves necessitats.<\/span> Aquesta informaci\u00f3 ha de permetre con\u00e8ixer tots els m\u00e8todes contraceptius disponibles, per poder triar el que millor s\u2019adapti al seu estat de salut, necessitats i prefer\u00e8ncies personals, en consens amb el<span class=\"Apple-converted-space\">\u00a0 <\/span>professional de refer\u00e8ncia en salut sexual i reproductiva i tenint en compte l\u2019evid\u00e8ncia cient\u00edfica disponible, aix\u00ed com els criteris d\u2019elegibilitat dels m\u00e8todes anticonceptius. Les decisions compartides per a l\u2019elecci\u00f3 de m\u00e8tode anticonceptiu per les persones \u00e9s un element cabdal per a l\u2019accessibilitat als diferents m\u00e8todes anticonceptius.<\/span><\/p><p class=\"p1\"><span class=\"s1\">Aquests aspectes exposats queden clarament recollits en el <span style=\"text-decoration: underline;\">document de l\u2019Estrat\u00e8gia Nacional d\u2019Atenci\u00f3 Prim\u00e0ria i Salut Comunit\u00e0ria (ENAPISC) pel que fa el proc\u00e9s assistencial de l\u2019Atenci\u00f3 a la Salut Sexual i Reproductiva (ASSIR)<\/span> a la xarxa d\u2019atenci\u00f3 prim\u00e0ria, elaborat pel Departament de Salut al 2019. En aquest document s\u2019especifica a m\u00e9s a m\u00e9s que es considera priorit\u00e0ria la <strong>prestaci\u00f3 universal gratu\u00efta de tots els m\u00e8todes i que en el cas que hi hagu\u00e9s la necessitat d\u2019una implementaci\u00f3 de car\u00e0cter gradual, es recomana prioritzar els m\u00e8todes barrera i de llarga durada<\/strong>, fent \u00e8mfasi en la poblaci\u00f3 jove i les persones en situaci\u00f3 de vulnerabilitat. <\/span><\/p><p class=\"p3\"><span class=\"s1\">Aquest document tamb\u00e9 especifica que cal que <strong>la cartera de serveis en ASSIR asseguri un acc\u00e9s universal a la contracepci\u00f3 definitiva per a dones i homes<\/strong>, amb circuits de derivaci\u00f3 \u00e0gils als centres hospitalaris on es fa la cirurgia i a m\u00e9s a m\u00e9s demana uns criteris homogenis i no restrictius pel que fa a l\u2019edat o al nombre de fills, prioritzant el dret de les persones a la pr\u00f2pia decisi\u00f3.<\/span><\/p><p class=\"p1\"><span class=\"s1\">En un altre entorn, segons l\u2019<span style=\"text-decoration: underline;\">Atles de l\u2019anticoncepci\u00f3 a Europa, presentat el maig de 2017 pel F\u00f2rum Parlamentari Europeu sobre Poblaci\u00f3 i Desenvolupament (EPF)<\/span> hi ha una realitat molt desigual a Europa i, en concret, una posici\u00f3 negativa per a Espanya. L\u2019estudi est\u00e0 basat en l\u2019acc\u00e9s a subministraments d\u2019anticonceptius, assessorament en planificaci\u00f3 familiar i informaci\u00f3 en l\u00ednia. <strong>Espanya, per exemple, es troba en pitjor situaci\u00f3 que Portugal, Turquia o Irlanda en l\u2019acc\u00e9s a anticoncepci\u00f3 d\u2019\u00faltima generaci\u00f3.<\/strong><\/span><\/p><p class=\"p1\"><span class=\"s1\">Catalunya compta amb un programa i cartera de serveis d\u2019Atenci\u00f3 a la Salut Sexual i Reproductiva (ASSIR) amb equips formats per professionals: llevadores, obstetra-ginec\u00f2legs\/\u00f2logues, psic\u00f2legs\/\u00f2logues, personal d\u2019atenci\u00f3 a la ciutadania i t\u00e8cnics de cures auxiliars d\u2019infermeria d\u2019acc\u00e9s directe per a la ciutadania i que formen part de l\u2019Atenci\u00f3 Prim\u00e0ria i Comunit\u00e0ria de Salut i donen suport als Equips d\u2019Atenci\u00f3 Prim\u00e0ria (EAP).<\/span><\/p><\/div>\n\t\t\t\t<\/div>\n\t\t\t\t<\/div>\n\t\t\t\t<div class=\"elementor-element elementor-element-bb2ed65 elementor-widget elementor-widget-spacer\" data-id=\"bb2ed65\" data-element_type=\"widget\" data-widget_type=\"spacer.default\">\n\t\t\t\t<div class=\"elementor-widget-container\">\n\t\t\t\t\t<div class=\"elementor-spacer\">\n\t\t\t<div class=\"elementor-spacer-inner\"><\/div>\n\t\t<\/div>\n\t\t\t\t<\/div>\n\t\t\t\t<\/div>\n\t\t\t\t<div class=\"elementor-element elementor-element-e048607 elementor-widget elementor-widget-spacer\" data-id=\"e048607\" data-element_type=\"widget\" data-widget_type=\"spacer.default\">\n\t\t\t\t<div class=\"elementor-widget-container\">\n\t\t\t\t\t<div class=\"elementor-spacer\">\n\t\t\t<div class=\"elementor-spacer-inner\"><\/div>\n\t\t<\/div>\n\t\t\t\t<\/div>\n\t\t\t\t<\/div>\n\t\t\t\t\t\t<\/div>\n\t\t\t\t\t<\/div>\n\t\t<\/div>\n\t\t\t\t\t\t\t\t<\/div>\n\t\t\t\t\t<\/div>\n\t\t<\/section>\n\t\t\t\t<div class=\"elementor-element elementor-element-bac929f elementor-aspect-ratio-169 elementor-widget elementor-widget-video\" data-id=\"bac929f\" data-element_type=\"widget\" data-settings=\"{&quot;aspect_ratio&quot;:&quot;169&quot;}\" data-widget_type=\"video.default\">\n\t\t\t\t<div class=\"elementor-widget-container\">\n\t\t\t\t\t<div class=\"elementor-wrapper elementor-fit-aspect-ratio elementor-open-inline\">\n\t\t\t<iframe class=\"elementor-video-iframe\" allowfullscreen title=\"Reproductor de v\u00eddeo youtube\" src=\"https:\/\/www.youtube.com\/embed\/RdJSo5tHP9s?feature=oembed&amp;autoplay=1&amp;playlist=RdJSo5tHP9s&amp;wmode=opaque&amp;loop=1&amp;controls=1&amp;mute=0&amp;rel=0&amp;modestbranding=0\"><\/iframe>\t\t<\/div>\n\t\t\t\t<\/div>\n\t\t\t\t<\/div>\n\t\t\t\t<section class=\"elementor-section elementor-inner-section elementor-element elementor-element-a37311e elementor-section-full_width elementor-section-height-default elementor-section-height-default\" data-id=\"a37311e\" data-element_type=\"section\">\n\t\t\t\t\t\t<div class=\"elementor-container elementor-column-gap-default\">\n\t\t\t\t\t\t\t<div class=\"elementor-row\">\n\t\t\t\t\t<div class=\"elementor-column elementor-col-100 elementor-inner-column elementor-element elementor-element-be1d64b\" data-id=\"be1d64b\" data-element_type=\"column\">\n\t\t\t<div class=\"elementor-column-wrap elementor-element-populated\">\n\t\t\t\t\t\t\t<div class=\"elementor-widget-wrap\">\n\t\t\t\t\t\t<div class=\"elementor-element elementor-element-c0196fb elementor-widget elementor-widget-text-editor\" data-id=\"c0196fb\" data-element_type=\"widget\" data-widget_type=\"text-editor.default\">\n\t\t\t\t<div class=\"elementor-widget-container\">\n\t\t\t\t\t<div class=\"elementor-text-editor elementor-clearfix\"><p><span class=\"s1\">Tot i tenir una organitzaci\u00f3 a Catalunya de l\u2019Atenci\u00f3 a la Salut Sexual i Reproductiva pioner en l\u2019Estat espanyol i alguns pa\u00efsos europeus, l\u2019acc\u00e9s als diferents m\u00e8todes anticonceptius continua limitat per la prescripci\u00f3 i\/o col\u00b7locaci\u00f3 del m\u00e8tode escollit i la manca de finan\u00e7ament del mateix, parcial o nul, en la majoria dels casos. <\/span><strong><span class=\"s1\">Hi ha dones que acudeixen a la sanitat p\u00fablica i no poden fer front al pagament del m\u00e8tode escollit, sobretot en el col\u00b7lectiu de joves i dones vulnerables, per tant, el NO finan\u00e7ament de la majoria de m\u00e8todes limita l\u2019accessibilitat constituint una barrera infranquejable per a una part de les dones.<\/span><\/strong><\/p><\/div>\n\t\t\t\t<\/div>\n\t\t\t\t<\/div>\n\t\t\t\t<div class=\"elementor-element elementor-element-17bbd17 elementor-blockquote--skin-quotation elementor-blockquote--button-view-icon-text elementor-blockquote--button-skin-classic elementor-blockquote--button-color-official elementor-widget elementor-widget-blockquote\" data-id=\"17bbd17\" data-element_type=\"widget\" data-widget_type=\"blockquote.default\">\n\t\t\t\t<div class=\"elementor-widget-container\">\n\t\t\t\t\t<blockquote class=\"elementor-blockquote\">\n\t\t\t<p class=\"elementor-blockquote__content\">\n\t\t\t\tEl consell i l\u2019accessibilitat econ\u00f2mica als diferents m\u00e8todes permetria evitar embarassos no desitjats, infeccions de transmissi\u00f3 sexual, interrupcions volunt\u00e0ries de l\u2019embar\u00e0s i les seves conseq\u00fc\u00e8ncies per a les persones, la salut p\u00fablica i la corresponent despesa econ\u00f2mica per al sistema sanitari p\u00fablic. \t\t\t<\/p>\n\t\t\t\t\t\t\t<footer>\n\t\t\t\t\t\t\t\t\t\t\t<cite class=\"elementor-blockquote__author\">Cristina Mart\u00ednez<\/cite>\n\t\t\t\t\t\t\t\t\t\t\t\t\t\t\t\t<a href=\"https:\/\/twitter.com\/intent\/tweet?text=El+consell+i+l%E2%80%99accessibilitat+econ%C3%B2mica+als+diferents+m%C3%A8todes+permetria+evitar+embarassos+no+desitjats%2C+infeccions+de+transmissi%C3%B3+sexual%2C+interrupcions+volunt%C3%A0ries+de+l%E2%80%99embar%C3%A0s+i+les+seves+conseq%C3%BC%C3%A8ncies+per+a+les+persones%2C+la+salut+p%C3%BAblica+i+la+corresponent+despesa+econ%C3%B2mica+per+al+sistema+sanitari+p%C3%BAblic.++%E2%80%94+Cristina+Mart%C3%ADnez&amp;url=https%3A%2F%2Fdrets-sexuals-i-reproductius.lassociacio.org%2Finforme2020%2Finforme2020%2Fwp-json%2Fwp%2Fv2%2Fpages%2F208\" class=\"elementor-blockquote__tweet-button\" target=\"_blank\">\n\t\t\t\t\t\t\t\t\t\t\t\t\t\t\t<i aria-hidden=\"true\" class=\"fab fa-twitter\"><\/i>\t\t\t\t\t\t\t\t\t\t\t\t\t\t\t\t\t\t\t\t\t\t\t\t\t\t\t\t\t\t<span class=\"elementor-blockquote__tweet-label\">Tweet<\/span>\n\t\t\t\t\t\t\t\t\t\t\t\t\t<\/a>\n\t\t\t\t\t\t\t\t\t<\/footer>\n\t\t\t\t\t<\/blockquote>\n\t\t\t\t<\/div>\n\t\t\t\t<\/div>\n\t\t\t\t<div class=\"elementor-element elementor-element-b3fe7fd elementor-widget elementor-widget-text-editor\" data-id=\"b3fe7fd\" data-element_type=\"widget\" data-widget_type=\"text-editor.default\">\n\t\t\t\t<div class=\"elementor-widget-container\">\n\t\t\t\t\t<div class=\"elementor-text-editor elementor-clearfix\"><p>\u00a0<\/p><p class=\"p1\"><span class=\"s1\">El CatSalut est\u00e0 treballant en aquesta proposta per\u00f2 la seva resposta no \u00e9s prou \u00e0gil i comporta un temps excessiu per donar una resposta a la situaci\u00f3 de millora de l\u2019accessibilitat econ\u00f2mica. <\/span><span class=\"s1\"><strong>Els circuits actuals sovint dificulten que els professionals resolguin el consell anticonceptiu de manera efica\u00e7 i \u00e0gil ja que moltes vegades no es pot fer la prescripci\u00f3 i dispensaci\u00f3 de forma immediata<\/strong>, com en el cas dels m\u00e8todes d\u2019alta efectivitat i llarga durada (LARC) que no depenen de l\u2019acompliment i el comportament de les persones en el seu \u00fas.<\/span><\/p><p class=\"p2\"><span class=\"s1\"><b>Com a influ\u00eft la situaci\u00f3 de pand\u00e8mia per COVID-19 en l\u2019accessibilitat a l\u2019anticoncepci\u00f3 en el sistema p\u00fablic?<\/b><\/span><\/p><p class=\"p1\"><span style=\"text-decoration: underline;\"><span class=\"s1\">La pand\u00e8mia per COVID-19 ha modificat l\u2019assist\u00e8ncia<\/span> <\/span><span class=\"s1\"><span style=\"text-decoration: underline;\">a nivell de l\u2019atenci\u00f3 prim\u00e0ria i en l\u2019ASSIR, especialment, durant la primera onada.<\/span> Durant els primers tres mesos de pand\u00e8mia, a l\u2019ASSIR es va continuar oferint assist\u00e8ncia per\u00f2 disminuint la presencialitat, augmentant la consulta telef\u00f2nica i la videoconsulta, de manera que es va aconseguir millorar considerablement la resposta a les consultes per a les persones que requerien ser ateses a trav\u00e9s de consultes virtuals (web i econsulta). A partir del mes de maig i despr\u00e9s del pic m\u00e0xim de pand\u00e8mia es va retornar a la presencialitat.<\/span><\/p><p class=\"p1\"><span class=\"s1\"><strong>Aquesta situaci\u00f3 de pand\u00e8mia tamb\u00e9 va afectar l\u2019accessibilitat a l\u2019anticoncepci\u00f3, tot i intentar mantenir, des del seu inici, el consell anticonceptiu<\/strong>, l\u2019atenci\u00f3 davant de dubtes, necessitats de canvi de m\u00e8tode, atenci\u00f3 a l\u2019anticoncepci\u00f3 d\u2019urg\u00e8ncia, valoraci\u00f3 de problemes en el seu \u00fas i altres situacions lligades al seu \u00fas. <\/span><\/p><p class=\"p1\"><span class=\"s1\"><span style=\"text-decoration: underline;\">La reducci\u00f3 de la presencialitat va afectar directament la inserci\u00f3 de DIU o implants (m\u00e8todes LARC), tal i com es mostra en les dades registrades a la hist\u00f2ria cl\u00ednica (ecap) a nivell dels ASSIR de Catalunya<\/span>, amb una davallada important de les dones en les quals s\u2019ha registrat l\u2019\u00fas de DIU o implant durant els mesos de la 1a onada, tot i que es recupera posteriorment.<\/span><\/p><p class=\"p1\"><span class=\"s1\">La transformaci\u00f3 de les visites presencials a virtuals durant els primers mesos de pand\u00e8mia, va fer que les dones no poguessin accedir a la <span style=\"text-decoration: underline;\">col\u00b7locaci\u00f3 d\u2019un DIU o d\u2019un implant<\/span> que requerien, per a la seva inserci\u00f3, de presencialitat. En canvi, la <span style=\"text-decoration: underline;\">contracepci\u00f3 hormonal combinada, amb gest\u00e0gens o l\u2019anell vaginal<\/span>, tot i fer un lleuger descens durant el pic de la pand\u00e8mia, es va mantenir amb certa estabilitat respecte l\u2019any 2019.<\/span><\/p><p class=\"p1\"><span class=\"s1\">Un aspecte tamb\u00e9 important en el cas de l\u2019accessibilitat al DIU i que empitjora aquesta<span class=\"Apple-converted-space\">\u00a0 <\/span>accessibilitat \u00e9s no disposar en l\u2019ASSIR de DIU per la seva inserci\u00f3 immediata, ja que aix\u00f2 endarrereix<span class=\"Apple-converted-space\">\u00a0 <\/span>la inserci\u00f3 des de que la dona decideix utilitzar el DIU fins que es col\u00b7loca. Les dades de 2019, de gener a novembre als ASSIR ICS, van registrar la inserci\u00f3 de 7.436 DIU. <\/span><\/p><p class=\"p1\"><span class=\"s1\">Es van analitzar 5.008 d\u2019aquestes insercions i en un 31,4% de les dones el DIU es va inserir en un termini de 7 o menys dies des de la demanada de DIU fins a la inserci\u00f3, per\u00f2 en un 39,7%<span class=\"Apple-converted-space\">\u00a0 <\/span>es va fer amb m\u00e9s de 60 dies.\u00a0<\/span><\/p><\/div>\n\t\t\t\t<\/div>\n\t\t\t\t<\/div>\n\t\t\t\t<div class=\"elementor-element elementor-element-51b914d elementor-widget elementor-widget-toggle\" data-id=\"51b914d\" data-element_type=\"widget\" data-widget_type=\"toggle.default\">\n\t\t\t\t<div class=\"elementor-widget-container\">\n\t\t\t\t\t<div class=\"elementor-toggle\" role=\"tablist\">\n\t\t\t\t\t\t\t<div class=\"elementor-toggle-item\">\n\t\t\t\t\t<div id=\"elementor-tab-title-8561\" class=\"elementor-tab-title\" data-tab=\"1\" role=\"tab\" aria-controls=\"elementor-tab-content-8561\">\n\t\t\t\t\t\t\t\t\t\t\t\t<span class=\"elementor-toggle-icon elementor-toggle-icon-right\" aria-hidden=\"true\">\n\t\t\t\t\t\t\t\t\t\t\t\t\t\t\t<span class=\"elementor-toggle-icon-closed\"><svg xmlns=\"http:\/\/www.w3.org\/2000\/svg\" id=\"ac4f546a-99d7-45a0-aa8f-3ffb9c557b54\" data-name=\"Layer 1\" width=\"14\" height=\"14\" viewBox=\"0 0 14 14\"><polygon points=\"14 6.5 7.5 6.5 7.5 0 6.5 0 6.5 6.5 0 6.5 0 7.5 6.5 7.5 6.5 14 7.5 14 7.5 7.5 14 7.5 14 6.5\" style=\"fill-rule:evenodd\"><\/polygon><\/svg><\/span>\n\t\t\t\t\t\t\t\t<span class=\"elementor-toggle-icon-opened\"><svg xmlns=\"http:\/\/www.w3.org\/2000\/svg\" id=\"b00b8e31-4f6b-4749-b929-6cc2f1c0b29b\" data-name=\"Layer 1\" width=\"14\" height=\"1\" viewBox=\"0 0 14 1\"><rect id=\"bf52c898-73a2-44f5-8999-d8fe5b5272b9\" data-name=\"Rectangle\" width=\"14\" height=\"1\"><\/rect><\/svg><\/span>\n\t\t\t\t\t\t\t\t\t\t\t\t\t<\/span>\n\t\t\t\t\t\t\t\t\t\t\t\t<a href=\"\" class=\"elementor-toggle-title\">Davant d\u2019aquesta situaci\u00f3 els ASSIR aplicaran un pla de millora per reduir el temps des de la demanada fins a la inserci\u00f3 del DIU, que implica:<\/a>\n\t\t\t\t\t<\/div>\n\t\t\t\t\t<div id=\"elementor-tab-content-8561\" class=\"elementor-tab-content elementor-clearfix\" data-tab=\"1\" role=\"tabpanel\" aria-labelledby=\"elementor-tab-title-8561\"><ul class=\"ul1\"><li class=\"li2\"><span class=\"s1\">Desenvolupar un protocol \u00fanic i homogeni sobre el circuit assistencial que elimini la variabilitat d\u2019atenci\u00f3.<\/span><\/li><li class=\"li2\"><span class=\"s1\">Assegurar una formaci\u00f3 per afavorir l\u2019adquisici\u00f3 d\u2019habilitats i actualitzaci\u00f3 de coneixements dels professionals.<\/span><\/li><li class=\"li2\"><span class=\"s1\">Tenir en compte, les accions realitzades per territoris que tenen un temps m\u00e9s redu\u00eft entre la demanda i la inserci\u00f3 del DIU (Giron\u00e8s &#8211; Pla de l\u2019Estany, Sta. Coloma de Gramenet, la Mina, Bages, Osona).<\/span><\/li><\/ul><\/div>\n\t\t\t\t<\/div>\n\t\t\t\t\t\t\t<div class=\"elementor-toggle-item\">\n\t\t\t\t\t<div id=\"elementor-tab-title-8562\" class=\"elementor-tab-title\" data-tab=\"2\" role=\"tab\" aria-controls=\"elementor-tab-content-8562\">\n\t\t\t\t\t\t\t\t\t\t\t\t<span class=\"elementor-toggle-icon elementor-toggle-icon-right\" aria-hidden=\"true\">\n\t\t\t\t\t\t\t\t\t\t\t\t\t\t\t<span class=\"elementor-toggle-icon-closed\"><svg xmlns=\"http:\/\/www.w3.org\/2000\/svg\" id=\"ac4f546a-99d7-45a0-aa8f-3ffb9c557b54\" data-name=\"Layer 1\" width=\"14\" height=\"14\" viewBox=\"0 0 14 14\"><polygon points=\"14 6.5 7.5 6.5 7.5 0 6.5 0 6.5 6.5 0 6.5 0 7.5 6.5 7.5 6.5 14 7.5 14 7.5 7.5 14 7.5 14 6.5\" style=\"fill-rule:evenodd\"><\/polygon><\/svg><\/span>\n\t\t\t\t\t\t\t\t<span class=\"elementor-toggle-icon-opened\"><svg xmlns=\"http:\/\/www.w3.org\/2000\/svg\" id=\"b00b8e31-4f6b-4749-b929-6cc2f1c0b29b\" data-name=\"Layer 1\" width=\"14\" height=\"1\" viewBox=\"0 0 14 1\"><rect id=\"bf52c898-73a2-44f5-8999-d8fe5b5272b9\" data-name=\"Rectangle\" width=\"14\" height=\"1\"><\/rect><\/svg><\/span>\n\t\t\t\t\t\t\t\t\t\t\t\t\t<\/span>\n\t\t\t\t\t\t\t\t\t\t\t\t<a href=\"\" class=\"elementor-toggle-title\">Calen mesures institucionals per garantir els DSIR pel que fa l\u2019elecci\u00f3 de m\u00e8tode anticonceptiu, tant en moments de pand\u00e8mia com fora de la mateixa i aix\u00f2 implicaria:<\/a>\n\t\t\t\t\t<\/div>\n\t\t\t\t\t<div id=\"elementor-tab-content-8562\" class=\"elementor-tab-content elementor-clearfix\" data-tab=\"2\" role=\"tabpanel\" aria-labelledby=\"elementor-tab-title-8562\"><ul class=\"ul1\"><li class=\"li2\"><span class=\"s1\">Sistema de finan\u00e7ament dels m\u00e8todes anticonceptius estesos a totes les persones en edat reproductiva, especialment en aquelles persones amb un acc\u00e9s limitat (adolescents i persones en situaci\u00f3 vulnerable) amb integraci\u00f3 d\u2019aquest finan\u00e7ament en les pol\u00edtiques de salut tenint en compte la rentabilitat i l\u2019efectivitat d\u2019aquestes pol\u00edtiques, especialment pel que fa la reducci\u00f3 d\u2019embarassos no desitjats.<\/span><\/li><li class=\"li2\"><span class=\"s1\">Garantir l\u2019accessibilitat dels serveis de salut sexual i reproductiva, especialment en la postpand\u00e8mia en les poblacions en situacions socioecon\u00f2miques m\u00e9s desfavorables. <\/span><\/li><li class=\"li2\"><span class=\"s1\">Proporcionar acc\u00e9s a l\u2019anticoncepci\u00f3 d\u2019urg\u00e8ncia (AU) gratu\u00efta, no tant sols l\u2019AU hormonal sin\u00f3 tamb\u00e9 incloure el DIU com una opci\u00f3 segura i altament efica\u00e7.<\/span><\/li><li class=\"li2\"><span class=\"s1\">Oferir informaci\u00f3 sobre l\u2019ampli ventall de m\u00e8todes anticonceptius disponibles i no limitar el nombre d\u2019anticonceptius en funci\u00f3 de criteris personals i prefer\u00e8ncies dels professionals que fan l\u2019assessorament, mantenint la formaci\u00f3 de tots els professionals.<\/span><\/li><li class=\"li2\"><span class=\"s1\">Proporcionar a la poblaci\u00f3 informaci\u00f3 basada en l\u2019evid\u00e8ncia cient\u00edfica durant l\u2019assessorament en l\u2019anticoncepci\u00f3.<\/span><\/li><li class=\"li2\"><span class=\"s1\">Millorar i treballar sobre les decisions compartides en l\u2019elecci\u00f3 de l\u2019anticoncepci\u00f3.<\/span><\/li><li class=\"li2\"><span class=\"s1\">Avan\u00e7ar en la informaci\u00f3 clara, cient\u00edfica i vera\u00e7 sobre l\u2019anticoncepci\u00f3 utilitzant recursos digitals i en l\u00ednia que permetin a les persones accedir de manera aut\u00f2noma a la informaci\u00f3.<\/span><\/li><li class=\"li2\"><span class=\"s1\">Adaptar els mitjans d\u2019informaci\u00f3 a les necessitats d\u2019entorn, socials i culturals de les persones que requereixen consell anticonceptiu.<\/span><\/li><\/ul><\/div>\n\t\t\t\t<\/div>\n\t\t\t\t\t<\/div>\n\t\t\t\t<\/div>\n\t\t\t\t<\/div>\n\t\t\t\t<div class=\"elementor-element elementor-element-a5750ef elementor-widget elementor-widget-spacer\" data-id=\"a5750ef\" data-element_type=\"widget\" data-widget_type=\"spacer.default\">\n\t\t\t\t<div class=\"elementor-widget-container\">\n\t\t\t\t\t<div class=\"elementor-spacer\">\n\t\t\t<div class=\"elementor-spacer-inner\"><\/div>\n\t\t<\/div>\n\t\t\t\t<\/div>\n\t\t\t\t<\/div>\n\t\t\t\t<div class=\"elementor-element elementor-element-8124168 elementor-widget elementor-widget-text-editor\" data-id=\"8124168\" data-element_type=\"widget\" data-widget_type=\"text-editor.default\">\n\t\t\t\t<div class=\"elementor-widget-container\">\n\t\t\t\t\t<div class=\"elementor-text-editor elementor-clearfix\"><p class=\"p1\"><em><strong>Cristina Mart\u00ednez Bueno. Responsable corporativa dels Serveis d\u2019Atenci\u00f3 a la Salut Sexual i Reproductiva (ASSIR) de Catalunya. Direcci\u00f3 Assistencial d\u2019Atenci\u00f3 Prim\u00e0ria i a la Comunitat. Institut Catal\u00e0 de la Salut.<\/strong><\/em><\/p><\/div>\n\t\t\t\t<\/div>\n\t\t\t\t<\/div>\n\t\t\t\t<div class=\"elementor-element elementor-element-9814be6 elementor-widget elementor-widget-spacer\" data-id=\"9814be6\" data-element_type=\"widget\" data-widget_type=\"spacer.default\">\n\t\t\t\t<div class=\"elementor-widget-container\">\n\t\t\t\t\t<div class=\"elementor-spacer\">\n\t\t\t<div class=\"elementor-spacer-inner\"><\/div>\n\t\t<\/div>\n\t\t\t\t<\/div>\n\t\t\t\t<\/div>\n\t\t\t\t\t\t<\/div>\n\t\t\t\t\t<\/div>\n\t\t<\/div>\n\t\t\t\t\t\t\t\t<\/div>\n\t\t\t\t\t<\/div>\n\t\t<\/section>\n\t\t\t\t\t\t<\/div>\n\t\t\t\t\t<\/div>\n\t\t<\/div>\n\t\t\t\t\t\t\t\t<\/div>\n\t\t\t\t\t<\/div>\n\t\t<\/section>\n\t\t\t\t\t\t<\/div>\n\t\t\t\t\t\t<\/div>\n\t\t\t\t\t<\/div>\n\t\t","protected":false},"excerpt":{"rendered":"<p>#3 a l&#8217;anticoncepci\u00f3 Una usu\u00e0ria del Centre Jove d\u2019Atenci\u00f3 a les Sexualitats (CJAS), i major d\u2019edat, ens explica que va anar a la Farm\u00e0cia Sardenya, Barcelona, a buscar una pastilla de l\u2019endem\u00e0. Des de la farm\u00e0cia van assegurar-li que necessitava una recepta m\u00e8dica per poder disposar de l\u2019anticoncepci\u00f3 d\u2019urg\u00e8ncia. No va poder prendre\u2019s la pastilla [&hellip;]<\/p>\n","protected":false},"author":2,"featured_media":0,"parent":0,"menu_order":0,"comment_status":"closed","ping_status":"closed","template":"elementor_header_footer","meta":[],"_links":{"self":[{"href":"https:\/\/drets-sexuals-i-reproductius.lassociacio.org\/informe2020\/wp-json\/wp\/v2\/pages\/208"}],"collection":[{"href":"https:\/\/drets-sexuals-i-reproductius.lassociacio.org\/informe2020\/wp-json\/wp\/v2\/pages"}],"about":[{"href":"https:\/\/drets-sexuals-i-reproductius.lassociacio.org\/informe2020\/wp-json\/wp\/v2\/types\/page"}],"author":[{"embeddable":true,"href":"https:\/\/drets-sexuals-i-reproductius.lassociacio.org\/informe2020\/wp-json\/wp\/v2\/users\/2"}],"replies":[{"embeddable":true,"href":"https:\/\/drets-sexuals-i-reproductius.lassociacio.org\/informe2020\/wp-json\/wp\/v2\/comments?post=208"}],"version-history":[{"count":9,"href":"https:\/\/drets-sexuals-i-reproductius.lassociacio.org\/informe2020\/wp-json\/wp\/v2\/pages\/208\/revisions"}],"predecessor-version":[{"id":295,"href":"https:\/\/drets-sexuals-i-reproductius.lassociacio.org\/informe2020\/wp-json\/wp\/v2\/pages\/208\/revisions\/295"}],"wp:attachment":[{"href":"https:\/\/drets-sexuals-i-reproductius.lassociacio.org\/informe2020\/wp-json\/wp\/v2\/media?parent=208"}],"curies":[{"name":"wp","href":"https:\/\/api.w.org\/{rel}","templated":true}]}}