{"id":197,"date":"2020-12-06T19:01:59","date_gmt":"2020-12-06T19:01:59","guid":{"rendered":"https:\/\/drets-sexuals-i-reproductius.lassociacio.org\/informe2020\/?page_id=197"},"modified":"2020-12-06T19:16:20","modified_gmt":"2020-12-06T19:16:20","slug":"enquesta","status":"publish","type":"page","link":"https:\/\/drets-sexuals-i-reproductius.lassociacio.org\/informe2020\/enquesta\/","title":{"rendered":"Enquesta"},"content":{"rendered":"\t\t<div data-elementor-type=\"wp-page\" data-elementor-id=\"197\" class=\"elementor elementor-197\" data-elementor-settings=\"[]\">\n\t\t\t\t\t\t<div class=\"elementor-inner\">\n\t\t\t\t\t\t\t<div class=\"elementor-section-wrap\">\n\t\t\t\t\t\t\t<section class=\"elementor-section elementor-top-section elementor-element elementor-element-19e92064 elementor-section-full_width elementor-section-height-min-height elementor-section-items-stretch elementor-section-height-default\" data-id=\"19e92064\" data-element_type=\"section\">\n\t\t\t\t\t\t<div class=\"elementor-container elementor-column-gap-default\">\n\t\t\t\t\t\t\t<div class=\"elementor-row\">\n\t\t\t\t\t<div class=\"elementor-column elementor-col-100 elementor-top-column elementor-element elementor-element-2ee458d4\" data-id=\"2ee458d4\" data-element_type=\"column\">\n\t\t\t<div class=\"elementor-column-wrap elementor-element-populated\">\n\t\t\t\t\t\t\t<div class=\"elementor-widget-wrap\">\n\t\t\t\t\t\t<div class=\"elementor-element elementor-element-9bad041 elementor-widget elementor-widget-spacer\" data-id=\"9bad041\" data-element_type=\"widget\" data-widget_type=\"spacer.default\">\n\t\t\t\t<div class=\"elementor-widget-container\">\n\t\t\t\t\t<div class=\"elementor-spacer\">\n\t\t\t<div class=\"elementor-spacer-inner\"><\/div>\n\t\t<\/div>\n\t\t\t\t<\/div>\n\t\t\t\t<\/div>\n\t\t\t\t<div class=\"elementor-element elementor-element-cc1c8fb elementor-widget elementor-widget-heading\" data-id=\"cc1c8fb\" data-element_type=\"widget\" data-widget_type=\"heading.default\">\n\t\t\t\t<div class=\"elementor-widget-container\">\n\t\t\t<h2 class=\"elementor-heading-title elementor-size-default\">Enquesta: L\u2019efecte de la COVID-19 en la Salut Sexual i Reproductiva<\/h2>\t\t<\/div>\n\t\t\t\t<\/div>\n\t\t\t\t<div class=\"elementor-element elementor-element-7b0cf773 elementor-widget elementor-widget-text-editor\" data-id=\"7b0cf773\" data-element_type=\"widget\" data-widget_type=\"text-editor.default\">\n\t\t\t\t<div class=\"elementor-widget-container\">\n\t\t\t\t\t<div class=\"elementor-text-editor elementor-clearfix\"><p>\u00a0<\/p><p>La situaci\u00f3 viscuda aquest 2020 ens ha portat a considerar <strong>la import\u00e0ncia d\u2019obtenir informaci\u00f3 directa de la ciutadania sobre com est\u00e0 impactant la crisi de la COVID-19 en els Drets Sexuals i Reproductius.<\/strong> <strong>Aix\u00ed doncs,\u00a0vam plantejar una enquesta<\/strong>\u00a0amb l\u2019objectiu de compilar informaci\u00f3 que ens permet\u00e9s presentar les percepcions i preocupacions de la poblaci\u00f3 en aquest context.<\/p><p>L\u2019enquesta es va obrir el 19 de maig del 2020, quan encara ens trob\u00e0vem enmig del primer confinament i es va tancar al cap de quatre setmanes. Consistia en un seguit de preguntes tancades, majorit\u00e0riament vinculades a l\u2019acc\u00e9s a serveis d\u2019atenci\u00f3 a la SSiR i en altres preguntes obertes orientades a\u00a0<strong>detectar noves necessitats, preocupacions i incerteses.<\/strong><\/p><p>De les 432 persones que van contestar l\u2019enquesta, el grup de persones m\u00e9s joves, fins a 30 anys, suposa un ter\u00e7 de la mostra, el 32,13%. El grup d\u2019edat m\u00e9s freq\u00fcent es troba entre els 30 i els 49 anys, que suposaven un 52,26%. Pel que fa a la identitat de g\u00e8nere, el 83,7% de les persones que han omplert l\u2019enquesta van indicar ser dones cis (370). Les respostes de les participants han assenyalat dificultats importants en l\u2019acc\u00e9s a <strong>les visites ginecol\u00f2giques, seguiment d\u2019embar\u00e0s i proves d\u2019ITS.<\/strong> <span style=\"text-decoration: underline;\">Dues de cada tres dones que afirmaven necessitar una visita ginecol\u00f2gica no hi van poder accedir durant el per\u00edode de confinament.<\/span> Tamb\u00e9 les visites de seguiment d\u2019embar\u00e0s s\u2019han vist limitades durant aquest per\u00edode. <span style=\"text-decoration: underline;\">Amb relaci\u00f3 a les ITS, la meitat de les persones que han demanat fer-se les proves, afirmen que no se les han pogut fer.<\/span> Pel que fa a la resta de serveis, les persones enquestades afirmen haver pogut accedir-hi sense m\u00e9s complicacions que les habituals en un per\u00edode pre-COVID.<\/p><p>El 60% de les persones participants mencionen un\u00a0<strong>canvi substancial en el desig sexual i en la viv\u00e8ncia de la pr\u00f2pia sexualitat, en general, cap a pitjor si es comparen amb abans del confinament.<\/strong> Moltes persones expliquen com <strong>la\u00a0incapacitat de rebre abra\u00e7ades, car\u00edcies o simplement de trobar-se f\u00edsicament amb la gent que estimen, els ha passat factura emocionalment.<\/strong> Aix\u00ed mateix, tamb\u00e9 predominen les respostes que anuncien un empitjorament de les relacions amb la parella i una creixent preocupaci\u00f3 per com ser\u00e0 el futur.<\/p><p>Destaquen les respostes vinculades als <strong>canvis en el cicle menstrual.<\/strong> Algunes refereixen cicles menys dolorosos i menor sagnat, aix\u00ed com d\u2019altres, manifesten m\u00e9s s\u00edmptomes pre-menstruals i un major sagnat i dolor que vinculen sobretot amb la situaci\u00f3 d\u2019estr\u00e8s i preocupaci\u00f3 viscuda durant el confinament.<\/p><p><strong>L\u2019embar\u00e0s i la\u00a0manca d\u2019acompanyament a visites obst\u00e8triques\u00a0de seguiment, aix\u00ed com les\u00a0dificultats que s\u2019afegeixen als tractaments de fertilitat i als processos de fecundaci\u00f3 in vitro,<\/strong>\u00a0que en alguns casos s\u2019han vist totalment aturats o s\u2019han hagut de cancel\u00b7lar, han estat tamb\u00e9 respostes freq\u00fcents.<\/p><p><span style=\"text-decoration: underline;\">Les preocupacions de futur:<\/span> en general la preocupaci\u00f3 m\u00e9s generalitzada \u00e9s com es garantir\u00e0 l\u2019acc\u00e9s als serveis d\u2019atenci\u00f3 a la SSiR perqu\u00e8 <strong>solen pensar que quedar\u00e0 rellevada a un segon terme.<\/strong> Temes com el part, el <span style=\"text-decoration: underline;\">seguiment de l\u2019embar\u00e0s, l\u2019acc\u00e9s a l\u2019avortament, a les proves d\u2019ITS i l\u2019anticoncepci\u00f3 d\u2019urg\u00e8ncia s\u00f3n els grans protagonistes.<\/span><\/p><p>En general\u00a0<strong>s\u2019expressa molta tristesa i neguit per l\u2019impacte que t\u00e9 la pand\u00e8mia en com ens relacionem amb les altres persone<\/strong>s, i en concret, les relacions afectivosexuals en un futur. Es vinculen les noves viv\u00e8ncies amb una\u00a0<strong>situaci\u00f3 de salut mental i emocional desmillorada.<\/strong><\/p><\/div>\n\t\t\t\t<\/div>\n\t\t\t\t<\/div>\n\t\t\t\t<div class=\"elementor-element elementor-element-392e939 elementor-align-left elementor-widget elementor-widget-button\" data-id=\"392e939\" data-element_type=\"widget\" data-widget_type=\"button.default\">\n\t\t\t\t<div class=\"elementor-widget-container\">\n\t\t\t\t\t<div class=\"elementor-button-wrapper\">\n\t\t\t<a href=\"https:\/\/drets-sexuals-i-reproductius.lassociacio.org\/enquesta\/\" class=\"elementor-button-link elementor-button elementor-size-sm\" role=\"button\">\n\t\t\t\t\t\t<span class=\"elementor-button-content-wrapper\">\n\t\t\t\t\t\t<span class=\"elementor-button-text\">M\u00e9s informaci\u00f3 sobre l'enquesta<\/span>\n\t\t<\/span>\n\t\t\t\t\t<\/a>\n\t\t<\/div>\n\t\t\t\t<\/div>\n\t\t\t\t<\/div>\n\t\t\t\t<div class=\"elementor-element elementor-element-7a3fe83 elementor-widget elementor-widget-spacer\" data-id=\"7a3fe83\" data-element_type=\"widget\" data-widget_type=\"spacer.default\">\n\t\t\t\t<div class=\"elementor-widget-container\">\n\t\t\t\t\t<div class=\"elementor-spacer\">\n\t\t\t<div class=\"elementor-spacer-inner\"><\/div>\n\t\t<\/div>\n\t\t\t\t<\/div>\n\t\t\t\t<\/div>\n\t\t\t\t\t\t<\/div>\n\t\t\t\t\t<\/div>\n\t\t<\/div>\n\t\t\t\t\t\t\t\t<\/div>\n\t\t\t\t\t<\/div>\n\t\t<\/section>\n\t\t\t\t\t\t<\/div>\n\t\t\t\t\t\t<\/div>\n\t\t\t\t\t<\/div>\n\t\t","protected":false},"excerpt":{"rendered":"<p>Enquesta: L\u2019efecte de la COVID-19 en la Salut Sexual i Reproductiva \u00a0 La situaci\u00f3 viscuda aquest 2020 ens ha portat a considerar la import\u00e0ncia d\u2019obtenir informaci\u00f3 directa de la ciutadania sobre com est\u00e0 impactant la crisi de la COVID-19 en els Drets Sexuals i Reproductius. Aix\u00ed doncs,\u00a0vam plantejar una enquesta\u00a0amb l\u2019objectiu de compilar informaci\u00f3 que [&hellip;]<\/p>\n","protected":false},"author":2,"featured_media":0,"parent":0,"menu_order":0,"comment_status":"closed","ping_status":"closed","template":"elementor_header_footer","meta":[],"_links":{"self":[{"href":"https:\/\/drets-sexuals-i-reproductius.lassociacio.org\/informe2020\/wp-json\/wp\/v2\/pages\/197"}],"collection":[{"href":"https:\/\/drets-sexuals-i-reproductius.lassociacio.org\/informe2020\/wp-json\/wp\/v2\/pages"}],"about":[{"href":"https:\/\/drets-sexuals-i-reproductius.lassociacio.org\/informe2020\/wp-json\/wp\/v2\/types\/page"}],"author":[{"embeddable":true,"href":"https:\/\/drets-sexuals-i-reproductius.lassociacio.org\/informe2020\/wp-json\/wp\/v2\/users\/2"}],"replies":[{"embeddable":true,"href":"https:\/\/drets-sexuals-i-reproductius.lassociacio.org\/informe2020\/wp-json\/wp\/v2\/comments?post=197"}],"version-history":[{"count":5,"href":"https:\/\/drets-sexuals-i-reproductius.lassociacio.org\/informe2020\/wp-json\/wp\/v2\/pages\/197\/revisions"}],"predecessor-version":[{"id":202,"href":"https:\/\/drets-sexuals-i-reproductius.lassociacio.org\/informe2020\/wp-json\/wp\/v2\/pages\/197\/revisions\/202"}],"wp:attachment":[{"href":"https:\/\/drets-sexuals-i-reproductius.lassociacio.org\/informe2020\/wp-json\/wp\/v2\/media?parent=197"}],"curies":[{"name":"wp","href":"https:\/\/api.w.org\/{rel}","templated":true}]}}