{"id":187,"date":"2020-12-06T18:12:31","date_gmt":"2020-12-06T18:12:31","guid":{"rendered":"https:\/\/drets-sexuals-i-reproductius.lassociacio.org\/informe2020\/?page_id=187"},"modified":"2020-12-06T18:17:30","modified_gmt":"2020-12-06T18:17:30","slug":"transformem","status":"publish","type":"page","link":"https:\/\/drets-sexuals-i-reproductius.lassociacio.org\/informe2020\/transformem\/","title":{"rendered":"Transformem"},"content":{"rendered":"\t\t<div data-elementor-type=\"wp-page\" data-elementor-id=\"187\" class=\"elementor elementor-187\" data-elementor-settings=\"[]\">\n\t\t\t\t\t\t<div class=\"elementor-inner\">\n\t\t\t\t\t\t\t<div class=\"elementor-section-wrap\">\n\t\t\t\t\t\t\t<section class=\"elementor-section elementor-top-section elementor-element elementor-element-19e92064 elementor-section-full_width elementor-section-height-min-height elementor-section-items-stretch elementor-section-height-default\" data-id=\"19e92064\" data-element_type=\"section\">\n\t\t\t\t\t\t<div class=\"elementor-container elementor-column-gap-default\">\n\t\t\t\t\t\t\t<div class=\"elementor-row\">\n\t\t\t\t\t<div class=\"elementor-column elementor-col-50 elementor-top-column elementor-element elementor-element-2ee458d4\" data-id=\"2ee458d4\" data-element_type=\"column\">\n\t\t\t<div class=\"elementor-column-wrap elementor-element-populated\">\n\t\t\t\t\t\t\t<div class=\"elementor-widget-wrap\">\n\t\t\t\t\t\t<div class=\"elementor-element elementor-element-9bad041 elementor-widget elementor-widget-spacer\" data-id=\"9bad041\" data-element_type=\"widget\" data-widget_type=\"spacer.default\">\n\t\t\t\t<div class=\"elementor-widget-container\">\n\t\t\t\t\t<div class=\"elementor-spacer\">\n\t\t\t<div class=\"elementor-spacer-inner\"><\/div>\n\t\t<\/div>\n\t\t\t\t<\/div>\n\t\t\t\t<\/div>\n\t\t\t\t<div class=\"elementor-element elementor-element-cc1c8fb elementor-widget elementor-widget-heading\" data-id=\"cc1c8fb\" data-element_type=\"widget\" data-widget_type=\"heading.default\">\n\t\t\t\t<div class=\"elementor-widget-container\">\n\t\t\t<h2 class=\"elementor-heading-title elementor-size-default\">Transformem<\/h2>\t\t<\/div>\n\t\t\t\t<\/div>\n\t\t\t\t<div class=\"elementor-element elementor-element-7b0cf773 elementor-widget elementor-widget-text-editor\" data-id=\"7b0cf773\" data-element_type=\"widget\" data-widget_type=\"text-editor.default\">\n\t\t\t\t<div class=\"elementor-widget-container\">\n\t\t\t\t\t<div class=\"elementor-text-editor elementor-clearfix\"><p>\u00a0<\/p><p>Aquest 2020 tan dif\u00edcil ha suposat un repte a l\u2019hora d\u2019implementar accions transformadores per a la garantia dels Drets Sexuals i Reproductius. Malgrat tot, no ens hem aturat i, treballant conjuntament amb professionals d\u2019ASSIR i del Departament de Salut, hem aconseguit que es permeti la <strong>derivaci\u00f3 virtual de l\u2019avortament<\/strong>, ampliant-ne l\u2019accessibilitat i reduint riscos d\u2019infecci\u00f3. Aquesta ha suposat una de les mesures de m\u00e9s \u00e8xit durant la pand\u00e8mia, a l\u2019Estat espanyol nom\u00e9s s\u2019ha dut a terme a Catalunya i a Gal\u00edcia.<\/p><p>Hem elaborat un <strong>posicionament sobre \u00abDrets Sexuals i Reproductius en Temps de COVID-19\u00bb<\/strong> traslladat a tots els espais d\u2019incid\u00e8ncia pol\u00edtica i fet p\u00fablic per diferents mitjans. L\u2019Intergrup de Drets Sexuals i Reproductius va presentar una <strong>Declaraci\u00f3 al Parlament de Catalunya<\/strong> basada en aquest posicionament i les seves demandes. Tamb\u00e9, l\u2019<strong>Ajuntament de Barcelona<\/strong> les va incorporar a les seves pol\u00edtiques municipals COVID-19.<\/p><p>Les campanyes de sensibilitzaci\u00f3 i reivindicaci\u00f3 ciutadana han estat constants, tenint en compte l\u2019impacte que aquesta pand\u00e8mia ha tingut sobre les dones i persones heterodissidents. Col\u00b7laborant amb altres entitats i fent-ne de pr\u00f2pies, com la del <strong>Dia Internacional per a la Salut de les Dones<\/strong>, hem situat al centre de l\u2019agenda la vulneraci\u00f3 dels DSiR. Hem refor\u00e7at aquesta idea en les aparicions a <strong>mitjans de comunicaci\u00f3, articles especialitzats, xerrades p\u00fabliques i formacions a professionals, com el Col\u00b7legi Oficial de Farmac\u00e8utics de Barcelona<\/strong>, on es va treballar espec\u00edficament l\u2019anticoncepci\u00f3 d\u2019urg\u00e8ncia.<\/p><p>Cal destacar la <strong>campanya informativa i d\u2019acompanyament<\/strong> en el procediment per a les dones que volen avortar passades les <strong>22 setmanes de gestaci\u00f3<\/strong>, que va sortir en diferents mitjans de comunicaci\u00f3 i est\u00e0 <strong><a href=\"https:\/\/lassociacio.org\/mes22\/\">disponible al web de L\u2019Associaci\u00f3<\/a><\/strong>.<\/p><\/div>\n\t\t\t\t<\/div>\n\t\t\t\t<\/div>\n\t\t\t\t<div class=\"elementor-element elementor-element-7a3fe83 elementor-widget elementor-widget-spacer\" data-id=\"7a3fe83\" data-element_type=\"widget\" data-widget_type=\"spacer.default\">\n\t\t\t\t<div class=\"elementor-widget-container\">\n\t\t\t\t\t<div class=\"elementor-spacer\">\n\t\t\t<div class=\"elementor-spacer-inner\"><\/div>\n\t\t<\/div>\n\t\t\t\t<\/div>\n\t\t\t\t<\/div>\n\t\t\t\t\t\t<\/div>\n\t\t\t\t\t<\/div>\n\t\t<\/div>\n\t\t\t\t<div class=\"elementor-column elementor-col-50 elementor-top-column elementor-element elementor-element-224a21e\" data-id=\"224a21e\" data-element_type=\"column\" data-settings=\"{&quot;background_background&quot;:&quot;classic&quot;}\">\n\t\t\t<div class=\"elementor-column-wrap elementor-element-populated\">\n\t\t\t\t\t\t\t<div class=\"elementor-widget-wrap\">\n\t\t\t\t\t\t<div class=\"elementor-element elementor-element-77b60268 elementor-widget elementor-widget-spacer\" data-id=\"77b60268\" data-element_type=\"widget\" data-widget_type=\"spacer.default\">\n\t\t\t\t<div class=\"elementor-widget-container\">\n\t\t\t\t\t<div class=\"elementor-spacer\">\n\t\t\t<div class=\"elementor-spacer-inner\"><\/div>\n\t\t<\/div>\n\t\t\t\t<\/div>\n\t\t\t\t<\/div>\n\t\t\t\t\t\t<\/div>\n\t\t\t\t\t<\/div>\n\t\t<\/div>\n\t\t\t\t\t\t\t\t<\/div>\n\t\t\t\t\t<\/div>\n\t\t<\/section>\n\t\t\t\t\t\t<\/div>\n\t\t\t\t\t\t<\/div>\n\t\t\t\t\t<\/div>\n\t\t","protected":false},"excerpt":{"rendered":"<p>Transformem \u00a0 Aquest 2020 tan dif\u00edcil ha suposat un repte a l\u2019hora d\u2019implementar accions transformadores per a la garantia dels Drets Sexuals i Reproductius. Malgrat tot, no ens hem aturat i, treballant conjuntament amb professionals d\u2019ASSIR i del Departament de Salut, hem aconseguit que es permeti la derivaci\u00f3 virtual de l\u2019avortament, ampliant-ne l\u2019accessibilitat i reduint [&hellip;]<\/p>\n","protected":false},"author":2,"featured_media":0,"parent":0,"menu_order":0,"comment_status":"closed","ping_status":"closed","template":"elementor_header_footer","meta":[],"_links":{"self":[{"href":"https:\/\/drets-sexuals-i-reproductius.lassociacio.org\/informe2020\/wp-json\/wp\/v2\/pages\/187"}],"collection":[{"href":"https:\/\/drets-sexuals-i-reproductius.lassociacio.org\/informe2020\/wp-json\/wp\/v2\/pages"}],"about":[{"href":"https:\/\/drets-sexuals-i-reproductius.lassociacio.org\/informe2020\/wp-json\/wp\/v2\/types\/page"}],"author":[{"embeddable":true,"href":"https:\/\/drets-sexuals-i-reproductius.lassociacio.org\/informe2020\/wp-json\/wp\/v2\/users\/2"}],"replies":[{"embeddable":true,"href":"https:\/\/drets-sexuals-i-reproductius.lassociacio.org\/informe2020\/wp-json\/wp\/v2\/comments?post=187"}],"version-history":[{"count":2,"href":"https:\/\/drets-sexuals-i-reproductius.lassociacio.org\/informe2020\/wp-json\/wp\/v2\/pages\/187\/revisions"}],"predecessor-version":[{"id":189,"href":"https:\/\/drets-sexuals-i-reproductius.lassociacio.org\/informe2020\/wp-json\/wp\/v2\/pages\/187\/revisions\/189"}],"wp:attachment":[{"href":"https:\/\/drets-sexuals-i-reproductius.lassociacio.org\/informe2020\/wp-json\/wp\/v2\/media?parent=187"}],"curies":[{"name":"wp","href":"https:\/\/api.w.org\/{rel}","templated":true}]}}