{"id":162,"date":"2020-12-06T17:01:50","date_gmt":"2020-12-06T17:01:50","guid":{"rendered":"https:\/\/drets-sexuals-i-reproductius.lassociacio.org\/informe2020\/?page_id=162"},"modified":"2021-02-04T11:17:11","modified_gmt":"2021-02-04T11:17:11","slug":"presentacio","status":"publish","type":"page","link":"https:\/\/drets-sexuals-i-reproductius.lassociacio.org\/informe2020\/presentacio\/","title":{"rendered":"Presentaci\u00f3"},"content":{"rendered":"\t\t<div data-elementor-type=\"wp-page\" data-elementor-id=\"162\" class=\"elementor elementor-162\" data-elementor-settings=\"[]\">\n\t\t\t\t\t\t<div class=\"elementor-inner\">\n\t\t\t\t\t\t\t<div class=\"elementor-section-wrap\">\n\t\t\t\t\t\t\t<section class=\"elementor-section elementor-top-section elementor-element elementor-element-19e92064 elementor-section-full_width elementor-section-height-min-height elementor-section-items-stretch elementor-section-height-default\" data-id=\"19e92064\" data-element_type=\"section\">\n\t\t\t\t\t\t<div class=\"elementor-container elementor-column-gap-default\">\n\t\t\t\t\t\t\t<div class=\"elementor-row\">\n\t\t\t\t\t<div class=\"elementor-column elementor-col-50 elementor-top-column elementor-element elementor-element-2ee458d4\" data-id=\"2ee458d4\" data-element_type=\"column\">\n\t\t\t<div class=\"elementor-column-wrap elementor-element-populated\">\n\t\t\t\t\t\t\t<div class=\"elementor-widget-wrap\">\n\t\t\t\t\t\t<div class=\"elementor-element elementor-element-9bad041 elementor-widget elementor-widget-spacer\" data-id=\"9bad041\" data-element_type=\"widget\" data-widget_type=\"spacer.default\">\n\t\t\t\t<div class=\"elementor-widget-container\">\n\t\t\t\t\t<div class=\"elementor-spacer\">\n\t\t\t<div class=\"elementor-spacer-inner\"><\/div>\n\t\t<\/div>\n\t\t\t\t<\/div>\n\t\t\t\t<\/div>\n\t\t\t\t<div class=\"elementor-element elementor-element-cc1c8fb elementor-widget elementor-widget-heading\" data-id=\"cc1c8fb\" data-element_type=\"widget\" data-widget_type=\"heading.default\">\n\t\t\t\t<div class=\"elementor-widget-container\">\n\t\t\t<h2 class=\"elementor-heading-title elementor-size-default\">Presentaci\u00f3<\/h2>\t\t<\/div>\n\t\t\t\t<\/div>\n\t\t\t\t<div class=\"elementor-element elementor-element-7b0cf773 elementor-widget elementor-widget-text-editor\" data-id=\"7b0cf773\" data-element_type=\"widget\" data-widget_type=\"text-editor.default\">\n\t\t\t\t<div class=\"elementor-widget-container\">\n\t\t\t\t\t<div class=\"elementor-text-editor elementor-clearfix\"><p class=\"p1\"><br><\/p><p class=\"p1\">Aquest \u00e9s el segon any que, des de L\u2019Observatori de Drets Sexuals i Reproductius, s\u2019ha elaborat un informe espec\u00edfic sobre l\u2019estat d\u2019aquests drets a Catalunya. <strong>En un temps de crisi sanit\u00e0ria, econ\u00f2mica, social i pol\u00edtica com el que vivim, els Drets Sexuals i Reproductius han rebut l\u2019impacte frontal dels greuges que se\u2019n deriven.<\/strong> Aix\u00ed doncs, presentem aquest nou informe constru\u00eft des dels feminismes interseccionals com una cartografia formada per les den\u00fancies de la pr\u00f2pia ciutadania que situa les mancances m\u00e9s greus en l\u2019actualitat.<\/p>\n<p><strong>Durant el 2020 s\u2019han rebut un centenar de den\u00fancies, generalment de la prov\u00edncia de Barcelona i fetes per dones cis d\u2019edats entre els 14 i els 57 anys.<\/strong> La majoria de den\u00fancies solen narrar la <span style=\"text-decoration: underline;\">carrera d\u2019obstacles que han hagut de salvar, durant el per\u00edode de confinament, sobretot per avortar, accedir a serveis sense targeta sanit\u00e0ria, accedir a l\u2019anticoncepci\u00f3 d\u2019urg\u00e8ncia, a la reproducci\u00f3 assistida i reporten, tamb\u00e9, casos de viol\u00e8ncia obst\u00e8trica durant el seguiment de l\u2019embar\u00e0s i el part.<\/span> La sind\u00e8mia de la COVID-19 ha posat en una situaci\u00f3 l\u00edmit el sistema de salut a Catalunya i els seus serveis han quedat afectats de forma important. Tant \u00e9s aix\u00ed que, la majoria de les den\u00fancies a L\u2019Observatori estan vinculades a l\u2019\u00e0mbit sanitari: CAP, Hospitals, ASSIR i, fins i tot, farm\u00e0cies.<\/p>\n<p>L\u2019objecci\u00f3 de consci\u00e8ncia en l\u2019acc\u00e9s a l\u2019avortament; les dificultats del comit\u00e8 cl\u00ednic per avortar m\u00e9s enll\u00e0 de les 22 setmanes de gestaci\u00f3; la desinformaci\u00f3 professional amb frases com \u201ca partir de les 14 setmanes no es pot avortar\u201do \u201camb la COVID est\u00e0 prohibit\u201d; informar nom\u00e9s sobre el farmacol\u00f2gic, entre altres, aix\u00ed com la manca d\u2019informaci\u00f3 vera\u00e7 i inaccessibilitat a l\u2019anticoncepci\u00f3 d\u2019emerg\u00e8ncia s\u00f3n exemples clars que, malgrat tot, <strong>cap d\u2019aquestes barreres no han aparegut a causa de la sind\u00e8mia sin\u00f3 que s\u2019han agreujat de forma exponencial les situacions que ja estaven identificades anteriorment i suposaven vulneracions clares dels Drets Sexuals i Reproductius.<\/strong><\/p><\/div>\n\t\t\t\t<\/div>\n\t\t\t\t<\/div>\n\t\t\t\t<div class=\"elementor-element elementor-element-7a3fe83 elementor-widget elementor-widget-spacer\" data-id=\"7a3fe83\" data-element_type=\"widget\" data-widget_type=\"spacer.default\">\n\t\t\t\t<div class=\"elementor-widget-container\">\n\t\t\t\t\t<div class=\"elementor-spacer\">\n\t\t\t<div class=\"elementor-spacer-inner\"><\/div>\n\t\t<\/div>\n\t\t\t\t<\/div>\n\t\t\t\t<\/div>\n\t\t\t\t\t\t<\/div>\n\t\t\t\t\t<\/div>\n\t\t<\/div>\n\t\t\t\t<div class=\"elementor-column elementor-col-50 elementor-top-column elementor-element elementor-element-224a21e\" data-id=\"224a21e\" data-element_type=\"column\" data-settings=\"{&quot;background_background&quot;:&quot;classic&quot;}\">\n\t\t\t<div class=\"elementor-column-wrap elementor-element-populated\">\n\t\t\t\t\t\t\t<div class=\"elementor-widget-wrap\">\n\t\t\t\t\t\t<div class=\"elementor-element elementor-element-77b60268 elementor-widget elementor-widget-spacer\" data-id=\"77b60268\" data-element_type=\"widget\" data-widget_type=\"spacer.default\">\n\t\t\t\t<div class=\"elementor-widget-container\">\n\t\t\t\t\t<div class=\"elementor-spacer\">\n\t\t\t<div class=\"elementor-spacer-inner\"><\/div>\n\t\t<\/div>\n\t\t\t\t<\/div>\n\t\t\t\t<\/div>\n\t\t\t\t\t\t<\/div>\n\t\t\t\t\t<\/div>\n\t\t<\/div>\n\t\t\t\t\t\t\t\t<\/div>\n\t\t\t\t\t<\/div>\n\t\t<\/section>\n\t\t\t\t\t\t<\/div>\n\t\t\t\t\t\t<\/div>\n\t\t\t\t\t<\/div>\n\t\t","protected":false},"excerpt":{"rendered":"<p>Presentaci\u00f3 Aquest \u00e9s el segon any que, des de L\u2019Observatori de Drets Sexuals i Reproductius, s\u2019ha elaborat un informe espec\u00edfic sobre l\u2019estat d\u2019aquests drets a Catalunya. En un temps de crisi sanit\u00e0ria, econ\u00f2mica, social i pol\u00edtica com el que vivim, els Drets Sexuals i Reproductius han rebut l\u2019impacte frontal dels greuges que se\u2019n deriven. Aix\u00ed [&hellip;]<\/p>\n","protected":false},"author":2,"featured_media":0,"parent":0,"menu_order":0,"comment_status":"closed","ping_status":"closed","template":"elementor_header_footer","meta":[],"_links":{"self":[{"href":"https:\/\/drets-sexuals-i-reproductius.lassociacio.org\/informe2020\/wp-json\/wp\/v2\/pages\/162"}],"collection":[{"href":"https:\/\/drets-sexuals-i-reproductius.lassociacio.org\/informe2020\/wp-json\/wp\/v2\/pages"}],"about":[{"href":"https:\/\/drets-sexuals-i-reproductius.lassociacio.org\/informe2020\/wp-json\/wp\/v2\/types\/page"}],"author":[{"embeddable":true,"href":"https:\/\/drets-sexuals-i-reproductius.lassociacio.org\/informe2020\/wp-json\/wp\/v2\/users\/2"}],"replies":[{"embeddable":true,"href":"https:\/\/drets-sexuals-i-reproductius.lassociacio.org\/informe2020\/wp-json\/wp\/v2\/comments?post=162"}],"version-history":[{"count":11,"href":"https:\/\/drets-sexuals-i-reproductius.lassociacio.org\/informe2020\/wp-json\/wp\/v2\/pages\/162\/revisions"}],"predecessor-version":[{"id":319,"href":"https:\/\/drets-sexuals-i-reproductius.lassociacio.org\/informe2020\/wp-json\/wp\/v2\/pages\/162\/revisions\/319"}],"wp:attachment":[{"href":"https:\/\/drets-sexuals-i-reproductius.lassociacio.org\/informe2020\/wp-json\/wp\/v2\/media?parent=162"}],"curies":[{"name":"wp","href":"https:\/\/api.w.org\/{rel}","templated":true}]}}